{"id":23,"date":"2015-06-29T13:44:14","date_gmt":"2015-06-29T12:44:14","guid":{"rendered":"https:\/\/apps.atilf.fr\/homepages\/?page_id=23"},"modified":"2026-04-08T12:51:11","modified_gmt":"2026-04-08T11:51:11","slug":"cv","status":"publish","type":"page","link":"https:\/\/perso.atilf.fr\/ajingand\/cv\/","title":{"rendered":"Formation &amp; parcours professionnel"},"content":{"rendered":"<h2><a name=\"_Toc189493680\"><\/a><a name=\"_Toc161653495\"><\/a>Dipl\u00f4mes universitaires<\/h2>\n<p>2022 : Doctorat en Sciences du langage \u00e0 l\u2019Universit\u00e9 de Strasbourg, mention linguistique.<\/p>\n<p><strong><em>Titre\u00a0:<\/em><\/strong><em> Repr\u00e9sentations linguistiques dans des \u0153uvres dystopiques modernes\u00a0: une analyse sociolinguistique.<\/em><\/p>\n<p><strong>Directrice<\/strong>\u00a0: Odile Schneider-Mizony (Universit\u00e9 de Strasbourg)<\/p>\n<p><strong>Membres du jury de th\u00e8se<\/strong>\u00a0: Philippe Clermont (Universit\u00e9 de Strasbourg), Dominique Huck (Universit\u00e9 de Strasbourg), Anne Larrory-Wunder (Universit\u00e9 de Sorbonne Nouvelle), Emmanuelle Prak-Derrington (\u00e9cole Normale Sup\u00e9rieure de Lyon), Judith Visser (Universit\u00e9 de Bochum).<a href=\"#_ftn1\" name=\"_ftnref1\"><sup>[1]<\/sup><\/a><\/p>\n<p>&nbsp;<\/p>\n<p>2016\u00a0: Master \u00ab\u00a0Plurilinguisme et interculturalit\u00e9, parcours contact de langues\u00a0et de cultures \u00bb \u00e0 l\u2019Universit\u00e9 de Strasbourg, mention Tr\u00e8s Bien<\/p>\n<p><strong><em>Titre\u00a0: <\/em><\/strong>1984<em> de George Orwell\u00a0: la langue en r\u00e9gime totalitaire<\/em> (note\u00a0: 17\/20)<\/p>\n<p><strong>Directrice\u00a0: <\/strong>Odile Schneider-Mizony (Universit\u00e9 de Strasbourg)<\/p>\n<p><strong>Membres du jury\u00a0: <\/strong>Ghislain Potriquet (section 11), Irini Tsamadou-Jacoberger (section 7)<\/p>\n<p>&nbsp;<\/p>\n<p>2014\u00a0: Bi-licence franco-allemande en LLCE Allemand-Lettres Modernes obtenue conjointement \u00e0 l\u2019Universit\u00e9 Paris-Sorbonne et l\u2019Universit\u00e9 de Bonn et en partenariat avec l\u2019Universit\u00e9 Franco-Allemande, mention Assez Bien<\/p>\n<h2><a name=\"_Toc189493681\"><\/a><a name=\"_Toc161653496\"><\/a>Certifications<\/h2>\n<p>2026 : Qualification aux fonctions de Ma\u00eetresse de Conf\u00e9rences par le CNU, section 7 : Sciences du langage<\/p>\n<p>2023\u00a0: Qualification aux fonctions de Ma\u00eetresse de Conf\u00e9rences par le CNU, section 12\u00a0: Langues et Litt\u00e9ratures germaniques et scandinaves<\/p>\n<p>2022\u00a0: CAPES externe d\u2019allemand (rang\u00a0: 17\/60)<\/p>\n<p>2021 : Habilitation \u00e0 faire passer la certification B1 de la KultusMinister Konferenz (KMK)<\/p>\n<h2><a name=\"_Toc189493682\"><\/a><a name=\"_Toc161653497\"><\/a><a name=\"_Toc161058485\"><\/a>Langues<\/h2>\n<table>\n<tbody>\n<tr>\n<td width=\"350\">Fran\u00e7ais\u00a0: langue premi\u00e8re<\/td>\n<td width=\"293\">Anglais\u00a0: C1<\/td>\n<\/tr>\n<tr>\n<td width=\"350\">Allemand\u00a0: C2<\/td>\n<td width=\"293\">Portugais\u00a0: A2<\/td>\n<\/tr>\n<\/tbody>\n<\/table>\n<h2><a name=\"_Toc189493683\"><\/a><a name=\"_Toc161653498\"><\/a><a name=\"_Toc161058486\"><\/a>Comp\u00e9tences num\u00e9riques scientifiques<\/h2>\n<table width=\"629\">\n<tbody>\n<tr>\n<td width=\"314\">\n<p style=\"text-align: center\"><strong>Traitement de texte et des donn\u00e9es<\/strong><\/p>\n<p style=\"text-align: center\">Suite Office (Word, PowerPoint, Excel)<\/p>\n<\/td>\n<td width=\"314\">\n<p style=\"text-align: center\"><strong>Plateformes \u00e0 usage didactique<\/strong><\/p>\n<p style=\"text-align: center\">Moodle, Mahara<\/p>\n<\/td>\n<\/tr>\n<tr>\n<td width=\"314\">\n<p style=\"text-align: center\"><strong>Logiciels d\u2019analyse de corpus quantitative<\/strong><\/p>\n<p style=\"text-align: center\">TXM, AntConC, Lexicoscope<\/p>\n<\/td>\n<td width=\"314\">\n<p style=\"text-align: center\"><strong>Logiciels d\u2019analyse de corpus qualitative<\/strong><\/p>\n<p style=\"text-align: center\">Atlas.ti, MaxQDA<\/p>\n<\/td>\n<\/tr>\n<tr>\n<td width=\"314\">\n<p style=\"text-align: center\"><strong>Logiciel d\u2019annotation audiovisuelle<\/strong><\/p>\n<p style=\"text-align: center\">ELAN<\/p>\n<\/td>\n<td width=\"314\">\n<p style=\"text-align: center\"><strong>Logiciel de gestion bibliographique<\/strong><\/p>\n<p style=\"text-align: center\">Zotero<\/p>\n<\/td>\n<\/tr>\n<\/tbody>\n<\/table>\n<h2><a name=\"_Toc189493684\"><\/a><a name=\"_Toc161653499\"><\/a><a name=\"_Toc161058487\"><\/a>Exp\u00e9riences professionnelles<\/h2>\n<p>2025-2026 (1 an) : <strong>Attach\u00e9e Temporaire d\u2019Enseignement et de Recherche<\/strong> \u00e0 l\u2019Institut national sup\u00e9rieur du professorat et de l\u2019\u00e9ducation (Insp\u00e9) de l\u2019Universit\u00e9 de Lorraine (Nancy)<\/p>\n<p>2024-2025 (15 mois) : <strong>Chercheuse postdoctorante en phras\u00e9ologie contrastive fran\u00e7ais-allemand <\/strong>\u00e0 l\u2019ATILF dans le cadre du projet ANR PREFAB (Nancy)<\/p>\n<p>2023 \u2013 2024\u00a0(1 an)\u00a0: <strong>Attach\u00e9e Temporaire d\u2019Enseignement et de Recherche<\/strong> \u00e0 l\u2019Institut national sup\u00e9rieur du professorat et de l\u2019\u00e9ducation (Insp\u00e9) de l\u2019Universit\u00e9 de Lorraine (Nancy)<\/p>\n<p>2022 \u2013 2023\u00a0(1 an) : <strong>Attach\u00e9e Temporaire d\u2019Enseignement et de Recherche<\/strong> au d\u00e9partement des Langues \u00c9trang\u00e8res Appliqu\u00e9es en allemand de l\u2019Universit\u00e9 de Bretagne Sud (Lorient)<\/p>\n<p>13\/05\/2022\u00a0: <strong>Interpr\u00e8te <\/strong>fran\u00e7ais-allemand \u00e0 une journ\u00e9e d\u2019\u00e9tude de droit priv\u00e9 assur\u00e9e par le haut-commissaire de Hambourg \u00e0 destination d\u2019\u00e9tudiants en DU droit priv\u00e9 (Nancy)<\/p>\n<p>2021 \u2013 2022 (1 an)\u00a0: <strong>Attach\u00e9e Temporaire d\u2019Enseignement et de Recherche<\/strong> au d\u00e9partement d\u2019allemand de l\u2019Universit\u00e9 de Lorraine (Nancy)<\/p>\n<p>2017 \u2013 2021 (4 ans)\u00a0: <strong>Attach\u00e9e Temporaire de Vacation<\/strong> \u00e0 l\u2019Universit\u00e9 de Strasbourg en allemand et m\u00e9thodologie de la recherche<\/p>\n<p>2019 \u2013 2021\u00a0(2 ans) : <strong>Enseignante contractuelle<\/strong> d\u2019allemand, coll\u00e8ges et lyc\u00e9es (tous les niveaux) \u2013 Acad\u00e9mie de Strasbourg<\/p>\n<p>2017 \u2013 2019\u00a0(2 ans) : <strong>Enseignante contractuelle<\/strong> d\u2019allemand, coll\u00e8ges et lyc\u00e9es (tous les niveaux) \u2013 Acad\u00e9mie de Nancy-Metz<\/p>\n<p>2017 &#8211; 2018\u00a0(1 an) : <strong>Cheffe d\u2019\u00e9quipe des m\u00e9diateurs\u00b7rices culturel\u00b7le\u00b7<\/strong><strong>s<\/strong> au Parlement Europ\u00e9en de Strasbourg\u00a0: visites guid\u00e9es en allemand, anglais, fran\u00e7ais, gestion de l\u2019\u00e9quipe, accueil des visiteurs<\/p>\n<p>&nbsp;<\/p>\n<h2><a name=\"_Toc189493705\"><\/a><a name=\"_Toc161653522\"><\/a>Distinctions<\/h2>\n<p>2025 : Class\u00e9e 2<sup>eme<\/sup> au concours de ma\u00eetre de conf\u00e9rences (Section 7, Didactique des langues, didactique des cultures, formation des enseignant\u00b7es), Institut National Sup\u00e9rieur du Professorat et de l\u2019\u00e9ducation de Toulouse Occitanie-Pyr\u00e9n\u00e9es<\/p>\n<p>2024\u00a0: Class\u00e9e 2<sup>eme<\/sup> au concours de ma\u00eetre de conf\u00e9rences (Section 7, Interculturalit\u00e9 et plurilinguisme), Institut National Sup\u00e9rieur du Professorat et de l\u2019\u00e9ducation de Lille<\/p>\n<p>2018\u00a0: 1<sup>er<\/sup> prix de communication scientifique au colloque international VOCUM, re\u00e7u le 24\/11\/18<\/p>\n<p>&nbsp;<\/p>\n<p><a href=\"#_ftnref1\" name=\"_ftn1\">[1]<\/a> Depuis 2009, l\u2019Universit\u00e9 de Strasbourg n\u2019attribue plus de mention.<\/p>\n<p>&nbsp;<\/p>\n<p>&nbsp;<\/p>\n","protected":false},"excerpt":{"rendered":"<p>Dipl\u00f4mes universitaires 2022 : Doctorat en Sciences du langage \u00e0 l\u2019Universit\u00e9 de Strasbourg, mention linguistique. Titre\u00a0: Repr\u00e9sentations linguistiques dans des \u0153uvres dystopiques modernes\u00a0: une analyse sociolinguistique. Directrice\u00a0: Odile Schneider-Mizony (Universit\u00e9 de Strasbourg) Membres du jury de th\u00e8se\u00a0: Philippe Clermont (Universit\u00e9 de Strasbourg), Dominique Huck (Universit\u00e9 de Strasbourg), Anne Larrory-Wunder (Universit\u00e9 de Sorbonne Nouvelle), Emmanuelle Prak-Derrington [&hellip;]<\/p>\n","protected":false},"author":1,"featured_media":0,"parent":0,"menu_order":0,"comment_status":"closed","ping_status":"closed","template":"","meta":{"footnotes":""},"class_list":["post-23","page","type-page","status-publish","hentry"],"_links":{"self":[{"href":"https:\/\/perso.atilf.fr\/ajingand\/wp-json\/wp\/v2\/pages\/23","targetHints":{"allow":["GET"]}}],"collection":[{"href":"https:\/\/perso.atilf.fr\/ajingand\/wp-json\/wp\/v2\/pages"}],"about":[{"href":"https:\/\/perso.atilf.fr\/ajingand\/wp-json\/wp\/v2\/types\/page"}],"author":[{"embeddable":true,"href":"https:\/\/perso.atilf.fr\/ajingand\/wp-json\/wp\/v2\/users\/1"}],"replies":[{"embeddable":true,"href":"https:\/\/perso.atilf.fr\/ajingand\/wp-json\/wp\/v2\/comments?post=23"}],"version-history":[{"count":13,"href":"https:\/\/perso.atilf.fr\/ajingand\/wp-json\/wp\/v2\/pages\/23\/revisions"}],"predecessor-version":[{"id":419,"href":"https:\/\/perso.atilf.fr\/ajingand\/wp-json\/wp\/v2\/pages\/23\/revisions\/419"}],"wp:attachment":[{"href":"https:\/\/perso.atilf.fr\/ajingand\/wp-json\/wp\/v2\/media?parent=23"}],"curies":[{"name":"wp","href":"https:\/\/api.w.org\/{rel}","templated":true}]}}