{"id":23,"date":"2015-06-29T13:44:14","date_gmt":"2015-06-29T12:44:14","guid":{"rendered":"https:\/\/apps.atilf.fr\/homepages\/apotheloz\/?page_id=23"},"modified":"2026-03-12T10:31:34","modified_gmt":"2026-03-12T09:31:34","slug":"cv","status":"publish","type":"page","link":"https:\/\/perso.atilf.fr\/apotheloz\/cv\/","title":{"rendered":"cv"},"content":{"rendered":"<h6 style=\"text-align: center\"><strong>Denis Apoth\u00e9loz, prof.<\/strong><\/h6>\n<h6 style=\"text-align: center\">Universit\u00e9 de Lorraine<br \/>\nATILF (UMR 7118, CNRS et Universit\u00e9 de Lorraine)<\/h6>\n<h6 style=\"text-align: center\">Identifiant ORCID: <a href=\"https:\/\/orcid.org\/0000-0002-1332-8561\" target=\"_blank\" rel=\"noopener\">0000-0002-1332-8561<\/a><\/h6>\n<p>&nbsp;<\/p>\n<h6><\/h6>\n<h6 style=\"text-align: center\"><strong>CURRICULUM VITAE<\/strong><\/h6>\n<h6><\/h6>\n<h5><u>Dipl\u00f4mes<\/u><\/h5>\n<h6>\u2013 Licence et Ma\u00eetrise \u00e8s Lettres, Universit\u00e9 de Neuch\u00e2tel (1977).<br \/>\nM\u00e9moire de ma\u00eetrise en linguistique, sous la dir. du Prof. E. Roulet. Titre du m\u00e9moire: <em>Pr\u00e9supposition et syntaxe de l\u2019adjectif<\/em>.<\/h6>\n<h6>\u2013 Doctorat \u00e8s Lettres, Universit\u00e9 de Neuch\u00e2tel (1994). Sous la direction des Prof. J.-B. Grize et C. Rubattel.<br \/>\nTitre de la th\u00e8se: <em>R\u00f4le et fonctionnement de l\u2019anaphore dans la dynamique textuelle.<\/em> Publi\u00e9e en 1995 aux \u00e9ditions Droz, Gen\u00e8ve.<\/h6>\n<p>&nbsp;<\/p>\n<h5><u>Postes<\/u><\/h5>\n<h6>\u2013 Professeur \u00e9m\u00e9rite, Universit\u00e9 de Lorraine &amp; ATILF (2019\u2013)<br \/>\n\u2013 Professeur en Sciences du langage \u00e0 l\u2019Universit\u00e9 de Nancy 2 \/ Universit\u00e9 de Lorraine (2000-2019).<br \/>\n\u2013 Professeur associ\u00e9 \u00e0 l\u2019Universit\u00e9 Jagellonne, Cracovie (1999).<br \/>\n\u2013 Professeur associ\u00e9 \u00e0 l\u2019Ecole Normale Sup\u00e9rieure, Cracovie (1999).<br \/>\n\u2013 Charg\u00e9 de cours:<br \/>\n\u2022 \u00e0 l\u2019Institut d\u2019\u00c9tudes fran\u00e7aises et francophones de l\u2019Universit\u00e9 de B\u00e2le (2011)<br \/>\n\u2022 \u00e0 l\u2019Institut de linguistique de l\u2019Universit\u00e9 de Neuch\u00e2tel (2000)<br \/>\n\u2022 au S\u00e9minaire des langues romanes, Universit\u00e9 de Neuch\u00e2tel (1998-1999)<br \/>\n\u2022 au Romanisches Seminar, Universit\u00e9 de Berne (1997)<br \/>\n\u2022 au Cours pour la Formation d\u2019Orthophonistes, Universit\u00e9 de Neuch\u00e2tel (1995-1996)<br \/>\n\u2022 au S\u00e9minaire de linguistique fran\u00e7aise de l\u2019Universit\u00e9 de Fribourg (1990-1991)<\/h6>\n<h6>\u2013 Collaborateur scientifique FNRS au S\u00e9minaire de linguistique fran\u00e7aise de l\u2019Universit\u00e9 de Fribourg (1991-2000)<br \/>\n\u2013 Ma\u00eetre-assistant au S\u00e9minaire de linguistique fran\u00e7aise de l\u2019Universit\u00e9 de Fribourg (1995-2000)<br \/>\n\u2013 Collaborateur scientifique FNRS au Centre de Recherches S\u00e9miologiques de l\u2019Universit\u00e9 de Neuch\u00e2tel (1981-1990).<br \/>\n\u2013 Assistant au Centre de linguistique appliqu\u00e9e, puis au S\u00e9minaire de linguistique et d\u2019orientalisme de l\u2019Universit\u00e9 de Neuch\u00e2tel (1978-1981).<\/h6>\n<h5><a href=\"https:\/\/perso.atilf.fr\/apotheloz\/publications\/\" target=\"_blank\" rel=\"noopener\">Liste des publications (lien)<\/a><\/h5>\n<h5><u><br \/>\nOrganisations de colloques<\/u><\/h5>\n<h6>\u2013 Comit\u00e9 d&rsquo;organisation du colloque international \u201cNouveaux regards sur la norme\u201d, Fribourg (CH), 4-6 juin 2025.<\/h6>\n<h6>\u2013 Organisation de Journ\u00e9es d&rsquo;\u00e9tude sur le th\u00e8me \u201cAspect lexical et aspect grammatical \u2013 Approches contrastives\u201d, Nancy,\u00a026-27 mai 2015\u00a0(en collab. avec l&rsquo;Universit\u00e9 P\u00e9dagogique de Cracovie).<\/h6>\n<h6>\u2013 Organisation d&rsquo;une Journ\u00e9e d&rsquo;\u00e9tude sur le th\u00e8me \u201cDe la phrase au texte\u201d, Nancy, 16 juin 2011\u00a0(en collab. avec l&rsquo;Universit\u00e9 de B\u00e2le).<\/h6>\n<h6><u><\/u>\u2013 Organisation d\u2019une Journ\u00e9e pour l\u2019association CONSCILA (Confrontation en Sciences du Langage), sur le th\u00e8me: \u201cS\u00e9quentialit\u00e9 et mouvements dans le discours: Quelles unit\u00e9s? quelles port\u00e9es? quels marqueurs?\u201d. Paris, 16 juin 2006.<br \/>\nEn collab. avec Anne Grobet et S. Pekarek Doehler. Conf\u00e9renciers invit\u00e9s: P. Auer, A. Berrendonner, B. Combettes, A. Lacheret, G. Mueller Blaser.<br \/>\nPubli\u00e9 dans les <em>Cahiers de prax\u00e9matique<\/em>, no 48, 2007.<\/h6>\n<h6>\u2013 Organisation d\u2019un colloque international sur le th\u00e8me \u201cLes linguistiques du d\u00e9tachement\u201d, Nancy, 7-9 juin 2006. En collaboration avec B. Combettes et F. Neveu.<br \/>\nPubli\u00e9 aux Editions Peter Lang, Berne, 2009.<\/h6>\n<h6>\u2013 Organisation de Journ\u00e9es d&rsquo;\u00e9tude sur le th\u00e8me \u201cAspect lexical et aspect grammatical \u2013 Approches contrastives\u201d, Nancy, 3-4 oct. 2008\u00a0(en collab. avec l&rsquo;Universit\u00e9 P\u00e9dagogique de Cracovie).<\/h6>\n<h6>\u2013 Organisation de Journ\u00e9es d&rsquo;\u00e9tude sur le th\u00e8me \u201cS\u00e9mantique temporelle et aspectuelle du fran\u00e7ais et du polonais\u201d, Nancy, 7-8 sept. 2007 (en collab. avec l&rsquo;Universit\u00e9 P\u00e9dagogique de Cracovie).<\/h6>\n<h6>\u2013 Organisation d\u2019une Journ\u00e9e pour l\u2019association CONSCILA (Confrontation en Sciences du Langage), sur le th\u00e8me \u201cCompositionnalit\u00e9 et calcul en morphologie\u201d. Paris, 26 mars 2004. En collab. avec G. Boy\u00e9. Conf\u00e9renciers invit\u00e9s: J.-Ph. Babin, B. Fradin, F. Kerleroux, M. Kilani-Schoch, M. Roch\u00e9.<br \/>\nPubli\u00e9 dans <em>Verbum<\/em>, 26, 2004, no 4.<\/h6>\n<h5><u><br \/>\nConf\u00e9rences et principales participations \u00e0 des colloques<\/u><\/h5>\n<h6><strong>2025<\/strong><\/h6>\n<h6>\u2013 Journ\u00e9es d\u2019\u00e9tudes \u00abAspect lexical et aspect grammatical: approches contrastives\u00bb. ATILF &amp; Universit\u00e9 de Lorraine, 20-21 nov. 2025.<br \/>\nCommunication intitul\u00e9e: Composition, surcomposition, hypercomposition: multiplicit\u00e9 des formes et des homonymies.<\/h6>\n<h6><strong>2024<\/strong><\/h6>\n<h6>\u2013 Journ\u00e9e d\u2019\u00e9tude CONSCILA \u00abCat\u00e9gories et reconfigurations cat\u00e9gorielles\u00bb, autour de l\u2019<em>Encyclop\u00e9die grammaticale du fran\u00e7ais<\/em> (EGF). Paris, 26 janv. 2024.<br \/>\nPr\u00e9sentation de l\u2019EGF (avec M.-J. B\u00e9guelin).<\/h6>\n<h6><strong>2023<\/strong><\/h6>\n<h6>\u2013 Journ\u00e9es d&rsquo;\u00e9tudes \u00abAspect lexical et aspect grammatical: approches contrastives\u00bb. ATILF &amp; Universit\u00e9 de Lorraine, 12-13 oct. 2023.<br \/>\nCommunication intitul\u00e9e: De quelques emplois r\u00e9calcitrants du plus-que-parfait.<\/h6>\n<h6>\u2013 \u00abArchitecture du texte\u00bb. 8e colloque du Groupe d&rsquo;\u00e9tudes en linguistique textuelle contrastive langues slaves \u2013 langues romanes (GELiTeC). Procida (Italie), 18-20 mai 2023.<br \/>\nCommunication intitul\u00e9e: La traduction du futur ant\u00e9rieur fran\u00e7ais en polonais. (Avec M. Nowakowska)<\/h6>\n<h6><strong>2022<\/strong><\/h6>\n<h6>\u2013 Journ\u00e9es d&rsquo;\u00e9tudes \u00abDe la forme et du sens en modulations linguistiques\u00bb, en hommage \u00e0 Annie Kuyumcuyan. Universit\u00e9 de Strasbourg, 27-28 oct. 2022.<br \/>\nCommunication intitul\u00e9e: \u00c0 propos de quelques constructions entre syntaxe et discours. Publi\u00e9.<\/h6>\n<h6><strong>2021<\/strong><\/h6>\n<h6>\u2013 Colloque-atelier international \u00abStructures verbales, structures d\u2019\u00e9nonc\u00e9\u00bb organis\u00e9 par l&rsquo;Encyclop\u00e9die Grammaticale du Fran\u00e7ais. Fribourg, 15-16 juin 2021.<br \/>\nCommunication intitul\u00e9e : \u00c0 propos des notices EGF sur les temps verbaux.<\/h6>\n<h6>\u2013 Colloque \u00abNouvelles perspectives sur l&rsquo;aspect: du \u201cmod\u00e8le slave\u201d vers les autres langues\u00bb. Paris: 8-10 avril 2021.<br \/>\nCommunication intitul\u00e9e: La factualit\u00e9 en polonais et en fran\u00e7ais. (Avec M. Nowakowska)<\/h6>\n<h6><strong>2019<\/strong><\/h6>\n<h6>\u2013\u00a0Conf\u00e9rencier invit\u00e9 dans le cadre des s\u00e9minaires du laboratoire CLLE-ERSS, Universit\u00e9 Bordeaux-Montaigne, 16 mai 2019.<br \/>\nExpos\u00e9 intitul\u00e9: Les formes verbales surcompos\u00e9es en fran\u00e7ais.<\/h6>\n<h6><strong>2018<\/strong><\/h6>\n<h6>\u2013\u00a0Journ\u00e9es d\u2019\u00e9tude \u00abAspect lexical et aspect grammatical: approches contrastives\u00bb. Universit\u00e9 de Fribourg, 7-8 juin 2018.<br \/>\nCommunication intitul\u00e9e: A propos d&rsquo;un conflit aspectuo-temporel engendr\u00e9 par certains usages du pass\u00e9 compos\u00e9.<\/h6>\n<h6>\u2013 CHRONOS-13: International Conference on Tense, Aspect, Modality and Evidentiality. Universit\u00e9 de Neuch\u00e2tel, 4-6 juin 2018.<br \/>\nCommunication intitul\u00e9e: La traduction du pass\u00e9 prospectif fran\u00e7ais en polonais. (Avec M. Nowakowska). Publi\u00e9.<\/h6>\n<h6><strong>2017<\/strong><\/h6>\n<h6>\u2013 Colloque\u00a0\u00abAutour de <em>L&rsquo;Etranger<\/em> de Camus et de ses traductions: approches linguistiques des questions de temps, d&rsquo;aspect, de modalit\u00e9 et d&rsquo;\u00e9videntialit\u00e9\u00bb, Universit\u00e9 Paris 3 et INALCO, 16-17 nov. 2017.<br \/>\nExpos\u00e9 intitul\u00e9: De quelques conflits aspectuo-temporels engendr\u00e9s par l&rsquo;usage syst\u00e9matique du pass\u00e9 compos\u00e9 dans<em> L&rsquo;Etranger<\/em>. Publi\u00e9.<\/h6>\n<h6>\u2013 Conf\u00e9rencier invit\u00e9 par \u00a0la Section de fran\u00e7ais de l&rsquo;Universit\u00e9 de Lausanne, 11 oct. 2017.<br \/>\nConf\u00e9rence intitul\u00e9e: L&rsquo;opacit\u00e9 et le discours indirect libre.<\/h6>\n<h6>\u2013 Colloque international\u00a0\u00abLe pass\u00e9 et le pr\u00e9sent: rencontre des id\u00e9es\u00bb, 125e anniversaire de la philologie romane \u00e0 Cracovie, Universit\u00e9 Jagellonne, 29-30 mai 2017.<br \/>\nCommunication intitul\u00e9e: Une figure de l&rsquo;oubli dans la narration. Publi\u00e9.<\/h6>\n<h6>\u2013\u00a0Conf\u00e9rencier invit\u00e9 au\u00a0Programme doctoral de la Conf\u00e9rence universitaire de Suisse occidentale (CUSO), Universit\u00e9 de Fribourg, 6-7 avril 2017, sur le th\u00e8me: \u201cRegards crois\u00e9s sur le concept de point de vue\u201d.<br \/>\nConf\u00e9rence intitul\u00e9e: Point de vue, r\u00e9f\u00e9rence opaque et perception invers\u00e9e.<\/h6>\n<h6>\u2013 Journ\u00e9e d&rsquo;\u00e9tude\u00a0\u00abDomaine d&rsquo;extension des semi-cliv\u00e9es\u00bb, Universit\u00e9 de Strasbourg\u2013LiLPa, 27 janvier 2017.<br \/>\nCommunication intitul\u00e9e: A propos de quelques propri\u00e9t\u00e9s des pseudo-cliv\u00e9es et de leur environnement discursif. Publi\u00e9.<\/h6>\n<h6><strong>2016<\/strong><\/h6>\n<h6>\u2013 Journ\u00e9e d\u2019\u00e9tude \u00abPragmat\u00e8mes, formules de routine, actes de langage st\u00e9r\u00e9otyp\u00e9s et autres phras\u00e9ologismes\u00bb, Universit\u00e9 de Lorraine\u2013ATILF, 7 oct. 2016.<br \/>\nCommunication intitul\u00e9e: Deux exemples de noyaux potentiellement phras\u00e9ologiques: les pseudo-cliv\u00e9es et \u201cd\u00e9j\u00e0\u201d justificatif. Publi\u00e9.<\/h6>\n<h6>\u2013 CHRONOS-12: 12th International Conference on Actionality, Tense, Aspect, Modality\/Evidentiality. Universit\u00e9 de Caen Normandie (Crisco), 15-17 juin 2016.<br \/>\nCommunication intitul\u00e9e: La surcomposition verbale et ses emplois existentiels en fran\u00e7ais. Publi\u00e9.<\/h6>\n<h6>\u2013 Journ\u00e9es d\u2019\u00e9tude \u00abAspect lexical et aspect grammatical: approches contrastives\u00bb, Universit\u00e9 P\u00e9dagogique de Cracovie, 12-13 mai 2016.<br \/>\nCommunication intitul\u00e9e: L\u2019emploi du pass\u00e9 compos\u00e9 dans la correspondance de Jean Racine.<\/h6>\n<h6><strong>2015<\/strong><\/h6>\n<h6>\u2013 Colloque \u00abMicro-\/macro-: quels enjeux en linguistique anglaise?\u00bb, organis\u00e9 par le laboratoire IDEA, EA2338, Universit\u00e9 de Lorraine (Metz), 9-10 oct. 2015.<br \/>\nCommunication intitul\u00e9e: L\u2019opposition micro-\/ macro- et l\u2019interpr\u00e9tation du plus-que-parfait: le r\u00f4le des adverbiaux de localisation temporelle. (Avec B. Combettes)<\/h6>\n<h6>\u2013 Journ\u00e9es d\u2019\u00e9tude \u00abAspect lexical et aspect grammatical: approches contrastives\u00bb, Universit\u00e9 de Lorraine \/ ATILF, 26-27 mai 2015.<br \/>\nCommunication intitul\u00e9e: Localisateurs statifs, localisateurs \u00e9v\u00e9nementiels et interpr\u00e9tation du plus-que-parfait. (Avec B. Combettes)<\/h6>\n<h6>\u2013 Journ\u00e9es d\u2019\u00e9tude \u00abAspect lexical et aspect grammatical: approches contrastives\u00bb, Universit\u00e9 de Lorraine \/ ATILF, 26-27 mai 2015.<br \/>\nCommunication intitul\u00e9e: La traduction du futur p\u00e9riphrastique fran\u00e7ais en polonais. (Avec M. Nowakowska)<\/h6>\n<h6>\u2013 IV Congresso internazionale di Linguistica testuale contrastiva lingue slave \u2013 lingue romanze, Bergamo, 14-16 mai 2015.<br \/>\nCommunication intitul\u00e9e: Comment traduire le futur p\u00e9riphrastique en polonais? (Avec M. Nowakowska).\u00a0Publi\u00e9.<\/h6>\n<h6>\u2013 Colloque DIACHRO-7, Paris 5-7 f\u00e9vrier 2015.<br \/>\nCommunication intitul\u00e9e: La relation pass\u00e9 compos\u00e9 \u2013 pass\u00e9 simple vue \u00e0 travers la notion de parfait existentiel. Publi\u00e9.<\/h6>\n<h6><strong>2014<\/strong><\/h6>\n<h6>\u2013 Convegno internazionale di studi \u00abLinguistica testuale. Teorie, metodi, fenomeni, strutture\u00bb. Universit\u00e9 de B\u00e2le, 2-4 juillet 2014.<br \/>\nCommunication intitul\u00e9e: Opacit\u00e9 r\u00e9f\u00e9rentielle et textualit\u00e9. Publi\u00e9.<\/h6>\n<h6><strong>2013<\/strong><\/h6>\n<h6>\u2013 Workshop du SLAM \u00ab(In)Coh\u00e9rence du discours\u00bb, Nancy, LORIA, 12-13 d\u00e9c. 2013.<br \/>\nCommunication intitul\u00e9e: Opacit\u00e9 r\u00e9f\u00e9rentielle et coh\u00e9rence du discours.<\/h6>\n<h6>\u2013 Conf\u00e9rencier invit\u00e9 par le D\u00e9partement des langues et litt\u00e9ratures, Domaine Fran\u00e7ais, de l\u2019Universit\u00e9 de Fribourg (Suisse), 27 nov. 2013.<br \/>\nConf\u00e9rence intitul\u00e9e: Le pass\u00e9 surcompos\u00e9 dit \u00abr\u00e9gional\u00bb.<\/h6>\n<h6>\u2013 Workshop \u00abAorists and perfects across languages \u2013 Aoristes et parfaits \u00e0 travers les langues\u00bb, Poitiers, 20-21 juin 2013.<br \/>\nCommunication intitul\u00e9e: Les parfaits dits \u00abd\u2019exp\u00e9rience\u00bb et la distinction aoriste VS parfait. Avec M. Nowakowska. Publi\u00e9.<\/h6>\n<h6>\u2013 \u00abDe la phrase aux \u00e9nonc\u00e9s\u00bb. Colloque en l\u2019honneur de Marie-Jos\u00e9 B\u00e9guelin, Universit\u00e9 de Neuch\u00e2tel, 17 mai 2013.<br \/>\nCommunication intitul\u00e9e: \u201cD\u00e9j\u00e0\u201d et le mot sur le bout de la langue.<\/h6>\n<h6>\u2013 Colloque du R\u00e9seau des linguistes du Grand-Est: \u00abVariation, invariant, vari\u00e9t\u00e9\u00bb, Universit\u00e9 de Lorraine (Metz), 22-23 mars 2013.<br \/>\nCommunication intitul\u00e9e: La variation plus-que-parfait ~ pass\u00e9 simple dans les analepses narratives. Avec B. Combettes. Publi\u00e9.<\/h6>\n<h6><strong>2012<\/strong><\/h6>\n<h6>\u2013 Colloque Nancy-Cracovie, Universit\u00e9 P\u00e9dagogique de Cracovie, 2-3 f\u00e9vr. 2012.<br \/>\nCommunication intitul\u00e9e: \u201cD\u00e9j\u00e0\u201d: sens et effets de sens.<\/h6>\n<h6><strong>2011<\/strong><\/h6>\n<h6>\u2013 Colloque international \u00abL\u2019espressione del futuro nelle lingue naturali\u00bb, Universit\u00e9 de Rome \u201cTor Vergata\u201d, 22-24 juin 2011.<br \/>\nCommunication intitul\u00e9e: Le futur ant\u00e9rieur et la valeur de parfait existentiel.<\/h6>\n<h6>\u2013 CHRONOS 10: 10\u00e8me Conf\u00e9rence internationale sur le temps, l\u2019aspect, la modalit\u00e9 et l\u2019\u00e9videntialit\u00e9. Aston University, Birmingham, 18-20.04.2011.<br \/>\nCommunication intitul\u00e9e: Les emplois temporels de \u201cd\u00e9j\u00e0\u201d. Avec M. Nowakowska. Publi\u00e9.<\/h6>\n<h6><strong>2010<\/strong><\/h6>\n<h6>\u2013 Journ\u00e9e d\u2019\u00e9tudes \u00abAu marge de la phrase: syntaxe, ponctuation, discours\u00bb, Universit\u00e9 de B\u00e2le, 26.05.2010. A l\u2019invitation du prof. Angela Ferrari.<br \/>\nExpos\u00e9 intitul\u00e9: Statut de la compl\u00e9mentation temporelle (topicale \/ non topicale) et interpr\u00e9tation des temps compos\u00e9s.<\/h6>\n<h6><strong>2009<\/strong><\/h6>\n<h6>\u2013 Conf\u00e9rence \u00abCurrent Evolutions of Roman Tenses \u2013 Evolutions actuelles des temps verbaux dans les langues romanes\u00bb, Aston University, Birmingham, 18-19 d\u00e9c. 2009.<br \/>\nCommunication intitul\u00e9e: La concurrence du pass\u00e9 compos\u00e9 et du pass\u00e9 surcompos\u00e9 dans l\u2019expression de la valeur de parfait existentiel.<\/h6>\n<h6>\u2013 Colloque \u00abSaillance: Aspects linguistiques et communicatifs de la mise en \u00e9vidence dans un texte\u00bb, Universit\u00e9 de Gen\u00e8ve, 12-14 nov. 2009.<br \/>\nCommunication intitul\u00e9e: Saillance et aspect verbal: le cas du plus-que-parfait en fran\u00e7ais. Avec B. Combettes. Publi\u00e9.<\/h6>\n<h6>\u2013 Congr\u00e8s de l\u2019Association for French Language Studies (AFLS) 2009, Neuch\u00e2tel, 3-5 sept. 2009.<br \/>\nCommunication intitul\u00e9e: Les emplois existentiels du pass\u00e9 surcompos\u00e9. Publi\u00e9.<\/h6>\n<h6>\u2013 Colloque du Groupe de recherche Nancy-Cracovie, Universit\u00e9 P\u00e9dagogique de Cracovie, 29 juin 2009.<br \/>\nExpos\u00e9 intitul\u00e9: Pass\u00e9 compos\u00e9 et pass\u00e9 simple dans un roman du XVIIIe s.<\/h6>\n<h6><strong>2008<\/strong><\/h6>\n<h6>\u2013 Colloque \u00abLa question polyphonique ou dialogique en sciences du langage\u00bb, Metz-Luxembourg, 8-10.09.2008.<br \/>\nExpos\u00e9 intitul\u00e9: Polyphonie et opacit\u00e9 r\u00e9f\u00e9rentielle. Publi\u00e9.<\/h6>\n<h6>\u2013 Colloque \u00abTemps et Espace\u00bb, Brno, 27-30.03.2008.<br \/>\nExpos\u00e9 intitul\u00e9: La r\u00e9sultativit\u00e9 du pass\u00e9 compos\u00e9 fran\u00e7ais. (Avec M. Nowakowska.). Publi\u00e9.<\/h6>\n<h6>\u2013 Journ\u00e9e d&rsquo;hommages \u00e0 Bernard Combettes, Nancy, laboratoire ATILF, 2 f\u00e9vr. 2008.<br \/>\nExpos\u00e9 intitul\u00e9: Pseudo-cliv\u00e9es et constructions identificatives. Publi\u00e9.<\/h6>\n<h6><strong>2007<\/strong><\/h6>\n<h6>\u2013 Conf\u00e9rencier invit\u00e9 par le CRISCO-Universit\u00e9 de Caen, 8 nov. 2007.<br \/>\nConf\u00e9rence intitul\u00e9e: Quelques aspects de l\u2019activit\u00e9 de reformulation dans l\u2019oral conversationnel.<\/h6>\n<h6>\u2013 Colloque du Groupe de recherche Nancy-Cracovie, Universit\u00e9 de Nancy 2, 7-8 sept. 2007.<br \/>\nExpos\u00e9 intitul\u00e9: Contraintes lexicales sur la limitation temporelle des \u00e9tats r\u00e9sultants. Publi\u00e9.<\/h6>\n<h6>\u2013 Symposium 2007 de L\u2019Association for French Language Studies, Universit\u00e9 du Littoral C\u00f4te d\u2019Opale, Boulogne-sur-Mer, 3-5 sept. 2007.<br \/>\nExpos\u00e9 intitul\u00e9: La r\u00e9sultativit\u00e9 en fran\u00e7ais et en polonais. (Avec M. Nowakowska). Publi\u00e9.<\/h6>\n<h6><strong>2006<\/strong><\/h6>\n<h6>\u2013 Colloque \u201cVoies de la reformulation: contraintes, strat\u00e9gies, objectifs\u201d, Rennes, 19-20 mai 2006.<br \/>\nExpos\u00e9 intitul\u00e9: Reformulations r\u00e9paratrices \u00e0 l\u2019oral. Publi\u00e9.<\/h6>\n<h6>\u2013 Conf\u00e9rencier invit\u00e9 aux Ateliers \u201cArgumentation\u201d, coordonn\u00e9s par Marianne Doury, laboratoire Communication et Politique, Paris. Atelier du 6 avril 2006.<br \/>\nExpos\u00e9 intitul\u00e9: Mouvement justificatif et mouvement explicatif comme fondements d\u2019une typologie des arguments.<\/h6>\n<h6><strong>2005<\/strong><\/h6>\n<h6>\u2013 Journ\u00e9es de morphologie \u201c4\u00e8mes D\u00e9cembrettes\u201d, Universit\u00e9 de Toulouse-Le Mirail, 1-2 d\u00e9c. 2005.<br \/>\nConf\u00e9rencier invit\u00e9 par l\u2019\u00e9quipe ERSS.\u00a0Expos\u00e9 intitul\u00e9: La pr\u00e9fixation n\u00e9gative et l\u2019antonymie en fran\u00e7ais. Publi\u00e9.<\/h6>\n<h6>\u2013 Journ\u00e9e d\u2019\u00e9tudes \u201cL\u2019expression des relations temporelles en polonais et en fran\u00e7ais: lexique et aspectuo-temporalit\u00e9\u201d. Universit\u00e9 P\u00e9dagogique de Cracovie, 10 nov. 2005.<br \/>\nExpos\u00e9 intitul\u00e9: Interf\u00e9rences entre aspect lexical et aspect flexionnel en fran\u00e7ais.<\/h6>\n<h6>\u2013 Colloque international \u201cFran\u00e7ais langue internationale. Recherche et formation. L\u2019Europe des langues et des cultures\u201d. Universit\u00e9 P\u00e9dagogique de Cracovie, 23-25 juin 2005.<br \/>\nExpos\u00e9 intitul\u00e9: Deux types d\u2019antonymies directionnelles en fran\u00e7ais. Publi\u00e9.<\/h6>\n<h6><strong>2004<\/strong><\/h6>\n<h6>\u2013 Journ\u00e9e d\u2019\u00e9tudes \u201cL\u2019appendice dans le discours: aspects syntaxiques, prosodiques, informationnels et relationnels\u201d. Universit\u00e9 de Lausanne, 2 avril 2004. Org. Angela Ferrari.<br \/>\nExpos\u00e9 intitul\u00e9: De quelques acquis et de quelques hypoth\u00e8ses sur le fonctionnement des appendices.<\/h6>\n<h6>\u2013 2e colloque organis\u00e9 par le groupe Ci-dit: \u201cDans la jungle des discours (genres de discours et discours rapport\u00e9)\u201d, Cadiz, 11-14 mars 2004.<br \/>\nExpos\u00e9 intitul\u00e9: Le discours rapport\u00e9 dans les \u201cRegistres du Consistoire de Gen\u00e8ve\u201d. Avec B. Combettes. Publi\u00e9.<\/h6>\n<h6>\u00a0\u2013 Colloque \u201cGrammaire, discours, interaction: la structuration de l\u2019information\u201d, Neuch\u00e2tel, 23-24 janvier 2004.<br \/>\nExpos\u00e9 intitul\u00e9: Appendices et autres constituants diff\u00e9r\u00e9s dans le discours: aspects r\u00e9f\u00e9rentiels, topicaux et interactionnels. Avec Anne Grobet. Publi\u00e9.<\/h6>\n<h6>\u00a0\u2013 Colloque DIACHRO-2: \u201cPh\u00e9nom\u00e8nes de changement en fran\u00e7ais\u201d, ENS, Paris, 15-17 janvier 2004.<br \/>\nExpos\u00e9 intitul\u00e9: La pr\u00e9fixation n\u00e9gative IN-.<\/h6>\n<h6><strong>2003<\/strong><\/h6>\n<h6>\u2013 Colloque \u201cLes images du monde dans les langues romanes\u201d, Universit\u00e9 de Sil\u00e9sie \u00e0 Katowice (Pologne), 25-27 sept. 2003.<br \/>\nCommunication intitul\u00e9e: La pr\u00e9fixation n\u00e9gative in- et la notion de morph\u00e8me opportuniste. Publi\u00e9.<\/h6>\n<h6>\u00a0\u2013 Colloque \u201cLe mot comme signe et comme image: lieux et enjeux de l\u2019iconicit\u00e9 linguistique\u201d. Universit\u00e9 de Bourgogne, Dijon, 29-30 avril 2003.<br \/>\nCommunication intitul\u00e9e: La pr\u00e9fixation n\u00e9gative et le marquage allomorphique de l\u2019iconicit\u00e9 constructionnelle. Publi\u00e9.<\/h6>\n<h6><strong>2002<\/strong><\/h6>\n<h6>\u2013 Journ\u00e9e d\u2019\u00e9tudes \u201cLa coh\u00e9sion chez l\u2019enfant\u201d. Paris, 25 mai 2002. Organis\u00e9e par le LaCo (Universit\u00e9 de Poitiers) et le LEAPLE (Universit\u00e9 de Paris 5).<br \/>\nInvit\u00e9 \u00e0 la Table ronde. Intervention intitul\u00e9e: Ritualiser, fl\u00e9chir, r\u00e9f\u00e9rer. Publi\u00e9.<\/h6>\n<h6>\u00a0\u2013 Colloque DIACHRO-1: \u201cGrammaticalisations en fran\u00e7ais\u201d. Paris, 17-19 janvier 2002.<br \/>\nExpos\u00e9 intitul\u00e9: Du statut de certaines propositions rectrices de compl\u00e9tives. Publi\u00e9.<\/h6>\n<h6><strong>2001<\/strong><\/h6>\n<h6>\u2013 Colloque \u201cComp\u00e9tences r\u00e9dactionnelles, comp\u00e9tences traductologiques et leur acquisition\u201d. Universit\u00e9 de Bielefeld, 29.11.\u20131.12.2001.<br \/>\nExpos\u00e9 intitul\u00e9: R\u00e9dactions conversationnelles: la r\u00e9gulation de l\u2019attention \u00e0 travers les formulations autonymiques du texte-cible. Publi\u00e9.<\/h6>\n<h6>\u00a0\u2013 Colloque \u201cLe discours rapport\u00e9 dans tous ses \u00e9tats: questions de fronti\u00e8res\u201d. Organis\u00e9 par le groupe \u201cCi-dit\u201d, Universit\u00e9 libre de Bruxelles. Bruxelles, 8-11 novembre 2001.<br \/>\nExpos\u00e9 intitul\u00e9: R\u00e9f\u00e9rence et autonymie dans les r\u00e9dactions conversationnelles. Publi\u00e9.<\/h6>\n<h6>\u00a0\u2013 23e Congr\u00e8s international de linguistique et de philologie romane (Salamanca, 24-30 sept. 2001).<br \/>\nExpos\u00e9 intitul\u00e9: Structures improvis\u00e9es et structures grammaticalis\u00e9es. Avec Fran\u00e7oise Zay. Publi\u00e9.<\/h6>\n<h6><strong>2000<\/strong><\/h6>\n<h6>\u2013 7th International Pragmatics Conference (Budapest, 9-14 juillet 2000).<br \/>\nExpos\u00e9 intitul\u00e9: The management of reference in metalinguistic sequences produced in a conversational writing task. Publi\u00e9.<\/h6>\n<h6><strong>1999<\/strong><\/h6>\n<h6>\u2013 Colloque \u201cProcessus de r\u00e9daction (coop\u00e9rative): des situations d\u2019apprentissage aux situations professionnelles\u201d, Lyon, 18-19 novembre 1999.<br \/>\nExpos\u00e9 intitul\u00e9: M\u00e9talangage, r\u00e9f\u00e9rence et manipulation des objets syntaxiques dans une r\u00e9daction conversationnelle. Publi\u00e9.<\/h6>\n<h6>\u00a0\u2013 Journ\u00e9es de Linguistique suisse, Berne, 5-6 novembre 1999.<br \/>\nExpos\u00e9 intitul\u00e9: Improvisations, routines, grammaticalisations: \u00e9tude de quelques \u201cincidents\u201d syntagmatiques \u00e0 l\u2019oral. Avec Fran\u00e7oise Zay.<\/h6>\n<h6>\u2013 Colloque \u201cL\u2019article: th\u00e9ories, contrastes et applications didactiques\u201d (Universit\u00e9 de Gen\u00e8ve, 27-29 avril 1999).<br \/>\nCommunication intitul\u00e9e: Affaire de l\u2019Etat, affaire d\u2019Etat: Article d\u00e9fini et article z\u00e9ro dans les compl\u00e9ments adnominaux. (Avec M. Nowakowska). Publi\u00e9.<\/h6>\n<h6><strong>1998<\/strong><\/h6>\n<h6>\u2013 6th International Pragmatics Conference (Reims, 19-24 juillet 1998). Deux communications:<br \/>\n\u2022 Communication intitul\u00e9e: Planification micro-syntaxique et planification macro-syntaxique (avec Fran\u00e7oise Zay). Publi\u00e9.<br \/>\n\u2022 Communication intitul\u00e9e: Positions and position markers in conversational episodes containing sensitive topics (avec Mich\u00e8le Grossen). Publi\u00e9.<\/h6>\n<h6>\u2013 Conf\u00e9rence: Autour des phrases cliv\u00e9es et pseudo-cliv\u00e9es. Cracovie, Universit\u00e9 Jagellonne, Institut de Philologie Romane, 22.4.1998.<\/h6>\n<h6><strong>1997<\/strong><\/h6>\n<h6>\u2013 16e Congr\u00e8s international des linguistes (CIL-16), Paris, 20-25 juillet 1997.<br \/>\nCommunication intitul\u00e9e: R\u00e9f\u00e9rents m\u00e9tadiscursifs et repr\u00e9sentation(s) de l\u2019\u00e9nonciation. (Avec Catherine Chanet).<\/h6>\n<h6><strong>1996<\/strong><\/h6>\n<h6>\u2013 Workshop \u201cAnalyse des interactions verbales dans les entretiens cliniques: questions et m\u00e9thodes\u201d (Universit\u00e9 de Lausanne, 14-15 novembre 1996).<br \/>\nCommunication intitul\u00e9e: L\u2019intelligence et ses enjeux dans les premiers entretiens motiv\u00e9s par des difficult\u00e9s d\u2019apprentissage. (Avec Mich\u00e8le Grossen). Publi\u00e9.<\/h6>\n<h6><strong>1995<\/strong><\/h6>\n<h6>\u2013 6th European Conference for Research on Learning and Instruction (Nim\u00e8gue, 26-31 ao\u00fbt 1995).<br \/>\nCommunication intitul\u00e9e: L\u2019acquisition des pratiques argumentatives. (Avec Luci Banks).<\/h6>\n<h6><strong>1994<\/strong><\/h6>\n<h6>\u2013 Colloque \u201cAnaphoric relations and (in)coherence\u201d (Anvers, 1-3 d\u00e9cembre 1994).<br \/>\nCommunication intitul\u00e9e: D\u00e9fini et d\u00e9monstratif dans les nominalisations. (Avec Catherine Chanet). Publi\u00e9.<\/h6>\n<h6>\u2013 Colloque \u201cFormes linguistiques et dynamiques interactionnelles\u201d (Universit\u00e9 de Lausanne, 18-19 novembre 1994).<br \/>\nCommunication intitul\u00e9e: L\u2019activit\u00e9 de reformulation comme marqueur de la construction du sens. (Avec Mich\u00e8le Grossen). Publi\u00e9.<\/h6>\n<h6><strong>1993<\/strong><\/h6>\n<h6>\u2013 Rencontres de linguistique Besan\u00e7on-Neuch\u00e2tel, sur \u201cLe traitement des donn\u00e9es linguistiques non-standard\u201d (Neuch\u00e2tel, 29-30.1.1993).<br \/>\nCommunication intitul\u00e9e: Autour des relatives non standard. (Avec Jo\u00ebl Gapany). Publi\u00e9.<\/h6>\n<h6><strong>1991<\/strong><\/h6>\n<h6>\u2013 Premier colloque international sur l\u2019Analyse des interactions (Aix-en-Provence\/La Baume-L\u00e8s-Aix, 12-14 septembre 1991).<br \/>\nCommunication intitul\u00e9e: Reformulations et n\u00e9gociation des significations dans un entretien psychoth\u00e9rapeutique. (Avec Mich\u00e8le Grossen). Publi\u00e9.<\/h6>\n<h6><strong>1990<\/strong><\/h6>\n<h6>\u2013 Second International Conference on Argumentation (Amsterdam, 19-22 juin 1990). Deux communications:<br \/>\n\u2022 Towards a formalization of argumentative negation. (Avec Pierre-Yves Brandt et Gustavo Quiroz). Publi\u00e9.<br \/>\n\u2022 How counter-argumentation works. (Avec Pierre-Yves Brandt et Gustavo Quiroz). Publi\u00e9.<\/h6>\n<h6><strong>1987<\/strong><\/h6>\n<h6>\u2013 Congr\u00e8s du XXe anniversaire de Communication &amp; Cognition (Gand, 6-10 d\u00e9cembre 1987).<br \/>\nCommunication intitul\u00e9e: The development of cohesion in writing: Preliminary research on anaphoric procedures and thematic planning in texts by children. Publi\u00e9.<\/h6>\n<h6><strong>1986<\/strong><\/h6>\n<h6>\u2013 First International Conference on Argumentation (Amsterdam, 3-6 juin 1986).<br \/>\nCommunication intitul\u00e9e: Logical and non-logical foundations of argumentation. Publi\u00e9.<\/h6>\n<h6><strong>1983<\/strong><\/h6>\n<h6>\u2013 3e colloque Besan\u00e7on-Neuch\u00e2tel, \u201cConstruction et transformation des objets du discours\u201d (Neuch\u00e2tel, Centre de Recherches S\u00e9miologiques, 3-4 oct. 1983).<br \/>\nCommunication intitul\u00e9e: La notion d&rsquo;objet du discours en logique naturelle. Publi\u00e9.<\/h6>\n<h6><strong>1981<\/strong><\/h6>\n<h6>\u2013 Colloque sur le bilinguisme (Universit\u00e9 de Neuch\u00e2tel, 14-15 septembre 1981).<br \/>\nCommunication intitul\u00e9e: Attitudes linguistiques: r\u00e9sultats d&rsquo;une enqu\u00eate et esquisse d&rsquo;une typologie. Publi\u00e9.<\/h6>\n<p style=\"text-align: center\">* * * * *<\/p>\n<h6><\/h6>\n<h5><u>Comit\u00e9s de r\u00e9daction ou de lecture, comit\u00e9s scientifiques (revues et collections)<\/u><\/h5>\n<h6>\u2013 Membre du Comit\u00e9 \u00e9ditorial du <em>Journal of French Language Studies<\/em> (Cambridge University Press), 2017-2020.<br \/>\n\u2013 Membre du Comit\u00e9 de lecture de la collection \u201cSciences pour la communication\u201d, \u00e9ditions Peter Lang, Berne.<br \/>\n\u2013 Membre du Comit\u00e9 \u00e9ditorial de l\u2019<em>Encyclop\u00e9die Grammaticale du Fran\u00e7ais<\/em> (en ligne: http:\/\/encyclogram.fr), depuis 2016.<br \/>\n\u2013 Membre du Comit\u00e9 de r\u00e9daction de <em>Neophilologica<\/em> (Universit\u00e9 de Sil\u00e9sie, Katowice).<br \/>\n\u2013 Membre du Comit\u00e9 \u00e9ditorial de <em>Cognitive Studies \/ Etudes Cognitives<\/em> (revue de l\u2019Acad\u00e9mie des Sciences Polonaise) (2011-2022)<br \/>\n\u2013 Membre du Comit\u00e9 de lecture de <em>Scolia<\/em> (Strasbourg).<br \/>\n\u2013 Membre du Comit\u00e9 de r\u00e9daction de <em>Verbum<\/em> (Nancy, Universit\u00e9 de Lorraine et ATILF).<br \/>\n\u2013 Co-direction scientifique de la revue <em>Verbum<\/em> (Nancy, Universit\u00e9 de Lorraine et ATILF).<br \/>\n\u2013 Membre du Comit\u00e9 scientifique de la collection <em>Etudes linguistiques et textuelles<\/em>\u00a0(Editions Lambert-Lucas, Paris)<\/h6>\n<h5><span style=\"text-decoration: underline\">Expertises d&rsquo;articles pour les revues suivantes:<\/span><\/h5>\n<h6>\u2013 <em>Academic Journal of Modern Philology<\/em> (Universit\u00e9 de Wroc\u0142aw)<br \/>\n\u2013 <em>Argumentation <\/em>(Dordrecht, Springer)<br \/>\n<em>\u2013 Bulletin de Psychologie <\/em>(Paris, Groupe d&rsquo;\u00e9tudes de psychologie)<br \/>\n\u2013 <em>Cahiers Chronos<\/em> (Amsterdam, Rodopi, puis Brill)<br \/>\n\u2013 <em>CogniTextes<\/em> (revue de l&rsquo;Association fran\u00e7aise de linguistique cognitive)<br \/>\n<em>\u2013 Cognitives Studies \/ Etudes cognitives<\/em> (Varsovie, Acad\u00e9mie des sciences polonaise)<br \/>\n\u2013 <em>CORELA <\/em>(revue en ligne, Universit\u00e9 de Poitiers)<br \/>\n\u2013 <em>Discours<\/em> (revue en ligne, Paris)<br \/>\n\u2013 <em>\u00c9tudes de linguistique appliqu\u00e9e <\/em>(Paris, Klincksieck)<br \/>\n<em>\u2013 Journal of French Language Studies<\/em> (Cambridge, Cambridge University Press)<br \/>\n\u2013 <em>Langue fran\u00e7aise<\/em> (Paris, Larousse, puis Armand Colin)<br \/>\n<em>\u2013 Linx <\/em>(Paris Ouest Nanterre La D\u00e9fense)<br \/>\n<em>\u2013 Pratiques<\/em> (Universit\u00e9 de Metz)<br \/>\n<em>\u2013 Psychologie de l\u2019interaction <\/em>(Paris, L\u2019Harmattan)<br \/>\n\u2013 <em>Revue romane<\/em> (Amsterdam, J. Benjamins)<br \/>\n\u2013 <em>Revue de s\u00e9mantique et de pragmatique<\/em> (Universit\u00e9 d\u2019Orl\u00e9ans)<br \/>\n\u2013 <em>Scolia<\/em> (Strasbourg, Presses Universitaires de Strasbourg)<br \/>\n\u2013 <em>Studia linguistica romanica<\/em> (Karl-Franzens-Universit\u00e4t Graz)<br \/>\n<em>\u2013 Studi italiani di linguistica teorica e applicata <\/em>(Pisa, Pacini)<br \/>\n\u2013 <em>Studii de lingvistic\u0103<\/em> (Universit\u00e9 de Oradea)<br \/>\n\u2013 <em>Travaux de linguistique<\/em> (Bruxelles, Duculot)<br \/>\n\u2013 <em>Travaux neuch\u00e2telois de linguistique<\/em><em> (TRANEL)<\/em> (Universit\u00e9 de Neuch\u00e2tel)<br \/>\n<em>\u2013 Verbum<\/em> (Nancy, \u00c9ditions de l&rsquo;Universit\u00e9 de Lorraine)<\/h6>\n<h5><u>Comit\u00e9s scientifiques (colloques)<\/u><\/h5>\n<h6>\u2013 Comit\u00e9 scientifique du 10<sup>e <\/sup>Congr\u00e8s Mondial de Linguistique Fran\u00e7aise (CMLF 10), Arras, 6-10 juillet 2026.<br \/>\n\u2013 Comit\u00e9 scientifique du colloque \u00abNouveaux regards sur la norme\u00bb, Fribourg (CH), 4-6 juin 2025.<br \/>\n\u2013 Comit\u00e9 scientifique du colloque CHRONOS 15, Universit\u00e9 de Toulouse Jean Jaur\u00e8s, 29-31 mai 2024.<br \/>\n\u2013 Comit\u00e9 d\u2019organisation du colloque \u00abDescription de l\u2019oral et m\u00e9thodes d\u2019analyse en linguistique: perspectives actuelles\u00bb, en hommage \u00e0 C. Blanche-Benveniste. Universit\u00e9 de Lorraine (Nancy) &amp; ATILF, 20-22 oct. 2021.<br \/>\n\u2013 Comit\u00e9 scientifique de la Journ\u00e9e d&rsquo;\u00e9tude \u00abPhras\u00e9ologie, image et repr\u00e9sentation du sens\u00bb. Universit\u00e9 de Lorraine &amp; ATILF, 15 oct. 2021.<br \/>\n\u2013 Comit\u00e9 scientifique du colloque CHRONOS 14, Universit\u00e9 du Littoral-C\u00f4re d&rsquo;Opale, Boulogne-sur-Mer, 22-24 juin 2021.<br \/>\n\u2013 Comit\u00e9 scientifique du colloque LED 2021: \u00abLa r\u00e9f\u00e9rence: (co-)construction et exploitation\u00bb. Universit\u00e9 de Grenoble Alpes &amp; Sorbonne Universit\u00e9, 25-26 mars 2021.<br \/>\n\u2013 Comit\u00e9 scientifique du colloque \u00ab<em>CE disant, que fait-on?<\/em>\u00bb, Universit\u00e9 de Strasbourg, 6-7 d\u00e9c. 2018.<br \/>\n\u2013 Comit\u00e9 scientifique de la Journ\u00e9e d&rsquo;\u00e9tude\u00a0\u00abLa phras\u00e9ologie: corpus et m\u00e9thodes\u00bb, Nancy, 5 oct. 2018.<br \/>\n\u2013\u00a0Comit\u00e9 scientifique de la Journ\u00e9e d\u2019\u00e9tude internationale \u00abPragmat\u00e8mes, formules de routine, actes de langage st\u00e9r\u00e9otyp\u00e9s et autres phras\u00e9ologismes\u00bb, Nancy, 7 oct. 2016.<br \/>\n\u2013 Comit\u00e9 scientifique de la Journ\u00e9e internationale Jeunes chercheurs \u00abInterdisciplinarit\u00e9s: quels enjeux pour quelles pratiques?\u00bb, Nancy, 17 juin 2016.<br \/>\n\u2013 Comit\u00e9 scientifique de la conf\u00e9rence internationale \u00abThe Perfect: variation workshop. Synchrony, diachrony and acquisition\u00bb, Trondheim (Norv\u00e8ge), 5-6 nov. 2015.<br \/>\n\u2013 Comit\u00e9 scientifique du colloque international \u00abApproches th\u00e9oriques et empiriques en phras\u00e9ologie\u00bb, organis\u00e9 par le Groupe de lexicographie franco-allemande de l\u2019Universit\u00e9 de Lorraine, 25-26 sept. 2014.<br \/>\n\u2013 Comit\u00e9 scientifique du CMLF 2014 (Congr\u00e8s Mondial de Linguistique Fran\u00e7aise), Berlin, 19-23 juillet 2014, section \u201cDiscours, pragmatique et interaction\u201d.<br \/>\n\u2013 Comit\u00e9 scientifique de la Journ\u00e9e d\u2019Etude Jeunes Chercheurs, Universit\u00e9 de Lorraine, Ecole doctorale \u201cLangage, Temps, Soci\u00e9t\u00e9\u201d, 23 mai 2013.<br \/>\n\u2013 Comit\u00e9 scientifique du colloque international de morphologie \u00ab8e D\u00e9cembrettes\u00bb, Bordeaux, 6-7 d\u00e9c. 2012.<br \/>\n\u2013 Comit\u00e9 scientifique du colloque international \u00abLes verbes parenth\u00e9tiques: hypotaxe, parataxe ou parenth\u00e8ses\u00bb, Universit\u00e9 de Paris Ouest Nanterre \u2013 La D\u00e9fense, 24-26 mai 2012.<br \/>\n\u2013 Comit\u00e9 scientifique de ColDoc11 (colloque des doctorants et des jeunes chercheurs), \u00abEnonc\u00e9s en situation\u00bb, Universit\u00e9 Paris 5, 28-29 sept. 2011.<br \/>\n\u2013 Comit\u00e9 scientifique du colloque international de morphologie \u00ab7e D\u00e9cembrettes\u00bb, Universit\u00e9 de Toulouse, 2-3 d\u00e9c. 2010.<br \/>\n\u2013 Comit\u00e9 scientifique du colloque international \u00abA contrario: de l\u2019antonymie \u00e0 la r\u00e9futation\u00bb, CRISCO, Universit\u00e9 de Caen, 24-26 mars 2010.<br \/>\n\u2013 Comit\u00e9 scientifique de ColDoc09 (colloque des doctorants et des jeunes chercheurs) \u00abL\u2019ambigu\u00eft\u00e9 dans les sciences du langage\u00bb, Universit\u00e9 Paris 10 \u2013 Nanterre La D\u00e9fense, 25-26 juin 2009.<br \/>\n\u2013 Comit\u00e9 scientifique du colloque \u00abEcart et expressivit\u00e9: description, discussion, th\u00e9orisation\u00bb, Nancy, 14-15 nov. 2008.<br \/>\n\u2013 Comit\u00e9 scientifique du colloque \u00abLa parataxe \u2013 1er colloque international de Macrosyntaxe\u00bb. Universit\u00e9 de Neuch\u00e2tel (Suisse), 12-15 f\u00e9vr. 2007.<br \/>\n\u2013 Comit\u00e9 scientifique des Actes du colloque sur la n\u00e9gation (Toulouse, 2-3 f\u00e9vr. 2006), publi\u00e9s dans <em>Linguisticae Investigationes<\/em>.<br \/>\n\u2013 Comit\u00e9 scientifique du colloque international de morphologie \u00ab5e D\u00e9cembrettes\u00bb, colloque international de morphologie. Universit\u00e9 de Toulouse-Le Mirail, d\u00e9cembre 2006.<br \/>\n\u2013 Comit\u00e9 scientifique du colloque international \u00abLes linguistiques du d\u00e9tachement\u00bb, Nancy, 7-9 juin 2006.<br \/>\n\u2013 Comit\u00e9 scientifique du colloque \u00abSur la route du verbe\u00bb, Nancy, 30 sept.\u20132 oct. 2004.<\/h6>\n<h5><u>Jurys et directions de recherches (habilitations \u00e0 diriger des recherches, th\u00e8ses)<\/u><\/h5>\n<h6><u>\u2013 Comme directeur de th\u00e8se ou parrain d&rsquo;HDR:<\/u><\/h6>\n<h6 style=\"padding-left: 30px\">\u2013 Th\u00e8se de doctorat de Marine Borel, co-tutelle Universit\u00e9 de Lorraine &amp; Universit\u00e9 de Fribourg (CH). \u2013 Soutenue le 7 juin 2019 \u00e0 Fribourg. Jury: D. Apoth\u00e9loz, J. Bres, L. Gosselin, F. Revaz, C. Vetters. Co-direction: D. Apoth\u00e9loz, F. Revaz. Version remani\u00e9e publi\u00e9e chez Peter Lang (Lausanne), accessible \u00e0 <a href=\"https:\/\/www.peterlang.com\/document\/1398574\">cette adresse<\/a>.<br \/>\n\u2013 HDR de Michelle Lecolle, Universit\u00e9 de Lorraine (Metz). \u2013 Soutenue le 29 nov. 2017. Jury: D. Apoth\u00e9loz, M.-J. B\u00e9guelin, D. Legallois, A. Steuckardt, C. Schnedecker, E. Winter-Froemel.<br \/>\n\u2013 Th\u00e8se de doctorat de Tiphanie Bertin, Universit\u00e9 de Nancy 2. \u2013 Soutenue le 3 d\u00e9c. 2011. Jury: D. Apoth\u00e9loz, E. Canut, H. Jisa, M. Kilani-Schoch, A. Morgenstern, A. Salazar Orvig.\u00a0 <a href=\"https:\/\/hal.univ-lorraine.fr\/tel-01749083\/document\">pdf de la th\u00e8se<\/a><br \/>\n\u2013 Th\u00e8se de doctorat de Dorota Sikora, Universit\u00e9 de Nancy 2. \u2013 Soutenue le 5 d\u00e9c. 2009. Jury: D. Apoth\u00e9loz, G. Kleiber, J. Sypnicki, C. Vetters, H. W\u0142odarczyk.\u00a0\u00a0 <a href=\"https:\/\/hal.univ-lorraine.fr\/tel-01752706\/document\">pdf de la th\u00e8se<\/a><br \/>\n\u2013 Th\u00e8se de doctorat de Laurent Mascherin, Universit\u00e9 de Nancy 2. \u2013 Soutenue le 10 d\u00e9c. 2007. Jury: D. Amiot, D. Apoth\u00e9loz, B. Combettes, C. Vetters.\u00a0 <a href=\"https:\/\/hal.univ-lorraine.fr\/tel-01752801\/document\">pdf de la th\u00e8se<\/a><br \/>\n\u2013 Th\u00e8se de doctorat de Hilary Inwood Deneufch\u00e2tel, Universit\u00e9 de Nancy 2. \u2013 Soutenue le 25 nov. 2005. Jury: D. Apoth\u00e9loz, L. Mondada, S. Pekarek Doehler, P. Riley.<br \/>\n\u2013 HDR de Fiammetta Namer, Universit\u00e9 de Nancy 2. \u2013 Soutenue le 18 nov. 2005. Jury: D. Apoth\u00e9loz, B. Combettes, G. Dal, B. Fradin, P. Zweigenbaum.<\/h6>\n<h6><u>\u2013 Comme membre du jury:<\/u><\/h6>\n<h6><u>Jurys d&rsquo;habilitations \u00e0 diriger des recherches (HDR)<\/u><\/h6>\n<h6 style=\"padding-left: 30px\">\u2013 HDR de Michelle Lecolle, Universit\u00e9 de Lorraine (Metz), 29 nov. 2017.<br \/>\n\u2013 HDR de Jeanne-Marie Debaisieux, Universit\u00e9 Paris 10 \u2013 Nanterre, 5 d\u00e9c. 2008.<br \/>\n\u2013 HDR de Annie Kuyumcuyan, Universit\u00e9 Paul Verlaine de Metz, 29 nov. 2008.<br \/>\n\u2013 HDR de Fiammetta Namer, Universit\u00e9 de Nancy 2, 18 nov. 2005.<br \/>\n\u2013 HDR de Simona Pekarek Doehler, Universit\u00e9 de B\u00e2le, 26 avr. 2005<br \/>\n\u2013 HDR de Franck Neveu, Universit\u00e9 de Nancy 2, 8 d\u00e9c. 2001.<\/h6>\n<h6><u>Jurys de Th\u00e8ses<\/u><\/h6>\n<h6 style=\"padding-left: 30px\">\u2013 Th\u00e8se de doctorat de Marine Borel, Universit\u00e9 de Fribourg (CH) &amp; Universit\u00e9 de Lorraine, 7 juin 2019.<br \/>\n\u2013 Th\u00e8se de doctorat de Ioana-Maria Stoenica, Universit\u00e9 de Neuch\u00e2tel, 18 janv. 2018.<br \/>\n\u2013 Th\u00e8se de doctorat de Mathieu Goux, Universit\u00e9 Lumi\u00e8re Lyon 2, 10 nov. 2017.<br \/>\n\u2013 Th\u00e8se de doctorat de Virginie Conti, Universit\u00e9 de Neuch\u00e2tel, 28 juin 2017.<br \/>\n\u2013\u00a0Th\u00e8se de doctorat de Aline Auriel, Universit\u00e9 Blaise Pascal, Clermont-Ferrand, 10 d\u00e9c. 2016.<br \/>\n\u2013 Th\u00e8se de doctorat de Tiina Ainola, Universit\u00e9 Paris 3 \u2013 Sorbonne Nouvelle, 17 d\u00e9c. 2012.<br \/>\n\u2013 Th\u00e8se de doctorat de Anne-Sylvie Horlacher, Universit\u00e9 de Neuch\u00e2tel, 21 mars 2012.<br \/>\n\u2013 Th\u00e8se de doctorat de Tiphanie Bertin, Universit\u00e9 de Nancy 2, 3 d\u00e9c. 2011.<br \/>\n\u2013 Th\u00e8se de doctorat de Flore Villemin, Universit\u00e9 de Nancy 2, 7 oct. 2011.<br \/>\n\u2013 Th\u00e8se de doctorat de Mariluz Di Tillio Lacruz, Universit\u00e9 Paris 3 \u2013 Sorbonne Nouvelle, 22 f\u00e9vr. 2010.<br \/>\n\u2013 Th\u00e8se de doctorat de Dominique Jacob, Universit\u00e9 de Nancy 2, 22 janv. 2010.<br \/>\n\u2013 Th\u00e8se de doctorat de Franziska Heyna, Universit\u00e9 de Fribourg (Suisse), 11 d\u00e9c. 2009.<br \/>\n\u2013 Th\u00e8se de doctorat de Dorota Sikora, Universit\u00e9 de Nancy 2, 5 d\u00e9c. 2009.<br \/>\n\u2013 Th\u00e8se de doctorat de Laurent Mascherin, Universit\u00e9 de Nancy 2, 10 d\u00e9c. 2007.<br \/>\n\u2013 Th\u00e8se de doctorat de Virginie Sch\u00fcltz, Universit\u00e9 de Nancy 2, 8 d\u00e9c. 2007.<br \/>\n\u2013 Th\u00e8se de doctorat de Christine F\u00e8vre-Pernet, Universit\u00e9 de Toulouse-Le Mirail, 23 nov. 2007.<br \/>\n\u2013 Th\u00e8se de doctorat de Annemie Demol, Universit\u00e9 de Gand, 3 juillet 2007.<br \/>\n\u2013 Th\u00e8se de doctorat de S\u00e9bastien Haton, Universit\u00e9 de Nancy 2, 25 nov. 2006.<br \/>\n\u2013 Th\u00e8se de doctorat de Gabriele M\u00fcller Blaser, Universit\u00e9 de Lausanne, 23 oct. 2006.<br \/>\n\u2013 Th\u00e8se de doctorat de Virginie Andr\u00e9, Universit\u00e9 de Nancy 2, 2 juin 2006.<br \/>\n\u2013 Th\u00e8se de doctorat de Christine Vandervelden-Deronne, Universit\u00e9 de Nancy 2, 10 d\u00e9c. 2005.<br \/>\n\u2013 Th\u00e8se de doctorat de Hilary Inwood Deneufch\u00e2tel, Universit\u00e9 de Nancy 2, 25 nov. 2005.<\/h6>\n<h5><u><br \/>\nAccueil et suivi de doctorants stagiaires:<\/u><\/h5>\n<h6>\u2013 2006-2007: Alena Ciulla e Silva (Universidade Federal do Cear\u00e1, Br\u00e9sil). Th\u00e8se soutenue en 2008.<br \/>\n\u2013 2007-2008: Franziska Heyna (Universit\u00e9 de Fribourg, Suisse). Th\u00e8se soutenue en 2009.<\/h6>\n<h5><\/h5>\n<h6><\/h6>\n<h6 style=\"text-align: right\">\u00a0\u00a0\u00a0\u00a0\u00a0\u00a0\u00a0\u00a0\u00a0\u00a0\u00a0\u00a0\u00a0\u00a0\u00a0\u00a0\u00a0\u00a0\u00a0\u00a0\u00a0\u00a0\u00a0\u00a0\u00a0\u00a0\u00a0\u00a0\u00a0\u00a0\u00a0\u00a0\u00a0\u00a0\u00a0\u00a0\u00a0\u00a0\u00a0\u00a0\u00a0\u00a0\u00a0\u00a0\u00a0\u00a0\u00a0\u00a0\u00a0\u00a0\u00a0\u00a0\u00a0\u00a0\u00a0\u00a0\u00a0\u00a0\u00a0\u00a0\u00a0\u00a0\u00a0\u00a0\u00a0\u00a0\u00a0\u00a0\u00a0\u00a0\u00a0\u00a0\u00a0\u00a0\u00a0\u00a0\u00a0\u00a0\u00a0\u00a0\u00a0\u00a0\u00a0\u00a0\u00a0\u00a0\u00a0\u00a0\u00a0\u00a0\u00a0\u00a0\u00a0\u00a0\u00a0\u00a0\u00a0\u00a0\u00a0\u00a0\u00a0\u00a0\u00a0\u00a0\u00a0\u00a0\u00a0\u00a0\u00a0\u00a0\u00a0\u00a0\u00a0\u00a0\u00a0\u00a0\u00a0\u00a0\u00a0\u00a0\u00a0\u00a0\u00a0\u00a0\u00a0\u00a0\u00a0\u00a0\u00a0\u00a0\u00a0\u00a0\u00a0\u00a0\u00a0\u00a0\u00a0\u00a0\u00a0\u00a0\u00a0\u00a0\u00a0\u00a0\u00a0\u00a0\u00a0\u00a0\u00a0\u00a0\u00a0\u00a0\u00a0\u00a0\u00a0\u00a0\u00a0\u00a0\u00a0\u00a0\u00a0\u00a0\u00a0\u00a0\u00a0\u00a0\u00a0\u00a0\u00a0\u00a0\u00a0\u00a0\u00a0\u00a0\u00a0 Derni\u00e8re mise \u00e0 jour:\u00a0 nov. 2025<\/h6>\n<h6><\/h6>\n<p>&nbsp;<\/p>\n","protected":false},"excerpt":{"rendered":"<p>Denis Apoth\u00e9loz, prof. Universit\u00e9 de Lorraine ATILF (UMR 7118, CNRS et Universit\u00e9 de Lorraine) Identifiant ORCID: 0000-0002-1332-8561 &nbsp; CURRICULUM VITAE Dipl\u00f4mes \u2013 Licence et Ma\u00eetrise \u00e8s Lettres, Universit\u00e9 de Neuch\u00e2tel (1977). M\u00e9moire de ma\u00eetrise en linguistique, sous la dir. du Prof. E. Roulet. Titre du m\u00e9moire: Pr\u00e9supposition et syntaxe de l\u2019adjectif. \u2013 Doctorat \u00e8s Lettres, [&hellip;]<\/p>\n","protected":false},"author":1,"featured_media":0,"parent":0,"menu_order":0,"comment_status":"closed","ping_status":"closed","template":"","meta":{"footnotes":""},"class_list":["post-23","page","type-page","status-publish","hentry"],"_links":{"self":[{"href":"https:\/\/perso.atilf.fr\/apotheloz\/wp-json\/wp\/v2\/pages\/23","targetHints":{"allow":["GET"]}}],"collection":[{"href":"https:\/\/perso.atilf.fr\/apotheloz\/wp-json\/wp\/v2\/pages"}],"about":[{"href":"https:\/\/perso.atilf.fr\/apotheloz\/wp-json\/wp\/v2\/types\/page"}],"author":[{"embeddable":true,"href":"https:\/\/perso.atilf.fr\/apotheloz\/wp-json\/wp\/v2\/users\/1"}],"replies":[{"embeddable":true,"href":"https:\/\/perso.atilf.fr\/apotheloz\/wp-json\/wp\/v2\/comments?post=23"}],"version-history":[{"count":115,"href":"https:\/\/perso.atilf.fr\/apotheloz\/wp-json\/wp\/v2\/pages\/23\/revisions"}],"predecessor-version":[{"id":2228,"href":"https:\/\/perso.atilf.fr\/apotheloz\/wp-json\/wp\/v2\/pages\/23\/revisions\/2228"}],"wp:attachment":[{"href":"https:\/\/perso.atilf.fr\/apotheloz\/wp-json\/wp\/v2\/media?parent=23"}],"curies":[{"name":"wp","href":"https:\/\/api.w.org\/{rel}","templated":true}]}}