{"id":15,"date":"2015-06-29T13:43:26","date_gmt":"2015-06-29T12:43:26","guid":{"rendered":"https:\/\/apps.atilf.fr\/homepages\/?page_id=15"},"modified":"2024-01-18T15:22:21","modified_gmt":"2024-01-18T14:22:21","slug":"projets","status":"publish","type":"page","link":"https:\/\/perso.atilf.fr\/asmith\/projets\/","title":{"rendered":"Projets"},"content":{"rendered":"<p><strong>Projets actuels<\/strong><\/p>\n<ul>\n<li>Depuis 2024 : Co-responsable du groupe de recherche \u00ab\u00a0<a href=\"https:\/\/www.atilf.fr\/recherche\/axes-disciplinaires\/lexique\/\" target=\"_blank\" rel=\"noopener\">Pragmatique, Linguistique Contrastive, Corpus\u00a0\u00bb (PLICC)<\/a>. Constitution d&rsquo;un corpus de recherche multilingue (fr &#8211; all, d&rsquo;autres langues envisag\u00e9es par la suite) autour du th\u00e8me de la biodiversit\u00e9.<\/li>\n<li>Participation au projet <a href=\"https:\/\/prefab.hypotheses.org\/a-propos\" target=\"_blank\" rel=\"noopener\">ANR PREFAB<\/a> (ANR-22-CE54-0013-02, 2022-2025) : mod\u00e9lisation phrases pr\u00e9fabriqu\u00e9es dans les interactions langagi\u00e8res ; corpus constrastif fran\u00e7ais &#8211; allemand ; analyses.<\/li>\n<li>D\u00e9veloppement d&rsquo;un concept de dictionnaire sp\u00e9cialis\u00e9 pour l&rsquo;apprentissage de l&rsquo;allemand en tant que langue \u00e9trang\u00e8re : les \u00ab\u00a0expressions de l&rsquo;opinion\u00a0\u00bb.<\/li>\n<\/ul>\n<p><strong>Projets pass\u00e9s<\/strong><\/p>\n<ul>\n<li>2011 &#8211; 2023 : <a href=\"https:\/\/als.atilf.fr\/\" target=\"_blank\" rel=\"noopener\">Dictionnaire des Actes de Langage st\u00e9r\u00e9otyp\u00e9s<\/a> (Groupe de Lexicographie Franco-Allemande, GLFA).<\/li>\n<\/ul>\n<p><strong>Projets \u00e0 l&rsquo;international<\/strong><\/p>\n<ul>\n<li>2010 &#8211; 2012 : Montage d&rsquo;un programme COMENIUS R\u00c9GIO (2010 &#8211; 2012) en coop\u00e9ration avec la Ville de Nancy, le CRDP de Lorraine ainsi que l\u2019universit\u00e9 de Kassel visant l\u2019\u00e9change de bonnes pratiques en mati\u00e8re d\u2019enseignement et donnant lieu \u00e0 une publication sous ma direction destin\u00e9e aux enseignants en formation initiale effectuant un stage \u00e0 l\u2019\u00e9tranger : <a href=\"https:\/\/hal.science\/hal-03865433v1\/document\" target=\"_blank\" rel=\"noopener\">Portfolio interculturel : stage d\u2019observation en \u00e9tablissement scolaire \u00e0 l\u2019\u00e9tranger<\/a> (CNDP, 2013)<\/li>\n<li>2010 &#8211; 2012 Projet pilote Universit\u00e9 de la Grande R\u00e9gion (UGR) pour la coop\u00e9ration interr\u00e9gionale dans la formation des enseignants &#8211; partenariat entre les universit\u00e9s de Lorraine, de la Sarre, de Li\u00e8ge et du Luxembourg.<\/li>\n<\/ul>\n","protected":false},"excerpt":{"rendered":"<p>Projets actuels Depuis 2024 : Co-responsable du groupe de recherche \u00ab\u00a0Pragmatique, Linguistique Contrastive, Corpus\u00a0\u00bb (PLICC). Constitution d&rsquo;un corpus de recherche multilingue (fr &#8211; all, d&rsquo;autres langues envisag\u00e9es par la suite) autour du th\u00e8me de la biodiversit\u00e9. Participation au projet ANR PREFAB (ANR-22-CE54-0013-02, 2022-2025) : mod\u00e9lisation phrases pr\u00e9fabriqu\u00e9es dans les interactions langagi\u00e8res ; corpus constrastif fran\u00e7ais [&hellip;]<\/p>\n","protected":false},"author":1,"featured_media":0,"parent":0,"menu_order":0,"comment_status":"closed","ping_status":"closed","template":"","meta":{"footnotes":""},"class_list":["post-15","page","type-page","status-publish","hentry"],"_links":{"self":[{"href":"https:\/\/perso.atilf.fr\/asmith\/wp-json\/wp\/v2\/pages\/15","targetHints":{"allow":["GET"]}}],"collection":[{"href":"https:\/\/perso.atilf.fr\/asmith\/wp-json\/wp\/v2\/pages"}],"about":[{"href":"https:\/\/perso.atilf.fr\/asmith\/wp-json\/wp\/v2\/types\/page"}],"author":[{"embeddable":true,"href":"https:\/\/perso.atilf.fr\/asmith\/wp-json\/wp\/v2\/users\/1"}],"replies":[{"embeddable":true,"href":"https:\/\/perso.atilf.fr\/asmith\/wp-json\/wp\/v2\/comments?post=15"}],"version-history":[{"count":9,"href":"https:\/\/perso.atilf.fr\/asmith\/wp-json\/wp\/v2\/pages\/15\/revisions"}],"predecessor-version":[{"id":379,"href":"https:\/\/perso.atilf.fr\/asmith\/wp-json\/wp\/v2\/pages\/15\/revisions\/379"}],"wp:attachment":[{"href":"https:\/\/perso.atilf.fr\/asmith\/wp-json\/wp\/v2\/media?parent=15"}],"curies":[{"name":"wp","href":"https:\/\/api.w.org\/{rel}","templated":true}]}}