{"id":35,"date":"2015-06-29T13:47:31","date_gmt":"2015-06-29T12:47:31","guid":{"rendered":"https:\/\/apps.atilf.fr\/homepages\/bbouard\/?page_id=35"},"modified":"2020-09-04T16:08:41","modified_gmt":"2020-09-04T15:08:41","slug":"accueil","status":"publish","type":"page","link":"https:\/\/perso.atilf.fr\/bbouard\/","title":{"rendered":"Accueil"},"content":{"rendered":"<p style=\"text-align: left\"><span style=\"text-decoration: underline\"><strong>Fonctions<\/strong><\/span><\/p>\n\n<table id=\"tablepress-3\" class=\"tablepress tablepress-id-3\">\n<tbody class=\"row-striping row-hover\">\n<tr class=\"row-1\">\n\t<td class=\"column-1\"><a href=\"https:\/\/perso.atilf.fr\/bbouard\/wp-content\/uploads\/sites\/55\/2020\/09\/photo_3-rotated-e1599230418725.jpg\"><img loading=\"lazy\" decoding=\"async\" src=\"https:\/\/perso.atilf.fr\/bbouard\/wp-content\/uploads\/sites\/55\/2020\/09\/photo_3-rotated-e1599230418725.jpg\" alt=\"\" width=\"200\" height=\"200\" class=\"alignleft size-full wp-image-115\" \/><\/a><\/td><td class=\"column-2\">Ma\u00eetre de conf\u00e9rences en linguistique fran\u00e7aise (sections 7 et 9)<br \/>\n<br \/>\nResponsable adjointe de l'\u00e9quipe <em>Linguistique historique fran\u00e7aise et romane<\/em> de l'ATILF<\/td>\n<\/tr>\n<\/tbody>\n<\/table>\n<!-- #tablepress-3 from cache -->\n<p><span style=\"text-decoration: underline\"><strong>Coordonn\u00e9es au laboratoire ATILF<\/strong><\/span><\/p>\n\n<table id=\"tablepress-4\" class=\"tablepress tablepress-id-4\">\n<tbody class=\"row-striping\">\n<tr class=\"row-1\">\n\t<td class=\"column-1\">\u00c9quipes<\/td><td class=\"column-2\">\u2022 Linguistique historique fran\u00e7aise et romane<br \/>\n\u2022 Discours<\/td>\n<\/tr>\n<tr class=\"row-2\">\n\t<td class=\"column-1\">Courriel<\/td><td class=\"column-2\"><a href=\"mailto:berengere.bouard@atilf.fr\">berengere.bouard@atilf.fr<\/a><\/td>\n<\/tr>\n<tr class=\"row-3\">\n\t<td class=\"column-1\">T\u00e9l\u00e9phone<\/td><td class=\"column-2\">+33 (0)3 54 50 53 15<\/td>\n<\/tr>\n<tr class=\"row-4\">\n\t<td class=\"column-1\">Lieu<\/td><td class=\"column-2\">Bureau  211  - 2\u00e8me \u00e9tage <a href=\"http:\/\/www.atilf.fr\/spip.php?article70\" target=\"_blank\" rel=\"noopener noreferrer\">B\u00e2timent CNRS<\/a><\/td>\n<\/tr>\n<tr class=\"row-5\">\n\t<td class=\"column-1\">Adresse<\/td><td class=\"column-2\">ATILF (CNRS &amp; Universit\u00e9 de Lorraine) <br \/>\n44, avenue de la Lib\u00e9ration <br \/>\nB.P. 30687 <br \/>\n54063 Nancy Cedex<\/td>\n<\/tr>\n<\/tbody>\n<\/table>\n<!-- #tablepress-4 from cache -->\n<p><span style=\"text-decoration: underline\"><strong>Coordonn\u00e9es \u00e0 l&rsquo;Universit\u00e9 de Lorraine<\/strong><\/span><\/p>\n<div>\n<table id=\"tablepress-10\" class=\"tablepress tablepress-id-10\">\n<tbody class=\"row-striping\">\n<tr class=\"row-1\">\n\t<td class=\"column-1\">UFR<\/td><td class=\"column-2\">Arts, Lettres et Langues<br \/>\nD\u00e9partement Lettres<\/td>\n<\/tr>\n<tr class=\"row-2\">\n\t<td class=\"column-1\">Courriel<\/td><td class=\"column-2\"><a href=\"mailto:berengere.bouard@univ-lorraine.fr\">berengere.bouard@univ-lorraine.fr<\/a><\/td>\n<\/tr>\n<tr class=\"row-3\">\n\t<td class=\"column-1\">Lieu<\/td><td class=\"column-2\">Bureau A247<\/td>\n<\/tr>\n<tr class=\"row-4\">\n\t<td class=\"column-1\">Adresse<\/td><td class=\"column-2\">Universit\u00e9 de Lorraine - Campus Lettres et Sciences Humaines <br \/>\nUFR  Arts Lettres et Langues<br \/>\n23 boulevard Albert 1er <br \/>\nBP 13397<br \/>\n54015 NANCY<\/td>\n<\/tr>\n<\/tbody>\n<\/table>\n<!-- #tablepress-10 from cache --><\/div>\n","protected":false},"excerpt":{"rendered":"<p>Fonctions Coordonn\u00e9es au laboratoire ATILF Coordonn\u00e9es \u00e0 l&rsquo;Universit\u00e9 de Lorraine<\/p>\n","protected":false},"author":1,"featured_media":0,"parent":0,"menu_order":0,"comment_status":"closed","ping_status":"closed","template":"","meta":{"footnotes":""},"class_list":["post-35","page","type-page","status-publish","hentry"],"_links":{"self":[{"href":"https:\/\/perso.atilf.fr\/bbouard\/wp-json\/wp\/v2\/pages\/35","targetHints":{"allow":["GET"]}}],"collection":[{"href":"https:\/\/perso.atilf.fr\/bbouard\/wp-json\/wp\/v2\/pages"}],"about":[{"href":"https:\/\/perso.atilf.fr\/bbouard\/wp-json\/wp\/v2\/types\/page"}],"author":[{"embeddable":true,"href":"https:\/\/perso.atilf.fr\/bbouard\/wp-json\/wp\/v2\/users\/1"}],"replies":[{"embeddable":true,"href":"https:\/\/perso.atilf.fr\/bbouard\/wp-json\/wp\/v2\/comments?post=35"}],"version-history":[{"count":41,"href":"https:\/\/perso.atilf.fr\/bbouard\/wp-json\/wp\/v2\/pages\/35\/revisions"}],"predecessor-version":[{"id":241,"href":"https:\/\/perso.atilf.fr\/bbouard\/wp-json\/wp\/v2\/pages\/35\/revisions\/241"}],"wp:attachment":[{"href":"https:\/\/perso.atilf.fr\/bbouard\/wp-json\/wp\/v2\/media?parent=35"}],"curies":[{"name":"wp","href":"https:\/\/api.w.org\/{rel}","templated":true}]}}