{"id":17,"date":"2015-06-29T13:43:37","date_gmt":"2015-06-29T12:43:37","guid":{"rendered":"https:\/\/apps.atilf.fr\/homepages\/benzitoun\/?page_id=17"},"modified":"2023-07-06T14:01:21","modified_gmt":"2023-07-06T13:01:21","slug":"publications","status":"publish","type":"page","link":"https:\/\/perso.atilf.fr\/benzitoun\/publications\/","title":{"rendered":"Publications"},"content":{"rendered":"<p><strong><u>Coordination d\u2019ouvrage<\/u><\/strong><\/p>\n<ul>\n<li>(2022) (avec Denis Apoth\u00e9loz, Marie-Jos\u00e9 B\u00e9guelin, Gilles Corminboeuf, Jos\u00e9 Deulofeu, Dominique Willems) <em>Descriptions du fran\u00e7ais parl\u00e9. Hommage \u00e0 Claire Blanche-Benveniste<\/em>, Revue <em>Langue fran\u00e7aise<\/em>, 216.<\/li>\n<li>(2021) (avec M. Rebuschi), <em>Les corpus en sciences humaines et sociales<\/em>, PUN \u00c9ditions universitaires de Lorraine.<\/li>\n<li>(2020) (avec J.-M. Debaisieux), <em>Orf\u00e9o\u00a0: un corpus et une plateforme pour l\u2019\u00e9tude du fran\u00e7ais contemporain<\/em>, <em>Langages <\/em>219, Armand Colin.<\/li>\n<li>(2014) (avec H. Tyne, A. Boulton, V. Andr\u00e9 &amp; Yan Greub), <em>French through Corpora: Ecological and Data-Driven Perspectives in French Language Studies<\/em>, Cambridge Scholars Press.<\/li>\n<\/ul>\n<p>&nbsp;<\/p>\n<p><strong><u>Revues \u00e0 comit\u00e9 de lecture<\/u><\/strong><\/p>\n<ul>\n<li>(2022) (avec Denis Apoth\u00e9loz, Marie-Jos\u00e9 B\u00e9guelin, Gilles Corminboeuf, Jos\u00e9 Deulofeu, Dominique Willems) Descriptions du fran\u00e7ais parl\u00e9. Pr\u00e9sentation, in Apoth\u00e9loz et al. (dir.), <em>Descriptions du fran\u00e7ais parl\u00e9. Hommage \u00e0 Claire Blanche-Benveniste<\/em>, Revue <em>Langue fran\u00e7aise<\/em>, 216.<\/li>\n<li>(2020) (avec Christine da Silva-Genest, Lo\u00efc Li\u00e9geois, Caroline Masson, Marine Le Men\u00e9), <em>Rabot, s\u00e9cateur, t\u00e9l\u00e9ph\u00e9rique\u00a0<\/em>: interroger la pertinence des choix lexicaux dans les outils d\u2019\u00e9valuation du langage en orthophonie, in O. Tremblay &amp; D. Anctil (dir.), <em>Recherches actuelles en didactique du lexique\u00a0: avanc\u00e9es, r\u00e9flexions, m\u00e9thodes<\/em>, Revue <em>Lidil<\/em><\/li>\n<li>(2020) Pour un fran\u00e7ais parl\u00e9 de r\u00e9f\u00e9rence \u00e0 partir de corpus, in R. Gagnon &amp; V. Bourhis (coord.), <em>Les corpus oraux et leur didactisation<\/em>, <em>\u00e9la <\/em>198, Klincksieck, pp. 137-148.<\/li>\n<li>(2020) (avec Jeanne-Marie Debaisieux), Pr\u00e9sentation, in J.-M. Debaisieux &amp; C. Benzitoun (dir.), <em>Orf\u00e9o\u00a0: un corpus et une plateforme pour l\u2019\u00e9tude du fran\u00e7ais contemporain<\/em>, <em>Langages <\/em>219, Armand Colin, pp. 9-24.<\/li>\n<li>(2020) (avec C. \u00c9tienne), M\u00e9thodologie d\u2019harmonisation et de traitement des donn\u00e9es orale du C\u00c9FC, <em>Orf\u00e9o\u00a0: un corpus et une plateforme pour l\u2019\u00e9tude du fran\u00e7ais contemporain<\/em>, <em>Langages <\/em>219, Armand Colin, pp. 39-52.<\/li>\n<li>(2020) (avec Roxane Gagnon), Le fran\u00e7ais parl\u00e9 comme objet d\u2019enseignement\u00a0? Regards crois\u00e9s d\u2019une didacticienne et d\u2019un linguiste, in C. Marlot &amp; M. Drucrey-Monnier (dir.), <em>La circulation des savoirs de la recherche en didactique(s) entre les espaces de l\u2019enseignement, de la recherche et de la formation<\/em>, Revue des HEP, 26, pp. 37-51.<\/li>\n<li>(2019) (avec Romain Filstroff), Discours de r\u00e9f\u00e9rence sur la linguistique et la langue fran\u00e7aise \u00e0 l\u2019heure de YouTube. La chaine <em>Linguisticae<\/em>, in A. Dister et S. Piron (dir.), <em>Les discours de r\u00e9f\u00e9rence sur la langue fran\u00e7aise<\/em>, Bruxelles\u00a0: Presses de l\u2019Universit\u00e9 Saint-Louis, pp. 335-349.<\/li>\n<li>(2017) (avec Paul Cappeau &amp; Gilles Corminboeuf), R\u00e9flexions sur les exploitations diff\u00e9renci\u00e9es de la grammaire, in G. Dostie, F. Di\u00e9moz &amp; P. Hadermann (\u00e9ds), <em>Cadrage sur la variation, le changement lexical et le changement grammatical en fran\u00e7ais actuel<\/em>, Revue de S\u00e9mantique et Pragmatique, 41-42, pp. 135-154.<\/li>\n<li>(2016) (avec Jeanne-Marie Debaisieux &amp; Jos\u00e9 Deulofeu), Le projet ORF\u00c9O\u00a0: un corpus d\u2019\u00e9tude pour le fran\u00e7ais contemporain, in M. Avanzi, M.J. B\u00e9guelin &amp; F. Di\u00e9moz (coord.), <em>Corpus de fran\u00e7ais parl\u00e9 et fran\u00e7ais parl\u00e9 des corpus<\/em>, Revue <em>Corpus<\/em>, 15, pp. 91-114.<\/li>\n<li>(2015) (avec Gilles Corminboeuf), Liaisons de pr\u00e9dications \u00ab\u00a0non marqu\u00e9es\u00a0\u00bb\u00a0: cuisine et d\u00e9pendances, in A. Roig &amp; D. Van Raemdonck, <em>Les liaisons de pr\u00e9dications\u00a0: lorsque la marque s\u2019estompe<\/em>, <em>Langages<\/em>, 200, Larousse, pp. 87-102.<\/li>\n<li>(2014) (avec G. Corminboeuf) Approches non gradualistes des liaisons de pr\u00e9dications\u00a0: l\u2019exemple des mod\u00e8les macro-syntaxiques, in A. Roig &amp; D. Van Raemdonck, <em>Les liaisons de pr\u00e9dications<\/em>, <em>Langue Fran\u00e7aise<\/em>, 182, pp 43-58.<\/li>\n<li>(2014) (avec G. Corminboeuf) Evaluation critique des mod\u00e8les graduels et non graduels de l\u2019int\u00e9gration syntaxique, Corela [En ligne], 12-1 | 2014, mis en ligne le 30 juin 2014. URL : http:\/\/corela.revues.org\/3480.<\/li>\n<li>(2013) (avec Fr\u00e9d\u00e9ric Sabio), Sur les relations entre syntaxe et discours\u00a0: dispositifs de la rection et dispositifs macrosyntaxiques, in Saffi S., Cadd\u00e9o S., Genc\u0103r\u0103u \u015e., Timoc-Bardy R. (coord.), <em>La subordination \u00e0 travers les langues romanes Hommage au professeur Henri-Jos\u00e9 Deulofeu<\/em>, <em>Studia Universitatis Babe\u015f-Bolyai<\/em>, Serie Philologia, Volume 58\/4, 97-110, URL\u00a0: <a href=\"http:\/\/www.studia.ubbcluj.ro\/download\/pdf\/819.pdf\">http:\/\/www.studia.ubbcluj.ro\/download\/pdf\/819.pdf<\/a>.<\/li>\n<li>(2013) Adjectifs \u00e9pith\u00e8tes alternants en fran\u00e7ais parl\u00e9\u00a0: premiers r\u00e9sultats, in Sabio F. (dir.), <em>Le fran\u00e7ais parl\u00e9<\/em>,<em> TIPA<\/em>. Travaux interdisciplinaires sur la parole et le langage [En ligne], N\u00b029, URL : <a href=\"http:\/\/tipa.revues.org\/585\">http:\/\/tipa.revues.org\/585<\/a>.<\/li>\n<li>(2013) \u00c9tude syntaxique de <em>quand<\/em> et <em>avant que<\/em> : entre rection, association et autonomie, in Bertin A., Bat-Zeev Shyldkrot H., Soutet O. (\u00e9d.), <em>Subordonnants et subordination : fronti\u00e8res, chevauchements et cas limites<\/em>, <em>Langages<\/em>, n\u00b0190, pp. 51-65.<\/li>\n<li>(2013) Faut-il <em>remettre les pendules <\/em>de la subordination temporelle <em>\u00e0 l\u2019heure\u00a0<\/em>? Description de deux fonctionnements de <em>quand <\/em>et <em>avant que\/de<\/em>, in W. De Mulder, J. Mortelmans &amp; T. Mortelmans (\u00e9d.), <em>Marqueurs temporels et modaux en usage<\/em>,<em> Cahiers<\/em> <em>Chronos<\/em> 26, pp. 419-435.<\/li>\n<li>(2010) (avec Lolita B\u00e9rard), Mutualisation et uniformisation de ressources de fran\u00e7ais parl\u00e9, in Azzopardi S. (coord), <em>Corpus, Donn\u00e9es, Mod\u00e8les<\/em>, <em>Cahiers de Prax\u00e9matique<\/em>, 54-55, PULM : Montpellier, pp. 175-188, paru en 2013.<\/li>\n<li>(2010) (avec Fr\u00e9d\u00e9ric Sabio), O\u00f9 finit la phrase\u00a0? O\u00f9 commence le texte\u00a0?, <em>Discours<\/em> [En ligne], 7\u00a0|\u00a02010, mis en ligne le 20 d\u00e9cembre 2010. URL\u00a0: <a href=\"http:\/\/discours.revues.org\/7966\">http:\/\/discours.revues.org\/7966<\/a><\/li>\n<li>(2010) (avec Sol\u00e8ne Bresson, Laure Budzinski, Jeanne-Marie Debaisieux, Klara Holzheimer), Quand un corpus rencontre un adjectif du troisi\u00e8me type. Etude distributionnelle de <em>prochain<\/em>, in M. Olivi\u00e9ri (\u00e9d.), <em>La syntaxe de corpus<\/em>, <em>Corpus <\/em>N\u00b09, pp. 245-264.<\/li>\n<li>(2010) Description linguistique assist\u00e9e par ordinateur\u00a0: r\u00e9flexion autour des outils et des ressources, <em>Travaux linguistiques du Cerlico<\/em> 23, pp. 145-162.<\/li>\n<li>(2010) Quelle(s) unit\u00e9(s) syntaxique(s) maximale(s) en fran\u00e7ais parl\u00e9\u00a0? Discussions autours de quelques probl\u00e8mes rencontr\u00e9s, in A. Gautier, L. Pino Serrano &amp; D. Van Raemdonck (\u00e9ds.), <em>Les limites de la rection verbale<\/em>, <em>Travaux de linguistique<\/em> N\u00b060, Duculot, pp. 109-126.<\/li>\n<li>(2010) Et si demain on voulait \u00e9laborer une grammaire du fran\u00e7ais parl\u00e9 sur corpus\u2026 La question des donn\u00e9es, in J.-M. Debaisieux, T. Bertin &amp; M. Husianycia, <em>Verbum<\/em> Tome XXX, N\u00b04, pp. 329-342.<\/li>\n<li>(2008) Annotation morphosyntaxique\u00a0: <em>o<\/em>\u00f9 est le probl\u00e8me, in Constant M., Dister A., Emirkanian L. et Piron S. (\u00e9ds), <em>Description linguistique pour le traitement automatique du fran\u00e7ais<\/em>,<em> Cahiers du Cental <\/em>5, Presses Universitaires de Louvain, pp. 127-142.<\/li>\n<li>(2008) Qui est <em>quand\u00a0<\/em>?, in Lefeuvre Florence et Pierrard Michel (\u00e9d.), <em>Les proformes ind\u00e9finies\u00a0: ind\u00e9finition et pr\u00e9dication<\/em>, <em>Langue Fran\u00e7aise <\/em>158, Larousse, pp. 129-143.<\/li>\n<li>(2007) Approche comparative de la notion de degr\u00e9 en syntaxe \u00e0 travers l\u2019opposition entre subordination et coordination, in Hadermann, Pierrard &amp; van Raemdonck (\u00e9d.), <em>La<\/em> <em>scalarit\u00e9 \u2013 autant de moyens d\u2019expression, autant d\u2019effets de sens<\/em>, <em>Travaux de linguistique<\/em> 54\/1, Duculot, pp. 121-132.<\/li>\n<li>(2006) Examen de la notion de \u00ab\u00a0subordination\u00a0\u00bb\u00a0: le cas des <em>quand <\/em>\u00ab\u00a0insubordonn\u00e9s\u00a0\u00bb, in Georges Rebuschi &amp; Isabelle Bril (dir.), <em>Coordination et subordination\u00a0: typologie et mod\u00e9lisation<\/em>,<em> Faits de Langues<\/em> 28, Ophrys, pp. 35-46.<\/li>\n<li>(2006) <em>Quand<\/em> et <em>lorsque<\/em> sont-ils synonymes ?, <em>Working Papers in Linguistic Informatics <\/em>12, pp. 167-182.<\/li>\n<\/ul>\n<p>&nbsp;<\/p>\n<p><strong><u>Ouvrages collectifs<\/u><\/strong><\/p>\n<ul>\n<li>(2021) (avec Christophe Parisse, Carole Etienne &amp; Lo\u00efc L\u00e9geois) Agr\u00e9gation automatis\u00e9e de corpus de fran\u00e7ais parl\u00e9, <em>Des corpus num\u00e9riques \u00e0 l\u2019analyse linguistique en langues de sp\u00e9cialit\u00e9<\/em>, in Fr\u00e9rot C. &amp; Pecman M. (dir.), UGA Editions, pp. 61-86.<\/li>\n<li>(2021) Segmentation du fran\u00e7ais parl\u00e9 et grammaire du fran\u00e7ais tout court, <em>Une grammaire \u00e0 l\u2019aune de l\u2019oral ?<\/em>, in Cappeau P. (dir.), Presses universitaires de Rennes, pp. 61-79.<\/li>\n<li>(2014) Chapter 5. The Study of Syntax in French\u00a0: Contemporary Methods and Findings, <em>French though Corpora: Ecological and Data-Driven Perspectives in French Language Studies<\/em>, in Tyne H., Andr\u00e9 V., Benzitoun C., Boulton A. and Greub Y. (eds.), Cambridge Scholars Press.<\/li>\n<li>(2013) Chapitre 6. Description des s\u00e9quences introduites par <em>quand<\/em> en fran\u00e7ais parl\u00e9, <em>Analyses linguistiques sur corpus\u00a0: Subordination et insubordination en fran\u00e7ais<\/em>, in Debaisieux J.M. (dir.), Trait\u00e9 IC2, s\u00e9rie Cognition et traitement de l&rsquo;information, Herm\u00e8s-Lavoisier, pp. 249-292.<\/li>\n<li>(2010) Comment <em>tirer profit <\/em>de la para<em>taxe\u00a0<\/em>? Etude sur les encha\u00eenements de constructions verbales, in M.-J. B\u00e9guelin, M. Avanzi &amp; G. Corminboeuf, <em>La Parataxe\u00a0: Entre d\u00e9pendance et int\u00e9gration syntaxique<\/em>, Tome 1, Collection Sciences pour la communication 91, Peter Lang, pp.153-174.<\/li>\n<li>(2008) <em>Transcriber<\/em> Un outil d\u2019assistance \u00e0 la transcription, in Bilger M. (coord.), <em>Donn\u00e9es orales<\/em> <em>Les enjeux de la transcription<\/em>, Presses Universitaires de Perpignan, pp. 269-277.<\/li>\n<li>(2005) (avec Sandrine Cadd\u00e9o) Indices linguistiques pour le rep\u00e9rage automatique de certains types d\u2019apposition dans un corpus de presse, in Geoffrey Williams (\u00e9d.), <em>La linguistique de corpus<\/em>, Collection rivages linguistiques, Presses Universitaires de Rennes, pp. 307-321.<\/li>\n<\/ul>\n<p>&nbsp;<\/p>\n<p><strong><u>Fiches de synth\u00e8se<\/u><\/strong><\/p>\n<ul>\n<li>(2016) Pour une autre approche de la question de l\u2019orthographe, texte \u00e9labor\u00e9e en r\u00e9ponse \u00e0 la pol\u00e9mique qu\u2019il y a eu concernant les rectifications orthographiques de 1990, site du projet Fracov, <a href=\"http:\/\/www.univ-paris3.fr\/medias\/fichier\/orthographe-benzitoun_1458300228384.pdf\">http:\/\/www.univ-paris3.fr\/medias\/fichier\/orthographe-benzitoun_1458300228384.pdf<\/a><\/li>\n<li>(en cours de r\u00e9daction avec Fr\u00e9d\u00e9rique Saez) Les constituants en <em>quand<\/em> en fran\u00e7ais, Encyclop\u00e9die Grammaticale du Fran\u00e7ais (EGF).<\/li>\n<li>(2014) Place de l\u2019adjectif \u00e9pith\u00e8te en fran\u00e7ais parl\u00e9, site du projet Fracov, <a href=\"http:\/\/www.univ-paris3.fr\/medias\/fichier\/fiche-place-adjectif_1395905086703.pdf\">http:\/\/www.univ-paris3.fr\/medias\/fichier\/fiche-place-adjectif_1395905086703.pdf<\/a>.<\/li>\n<\/ul>\n<p>&nbsp;<\/p>\n<p><strong><u>Rapports techniques<\/u><\/strong><\/p>\n<ul>\n<li>(2012) (avec Lolita B\u00e9rard) R\u00e9daction du manuel d\u2019annotation de PERCEO (Projet d&rsquo;Etiqueteur Robuste pour l&rsquo;Ecrit et pour l&rsquo;Oral), <a href=\"http:\/\/www.cnrtl.fr\/corpus\/perceo\/Manuel_annotation.pdf\">http:\/\/www.cnrtl.fr\/corpus\/perceo\/Manuel_annotation.pdf<\/a>, 22\/03\/2012.<\/li>\n<li>(2012) (avec Fr\u00e9d\u00e9ric Sabio) R\u00e9daction du manuel exposant le protocole de codage macrosyntaxique dans le cadre du projet Rhapsodie, <a href=\"http:\/\/www.projet-rhapsodie.fr\/\">http:\/\/www.projet-rhapsodie.fr\/<\/a>, 30 octobre 2012.<\/li>\n<\/ul>\n<p>&nbsp;<\/p>\n<p><strong><u>Actes de colloques<\/u><\/strong><\/p>\n<ul>\n<li>(2022) (avec Quentin Feltgen, Georgeta Cislaru) \u00c9tude linguistique et statistique des unit\u00e9s de performance \u00e9crite\u00a0: le cas de <em>et<\/em>, Congr\u00e8s Mondial de Linguistique Fran\u00e7aise (CMLF), Orl\u00e9ans.<\/li>\n<li>(2022) \u00c9volution des interrogatives partielles directes en fran\u00e7ais\u00a0: le cas de <em>combien<\/em>, Congr\u00e8s Mondial de Linguistique Fran\u00e7aise (CMLF), Orl\u00e9ans.<\/li>\n<li>(2022) (avec Aleksandra Miletic, Georgeta Cislaru, Santiago Herrera-Yanez) Pro-TEXT: an Annotated Corpus of Keystroke Logs, LREC, Marseille.<\/li>\n<li>(2018) (avec Julie Glikman, Jean-Philippe Goldman, Yves Scherrer, Mathieu Avanzi, Philippe Boula de Mare\u00fcil) <em>Donnez votre fran\u00e7ais \u00e0 la science\u00a0! <\/em>Internet et la documentation de la diversit\u00e9 linguistique\u00a0: pr\u00e9sentation de la plateforme et premiers r\u00e9sultats, Congr\u00e8s Mondial de Linguistique Fran\u00e7aise (CMLF).<\/li>\n<li>(2018) (avec Jean-Philippe Goldman, Yves Scherrer, Julie Glikman, Mathieu Avanzi, Philippe Boula de Mare\u00fcil) Crowdsourcing regional variables and automatic geolocalisation of speakers of European French, 11th edition of the <em>Language Resources and Evaluation Conference <\/em>(LREC), 7-12 May 2018, Miyazaki (Japan).<\/li>\n<li>(2014) La place de l\u2019adjectif \u00e9pith\u00e8te en fran\u00e7ais\u00a0: ce que nous apprennent les corpus oraux, in Franck Neveu, Peter Blumenthal, Linda Hriba, Annette Gerstenberg, Judith Meinschaefer et Sophie Pr\u00e9vost (Eds.), <em>Congr\u00e8s Mondial de Linguistique Fran\u00e7aise<\/em> \u2013 CMLF 2014, pp. 2333-2348.<\/li>\n<li>(2012) (avec Kar\u00ebn Fort &amp; Beno\u00eet Sagot), TCOF-POS\u00a0: un corpus libre de fran\u00e7ais parl\u00e9 annot\u00e9 en morphosyntaxe, <em>Actes de la conf\u00e9rence conjointe JEP-TALN-RECITAL<\/em>, volume 2\u00a0: TALN, Grenoble, 4-8 juin, pp. 99-112.<\/li>\n<li>(2010) (avec Paul Cappeau), Description sur corpus. Quelques r\u00e9flexions autour des donn\u00e9es et des instruments pour le fran\u00e7ais (parl\u00e9) \u00e0 travers la description de <em>cause <\/em>et <em>causer<\/em>, in F. Neveu, V. Muni Toke, J. Durand, T. Klingler, L. Mondada, S. Pr\u00e9vost (\u00e9ds.), Congr\u00e8s Mondial de Linguistique Fran\u00e7aise &#8211; CMLF 2010, pp. 1383-1398.<\/li>\n<li>(2010) (avec Anne Dister, Kim Gerdes, Sylvain Kahane, Paola Pietrandrea, Fr\u00e9d\u00e9ric Sabio et Jeanne-Marie Debaisieux), tu veux couper l\u00e0 faut dire pourquoi. Propositions pour une segmentation syntaxique du fran\u00e7ais parl\u00e9, in F. Neveu, V. Muni Toke, J. Durand, T. Klingler, L. Mondada, S. Pr\u00e9vost (\u00e9ds.), Congr\u00e8s Mondial de Linguistique Fran\u00e7aise &#8211; CMLF 2010, pp. 2075-2090.<\/li>\n<li>(2005) Description d\u00e9taill\u00e9e des subordonn\u00e9es non d\u00e9pendantes\u00a0: le cas de <em>quand<\/em>, Actes de la conf\u00e9rence <em>TALN<\/em>, 6-10 juin 2005, Dourdan, Tome I, pp. 333-342.<\/li>\n<li>(2005) (avec Jean V\u00e9ronis) Probl\u00e8mes d\u2019annotation d\u2019un corpus oral dans le cadre de la campagne EASY, Actes de la conf\u00e9rence <em>TALN<\/em>, 6-10 juin 2005, Dourdan, Tome II, pp. 13-16.<\/li>\n<li>(2004) L\u2019annotation syntaxique de corpus oraux constitue-t-elle un probl\u00e8me sp\u00e9cifique\u00a0?, Actes de la conf\u00e9rence <em>RECITAL<\/em>, 19-22 avril 2004, F\u00e8s, pp. 13-22.<\/li>\n<li>(2003) \u00c9tude syntaxique du mot <em>quand<\/em> en fran\u00e7ais contemporain : probl\u00e8mes et m\u00e9thode, Mouret, Raynal, Tellier (\u00e9d.), Actes du <em>Huiti\u00e8me Atelier des Doctorants en Linguistique<\/em>, 7-8 juillet 2003, Paris, pp. 10-16.<\/li>\n<li>(2003) Un \u00ab\u00a0langage pivot\u00a0\u00bb pour articuler description et formalisation : l\u2019exemple des verbes introducteurs de \u00ab\u00a0que-phrases\u00a0\u00bb, Actes de la conf\u00e9rence <em>RECITAL<\/em>, 11-14 juin 2003, Batz-sur-Mer, pp. 501-506.<\/li>\n<\/ul>\n<p>&nbsp;<\/p>\n<p><strong><u>Comptes-rendus d&rsquo;ouvrages<\/u><\/strong><\/p>\n<ul>\n<li>(2022) Ma\u00eft\u00e9 Dupont, <em>Conjunctive Markers of Contrast in English and French. From syntax to lexis and discourse<\/em> (Studies in Corpus Linguistics 99), John Benjamins, <em>Journal of French Language Studies<\/em>, Volume 32\/3.<\/li>\n<li>(2021) Marie-Jos\u00e9 B\u00e9guelin, Gilles Corminboeuf &amp; Florence Lefeuvre (dir.), <em>Types d\u2019unit\u00e9s et proc\u00e9dures de segmentation<\/em>, Revue Scolia, 35.<\/li>\n<li>(2007) Denis Creissels, <em>Syntaxe g\u00e9n\u00e9rale une introduction typologique 2 la phrase<\/em>, Revue Traitement Automatique des Langues, Volume 47, n\u00b01.<\/li>\n<li>(2005) Jo\u00ebl GAPANY, <em>Formes et fonctions des relatives en fran\u00e7ais. Etude syntaxique et s\u00e9mantique<\/em>, Revue Traitement Automatique des Langues, Volume 46, n\u00b02.<\/li>\n<\/ul>\n","protected":false},"excerpt":{"rendered":"<p>Coordination d\u2019ouvrage (2022) (avec Denis Apoth\u00e9loz, Marie-Jos\u00e9 B\u00e9guelin, Gilles Corminboeuf, Jos\u00e9 Deulofeu, Dominique Willems) Descriptions du fran\u00e7ais parl\u00e9. Hommage \u00e0 Claire Blanche-Benveniste, Revue Langue fran\u00e7aise, 216. (2021) (avec M. Rebuschi), Les corpus en sciences humaines et sociales, PUN \u00c9ditions universitaires de Lorraine. (2020) (avec J.-M. Debaisieux), Orf\u00e9o\u00a0: un corpus et une plateforme pour l\u2019\u00e9tude du [&hellip;]<\/p>\n","protected":false},"author":1,"featured_media":0,"parent":0,"menu_order":0,"comment_status":"closed","ping_status":"closed","template":"","meta":{"footnotes":""},"class_list":["post-17","page","type-page","status-publish","hentry"],"_links":{"self":[{"href":"https:\/\/perso.atilf.fr\/benzitoun\/wp-json\/wp\/v2\/pages\/17","targetHints":{"allow":["GET"]}}],"collection":[{"href":"https:\/\/perso.atilf.fr\/benzitoun\/wp-json\/wp\/v2\/pages"}],"about":[{"href":"https:\/\/perso.atilf.fr\/benzitoun\/wp-json\/wp\/v2\/types\/page"}],"author":[{"embeddable":true,"href":"https:\/\/perso.atilf.fr\/benzitoun\/wp-json\/wp\/v2\/users\/1"}],"replies":[{"embeddable":true,"href":"https:\/\/perso.atilf.fr\/benzitoun\/wp-json\/wp\/v2\/comments?post=17"}],"version-history":[{"count":12,"href":"https:\/\/perso.atilf.fr\/benzitoun\/wp-json\/wp\/v2\/pages\/17\/revisions"}],"predecessor-version":[{"id":310,"href":"https:\/\/perso.atilf.fr\/benzitoun\/wp-json\/wp\/v2\/pages\/17\/revisions\/310"}],"wp:attachment":[{"href":"https:\/\/perso.atilf.fr\/benzitoun\/wp-json\/wp\/v2\/media?parent=17"}],"curies":[{"name":"wp","href":"https:\/\/api.w.org\/{rel}","templated":true}]}}