{"id":218,"date":"2021-01-09T23:10:11","date_gmt":"2021-01-09T22:10:11","guid":{"rendered":"https:\/\/perso.atilf.fr\/benzitoun\/?page_id=218"},"modified":"2025-04-23T15:09:04","modified_gmt":"2025-04-23T14:09:04","slug":"presse-grand-public","status":"publish","type":"page","link":"https:\/\/perso.atilf.fr\/benzitoun\/presse-grand-public\/","title":{"rendered":"Presse \/ Grand public"},"content":{"rendered":"<p><strong>Livres<\/strong><\/p>\n<ul>\n<li><a href=\"https:\/\/www.gallimard.fr\/Catalogue\/GALLIMARD\/Tracts\/Le-francais-va-tres-bien-merci\" target=\"_blank\" rel=\"noopener\"><em>Le fran\u00e7ais va tr\u00e8s bien, merci<\/em><\/a>, dans la collection Tracts Gallimard<\/li>\n<li>Ouvrage aux \u00e9ditions <em>Le Robert<\/em> : <em><a href=\"https:\/\/www.lerobert.com\/autour-des-mots\/francais\/qui-veut-la-peau-du-francais-9782321016885.html\">Qui veut la peau du fran\u00e7ais ?<\/a><\/em><\/li>\n<li>Billet sur la grammaire dans l&rsquo;ouvrage <a href=\"https:\/\/www.lerobert.com\/autour-des-mots\/francais\/le-francais-n-existe-pas-9782321016106.html\"><em>Le fran\u00e7ais n&rsquo;existe pas <\/em><\/a>d&rsquo;Arnaud Hoedt et J\u00e9r\u00f4me Piron.<\/li>\n<\/ul>\n<p><b>Articles et interviews \u00e9crits sur l\u2019orthographe et la langue fran\u00e7aise<\/b><\/p>\n<ul>\n<li><em>L&rsquo;actualit\u00e9\u00a0<\/em>(2025) : <a href=\"https:\/\/lactualite.com\/societe\/la-dicterie-plutot-que-la-dictee\" target=\"_blank\" rel=\"noopener\">La Dicterie plut\u00f4t que la dict\u00e9e<\/a><\/li>\n<li><em>T\u00e9l\u00e9rama\u00a0<\/em>(2025) : <a href=\"https:\/\/www.telerama.fr\/debats-reportages\/rous-chevaus-plaifants-a-bas-la-dictature-de-la-dictee-avec-les-linguistes-atterre-e-s-7024887.php\" target=\"_blank\" rel=\"noopener\">Rous, chevaus, plaifants\u2026 \u00e0 bas la dictature de la dict\u00e9e avec les Linguistes atterr\u00e9(e)s<\/a><\/li>\n<li><em>La Croix<\/em> (2025) : <a href=\"https:\/\/www.la-croix.com\/a-vif\/peut-on-enfin-arreter-de-s-inquieter-pour-la-langue-francaise-20250319\" target=\"_blank\" rel=\"noopener\">\u00ab Peut-on (enfin) arr\u00eater de s\u2019inqui\u00e9ter pour la langue fran\u00e7aise ? \u00bb<\/a><\/li>\n<li><em>La Croix<\/em> (2024) : <a href=\"https:\/\/www.la-croix.com\/a-vif\/incoherent-et-heteroclite-le-dictionnaire-de-l-academie-francaise-na-rien-datemporel-20241208\" target=\"_blank\" rel=\"noopener\">Incoh\u00e9rent et h\u00e9t\u00e9roclite, le dictionnaire de l\u2019Acad\u00e9mie fran\u00e7aise n\u2019a rien d\u2019atemporel<\/a><\/li>\n<li><em>Lib\u00e9ration<\/em> (2024) : <a href=\"https:\/\/www.liberation.fr\/idees-et-debats\/tribunes\/le-dictionnaire-de-lacademie-francaise-une-institution-en-crise-derriere-une-facade-fissuree-20241113_4Y72AOSOJJHHVH3QG4HF5GUMPM\/\" target=\"_blank\" rel=\"noopener\">Le dictionnaire de l\u2019Acad\u00e9mie fran\u00e7aise, une institution en crise derri\u00e8re une fa\u00e7ade fissur\u00e9e<\/a><\/li>\n<li><em>Ouest-France <\/em>(2024) : <a href=\"https:\/\/www.ouest-france.fr\/culture\/langue-francaise\/entretien-le-nouveau-dictionnaire-de-lacademie-francaise-est-deja-en-partie-obsolete-d6c2ba26-a283-11ef-b119-2c8e787cc364\" target=\"_blank\" rel=\"noopener\">ENTRETIEN. \u00ab Le nouveau dictionnaire de l\u2019Acad\u00e9mie fran\u00e7aise est d\u00e9j\u00e0 en partie obsol\u00e8te \u00bb<\/a><\/li>\n<li><em>The conversation France<\/em> (2024) : <a href=\"https:\/\/theconversation.com\/enseignement-du-francais-et-peur-de-la-faute-des-liaisons-dangereuses-241702\" target=\"_blank\" rel=\"noopener\">Enseignement du fran\u00e7ais et peur de la faute : des liaisons dangereuses<\/a><\/li>\n<li><em>France 3 R\u00e9gions<\/em> (2023) : <a href=\"https:\/\/france3-regions.francetvinfo.fr\/centre-val-de-loire\/evolution-naturelle-de-la-langue-ou-complot-ideologique-l-ecriture-inclusive-s-attire-les-foudres-de-la-droite-au-senat-2865905.html\" target=\"_blank\" rel=\"noopener\">\u00c9volution naturelle de la langue ou complot \u00ab\u00a0id\u00e9ologique\u00a0\u00bb : l&rsquo;\u00e9criture inclusive s&rsquo;attire les foudres de la droite au S\u00e9nat<\/a><\/li>\n<li><em>Le Monde<\/em> (2023) : \u00ab <a href=\"https:\/\/www.lemonde.fr\/idees\/article\/2023\/10\/15\/pourquoi-il-est-urgent-de-mettre-a-jour-notre-orthographe_6194603_3232.html\" target=\"_blank\" rel=\"noopener\">Pourquoi il est urgent de mettre \u00e0 jour notre orthographe<\/a> \u00bb<\/li>\n<li><em>La Nouvelle R\u00e9publique<\/em> (2023) : <a href=\"https:\/\/www.lanouvellerepublique.fr\/a-la-une\/infographies-plus-d-un-jeune-francais-sur-dix-a-des-difficultes-de-lecture-selon-une-etude\" target=\"_blank\" rel=\"noopener\">Plus d\u2019un jeune Fran\u00e7ais sur dix a des difficult\u00e9s de lecture, selon une \u00e9tude<\/a><\/li>\n<li><em>L&rsquo;\u00e2ge de faire <\/em>(2023) : <a href=\"https:\/\/lagedefaire-lejournal.fr\/ayons-le-francais-detendu\/\" target=\"_blank\" rel=\"noopener\">Ayons le fran\u00e7ais d\u00e9tendu \ud83d\ude09<\/a><\/li>\n<li><em>Lib\u00e9ration <\/em>(2023) : <a href=\"https:\/\/www.liberation.fr\/societe\/education\/sanctionner-les-fautes-au-bac-le-niveau-en-langue-francaise-ne-se-resume-pas-a-lorthographe-20230711_ZWQX3BZ7GFD6LOVJI7MDCFK2QA\/\" target=\"_blank\" rel=\"noopener\">Sanctionner les fautes au bac : \u00abLe niveau en langue fran\u00e7aise ne se r\u00e9sume pas \u00e0 l\u2019orthographe\u00bb<\/a><\/li>\n<li><em>Fen\u00eatres sur Cours<\/em> N\u00b0 490 (2023) : <a href=\"https:\/\/www.snuipp.fr\/publications\/articles\/faire-fonctionner-l-intelligence\" target=\"_blank\" rel=\"noopener\">Faire fonctionner l&rsquo;intelligence<\/a>, dans un dossier intitul\u00e9 <em>Orthographe, rien n&rsquo;est dict\u00e9<\/em>.<\/li>\n<li><em>Observatoire des in\u00e9galit\u00e9s<\/em> (2023) : <a href=\"https:\/\/www.inegalites.fr\/Le-temps-est-venu-de-moderniser-et-de-democratiser-l-orthographe\" target=\"_blank\" rel=\"noopener\">Le temps est venu de moderniser et de d\u00e9mocratiser l&rsquo;orthographe<\/a><\/li>\n<li><em>Slate<\/em> (2022) : <a href=\"https:\/\/www.slate.fr\/story\/237794\/orthographe-dictee-fautes-eleves-deux-fois-plus-parents-accords-verbe-conjugaison-niveau-social-francais-difficile\" target=\"_blank\" rel=\"noopener\">Les \u00e9l\u00e8ves font de plus en plus de fautes d&rsquo;orthographe, mais lesquelles ?<\/a><\/li>\n<li><em>Ouest-France<\/em> (2022) : <a href=\"https:\/\/www.ouest-france.fr\/leditiondusoir\/2022-06-27\/le-niveau-en-orthographe-des-francais-a-regresse-voici-pourquoi-e616139a-da70-42aa-84e3-e8c4ba731ee3\" target=\"_blank\" rel=\"noopener\">Le niveau en orthographe des Fran\u00e7ais a r\u00e9gress\u00e9, voici pourquoi<\/a><\/li>\n<li><em>Le Figaro <\/em>(2022) : <a href=\"https:\/\/www.lefigaro.fr\/langue-francaise\/actu-des-mots\/c-est-dur-de-le-prendre-au-serieux-pourquoi-les-fautes-d-orthographe-nous-crispent-autant-20220501\" target=\"_blank\" rel=\"noopener\">\u00ab\u00a0C&rsquo;est dur de la prendre au s\u00e9rieux\u00a0\u00bb : pourquoi les fautes d&rsquo;orthographe nous crispent autant ?<\/a><\/li>\n<li><em>Lib\u00e9ration<\/em> (2022) : <a href=\"https:\/\/www.liberation.fr\/idees-et-debats\/tribunes\/en-2022-democratisons-lorthographe-20220125_FGXO4JBLBRFFHBBUKUKFPWVVG4\/\" target=\"_blank\" rel=\"noopener\">En 2022, d\u00e9mocratisons l&rsquo;orthographe !<\/a><\/li>\n<li><em>Le Temps<\/em> (2021) : <a href=\"https:\/\/www.letemps.ch\/opinions\/non-suisse-ne-va-defigurer-lorthographe-francaise\" target=\"_blank\" rel=\"noopener noreferrer\">Non, la Suisse ne va pas d\u00e9figurer l&rsquo;orthographe fran\u00e7aise<\/a><\/li>\n<li><em>L&rsquo;Humanit\u00e9<\/em> (2021) : <a href=\"https:\/\/www.humanite.fr\/ecriture-inclusive-que-nous-dit-lintroduction-du-mot-iel-dans-le-petit-robert-729192\" target=\"_blank\" rel=\"noopener noreferrer\">Cachez ce \u00ab\u00a0iel\u00a0\u00bb que je ne saurais voir<\/a><\/li>\n<li><em>Sud Ouest<\/em> (2021) : <a href=\"https:\/\/www.sudouest.fr\/economie\/emploi\/les-fautes-d-orthographe-une-barriere-infranchissable-vers-l-emploi-6812527.php\">Les fautes d&rsquo;orthographe : une barri\u00e8re infranchissable vers l&#8217;emploi ?<\/a><\/li>\n<li><em>Lib\u00e9ration<\/em> (2021) : <a href=\"https:\/\/www.liberation.fr\/societe\/alors-est-ce-quon-doit-on-ecrire-pass-ou-passe-sanitaire-20210728_D4RCPH35RBDRDCZDZAUHZF7FCM\/\">Alors, est-ce qu&rsquo;on doit \u00e9crire \u00ab\u00a0pass\u00a0\u00bb ou \u00ab\u00a0passe\u00a0\u00bb sanitaire ?<\/a><\/li>\n<li><em>L&rsquo;actualit\u00e9<\/em> (2021) : <a href=\"https:\/\/lactualite.com\/societe\/lorthographe-nest-pas-une-fatalite\">L&rsquo;orthographe n&rsquo;est pas une fatalit\u00e9<\/a><\/li>\n<li><em>Strat\u00e9gies <\/em>(2021) : <a href=\"https:\/\/www.strategies.fr\/actualites\/marques\/4065718W\/le-monde-de-la-com-doit-il-s-emparer-de-l-ecriture-inclusive-.html\">Le monde de la com doit-il s&#8217;emparer de l&rsquo;\u00e9criture inclusive ?<\/a><\/li>\n<li><em>Le fran\u00e7ais dans le monde <\/em>(juillet-ao\u00fbt 2021) : <em>Christophe Benzitoun : qui veut le peau du fran\u00e7ais ?<\/em><\/li>\n<li><em>France Culture<\/em> (2021) : <a href=\"https:\/\/www.franceculture.fr\/politique\/lecriture-inclusive-un-debat-tres-politique\">L&rsquo;\u00e9criture inclusive, un d\u00e9bat tr\u00e8s politique<\/a><\/li>\n<li><em>Le t\u00e9l\u00e9gramme<\/em> (2021) : <a href=\"https:\/\/www.letelegramme.fr\/coronavirus\/le-ou-la-covid-19-pourquoi-les-dictionnaires-larousse-et-robert-ne-sont-pas-d-accord-12-05-2021-12749301.php\">le ou la covid-19 : pourquoi les dictionnaires Larousse et Robert ne sont pas d&rsquo;accord<\/a><\/li>\n<li><em>The conversation France<\/em> (2020) : <a href=\"https:\/\/theconversation.com\/sortir-la-grammaire-du-cadre-scolaire-un-projet-pour-explorer-la-langue-francaise-139509\">Sortir la grammaire du cadre scolaire : un projet pour explorer la langue fran\u00e7aise<\/a><\/li>\n<li><i>\u00c7a m\u2019int\u00e9resse<\/i> (septembre 2020) : Interview pour un dossier intitul\u00e9 <em>Faut-il en finir avec la tyrannie de l&rsquo;orthographe ?<\/em><\/li>\n<li><em>The conversation France<\/em> (2020) : <a href=\"https:\/\/theconversation.com\/ecriture-inclusive-un-premier-bilan-de-la-controverse-147630\">\u00c9criture inclusive : un premier bilan de la controverse<\/a><\/li>\n<li><em>Ouest-France<\/em> (2019) : <a href=\"https:\/\/www.ouest-france.fr\/leditiondusoir\/data\/43199\/reader\/reader.html#!preferred\/1\/package\/43199\/pub\/62612\/page\/17\">Ces nouvelles r\u00e8gles d&rsquo;orthographe qui sont pass\u00e9es inaper\u00e7ues<\/a><\/li>\n<li>Rendez-vous annuels <em>Livre sur la place<\/em> &#8211; Ville de Nancy (2019) : Auteure\/Autrice, Lecteure\/Lectrice, quand la langue cherche un f\u00e9minin<\/li>\n<li><em>Sciences Humaines<\/em> (2019) : <a href=\"https:\/\/www.scienceshumaines.com\/enseigner-l-oral-une-faiblesse-francaise_fr_40499.html\">Enseigner l&rsquo;oral, une faiblesse fran\u00e7aise<\/a><\/li>\n<li><em>L&rsquo;Express<\/em> (2018) : <a href=\"https:\/\/www.lexpress.fr\/styles\/psycho\/l-orthographe-est-un-instrument-de-pouvoir_2044098.html\">L&rsquo;orthographe est un instrument de pouvoir<\/a><\/li>\n<li><em>Le T\u00e9l\u00e9gramme<\/em> (2018) : <a href=\"https:\/\/www.letelegramme.fr\/france\/gilets-jaunes-il-n-y-a-aucun-lien-entre-intelligence-et-maitrise-de-l-orthographe-interview-27-12-2018-12172232.php\">Gilets jaunes. \u00ab\u00a0Il n&rsquo;y a aucun lien entre intelligence et ma\u00eetrise de l&rsquo;orthographe\u00a0\u00bb<\/a><\/li>\n<li><em>Ouest-France<\/em> (2018) : <a href=\"https:\/\/www.ouest-france.fr\/leditiondusoir\/data\/35880\/reader\/reader.html#!preferred\/1\/package\/35880\/pub\/51971\/page\/19\">L&rsquo;ortografe, \u00e7a sert \u00e0 koi ?<\/a><\/li>\n<li><em>Sud Ouest<\/em> (2018) : <a href=\"https:\/\/www.sudouest.fr\/2018\/09\/06\/faut-il-modifier-les-regles-d-accord-du-participe-passe-5367820-7498.php\">Faut-il modifier les r\u00e8gles d&rsquo;accord du participe pass\u00e9 ?<\/a><\/li>\n<li><em>Le T\u00e9l\u00e9gramme<\/em> (2018) : <a href=\"https:\/\/www.letelegramme.fr\/france\/gilets-jaunes-une-polemique-sur-les-fautes-d-orthographe-exageree-27-12-2018-12172196.php\">Gilets jaunes. Une pol\u00e9mique sur les fautes d&rsquo;orthographe exag\u00e9r\u00e9e ?<\/a><\/li>\n<li><em>20 Minutes<\/em> (2017) : <a href=\"https:\/\/www.20minutes.fr\/societe\/2158635-20171026-tenez-mescusez-jul-victime-plus-discrimination-orthographe\">\u00ab\u00a0Je tenez \u00e0 mescusez\u00a0\u00bb : Jul est-il une victime de plus de la discrimination par l&rsquo;orthographe ?<\/a><\/li>\n<li><em>Le Point<\/em> (2017) : <a href=\"https:\/\/www.lepoint.fr\/debats\/orthographe-pour-la-fin-d-un-tabou-francais-19-04-2017-2120907_2.php#\">Orthographe : pour la fin d&rsquo;un tabou fran\u00e7ais<\/a><\/li>\n<li><em>Slate<\/em> (2017) : <a href=\"http:\/\/www.slate.fr\/story\/144062\/lortografe-ca-sert-koi\">L&rsquo;orthographe, \u00e7a sert \u00e0 koi ?<\/a><\/li>\n<li><em>Le Point<\/em> (2017) : <a href=\"https:\/\/www.lepoint.fr\/culture\/a-qui-appartient-la-langue-francaise-21-07-2017-2144733_3.php\">\u00c0 qui appartient la langue fran\u00e7aise ?<\/a><\/li>\n<li><em>Ouest-France<\/em> (2017) : <a href=\"https:\/\/www.ouest-france.fr\/leditiondusoir\/data\/12775\/reader\/reader.html#!preferred\/1\/package\/12775\/pub\/18321\/page\/17\">Le site Projet Voltaire rend-il bon en orthographe ?<\/a><\/li>\n<li>Portrait (2017) : <a href=\"https:\/\/theconversation.com\/portrait-de-chercheur-christophe-benzitoun-a-quand-la-revolution-de-lorthographe-francaise-85304\">\u00c0 quand la r\u00e9volution de l&rsquo;orthographe fran\u00e7aise ?<\/a><\/li>\n<\/ul>\n<p><strong>Passages t\u00e9l\u00e9s\/radios<\/strong><\/p>\n<ul>\n<li>Les Grosses T\u00eates RTL (19 novembre 2024) : <a href=\"https:\/\/www.rtl.fr\/programmes\/les-grosses-tetes\/7900442221-le-coup-de-fil-du-jour-un-linguiste-critique-le-dictionnaire-de-l-academie-francaise\" target=\"_blank\" rel=\"noopener\">Un linguiste critique le \u00ab\u00a0Dictionnaire de l&rsquo;Acad\u00e9mie fran\u00e7aise\u00a0\u00bb<\/a><\/li>\n<li><em>Sqool TV La quotidienne<\/em> (7 septembre 2023) : <a href=\"https:\/\/www.youtube.com\/watch?v=_7xsXvLGwo0\" target=\"_blank\" rel=\"noopener\">Que faire face \u00e0 la baisse du niveau en orthographe et en grammaire ?<\/a><\/li>\n<li>Le D\u00e9bat de midi (7 aout 2023) : <a href=\"https:\/\/www.radiofrance.fr\/franceinter\/podcasts\/le-debat-de-midi\/le-debat-de-midi-du-lundi-07-aout-2023-2564014\" target=\"_blank\" rel=\"noopener\">Baisse du niveau de fran\u00e7ais, fantasme ou r\u00e9alit\u00e9 ?<\/a><\/li>\n<li><a href=\"https:\/\/www.radiofrance.fr\/franceinter\/podcasts\/c-est-encore-nous\/c-est-encore-nous-du-jeudi-15-juin-2023-2898968\" target=\"_blank\" rel=\"noopener\"><em>C&rsquo;est encore nous<\/em><\/a> sur France Inter (2023)<\/li>\n<li>RCF Radio (2023) : <a href=\"https:\/\/www.rcf.fr\/actualite\/le-1819-regional-grand-est-1?episode=379171\" target=\"_blank\" rel=\"noopener\">Entretien<\/a> \u00e0 propos de l&rsquo;ouvrage \u00ab\u00a0Le fran\u00e7ais va tr\u00e8s bien, merci\u00a0\u00bb<\/li>\n<li>La m\u00e9diatrice de Radio France : <a href=\"https:\/\/mediateur.radiofrance.com\/videos\/bonjour-a-tous-christophe-benzitoun\/\" target=\"_blank\" rel=\"noopener\">Bonjour \u00e0 tous<\/a><\/li>\n<li>La m\u00e9diatrice de Radio France : <a href=\"https:\/\/mediateur.radiofrance.com\/videos\/pallier-a-christophe-benzitoun\/\" target=\"_blank\" rel=\"noopener\">Pallier \u00e0<\/a><\/li>\n<li>La m\u00e9diatrice de Radio France : <a href=\"https:\/\/mediateur.radiofrance.com\/videos\/cest-de-cela-dont-il-est-question-christophe-benzitoun\/\" target=\"_blank\" rel=\"noopener\">C&rsquo;est de cela dont il est question<\/a><\/li>\n<li>La m\u00e9diatrice de Radio France : <a href=\"https:\/\/mediateur.radiofrance.com\/videos\/par-contre-christophe-benzitoun\/\" target=\"_blank\" rel=\"noopener\"><em>Par contre<\/em>, une locution mal aim\u00e9e ?<\/a><\/li>\n<li>France Info (25 novembre 2021) : <a href=\"https:\/\/www.francetvinfo.fr\/replay-radio\/le-choix-franceinfo\/un-nouveau-membre-elu-a-l-academie-francaise-pour-candidater-il-faut-ecrire-38-lettres-manuscrites_4840341.html\" target=\"_blank\" rel=\"noopener noreferrer\">Un nouveau membre \u00e9lu \u00e0 l&rsquo;Acad\u00e9mie fran\u00e7aise<\/a><\/li>\n<li><em>Caf\u00e9 show<\/em> Radio Canada &#8211; Alberta (26 juillet 2021) : <a href=\"https:\/\/ici.radio-canada.ca\/ohdio\/premiere\/emissions\/le-cafe-show\/episodes\/554608\/rattrapage-du-lundi-26-juillet-2021\/3\">Les standards pour la langue fran\u00e7aise<\/a><\/li>\n<li>Table ronde organis\u00e9e par Le Robert : <a href=\"https:\/\/www.youtube.com\/watch?v=CZiJqA8foss\">Les mots pour changer le monde<\/a><\/li>\n<li><em>De vive(s) voix<\/em> RFI (24 mai 2021) : <a href=\"https:\/\/www.rfi.fr\/fr\/podcasts\/de-vive-s-voix\/20210524-christophe-benzitoun-qui-veut-la-peau-de-la-langue-fran%C3%A7aise\">Qui veut la peau de la langue fran\u00e7aise ?<\/a><\/li>\n<li>19\/20 France 3 Lorraine (8 mars 2021) : <a href=\"https:\/\/20ans.atilf.fr\/les-20-ans-de-latilf-dans-les-medias\/\">Passage en direct sur la f\u00e9minisation dans la langue fran\u00e7aise<\/a><\/li>\n<li><em>Arr\u00eat sur image<\/em> (2017) : <a href=\"https:\/\/www.arretsurimages.net\/emissions\/arret-sur-images\/ecriture-inclusive-lacademie-va-contre-la-langue-francaise\">\u00c9criture inclusive : \u00ab\u00a0L&rsquo;Acad\u00e9mie va contre la langue fran\u00e7aise\u00a0\u00bb<\/a><\/li>\n<\/ul>\n<p><strong>Podcast<\/strong><\/p>\n<ul>\n<li>Caf\u00e9 scientifique Universit\u00e9 de Neuch\u00e2tel (janvier 2022) : <a href=\"https:\/\/soundcloud.com\/user-219788198\/faut-il-corriger-lorthographe\" target=\"_blank\" rel=\"noopener\">Faut-il corriger l&rsquo;orthographe ?<\/a><\/li>\n<\/ul>\n<p><b>Pastille vid\u00e9o<\/b><\/p>\n<ul>\n<li><a href=\"https:\/\/cite-langage.univ-lille.fr\/home.html#item_1_1\">Qu&rsquo;est-ce qu&rsquo;une grammaire ?<\/a><\/li>\n<\/ul>\n","protected":false},"excerpt":{"rendered":"<p>Livres Le fran\u00e7ais va tr\u00e8s bien, merci, dans la collection Tracts Gallimard Ouvrage aux \u00e9ditions Le Robert : Qui veut la peau du fran\u00e7ais ? Billet sur la grammaire dans l&rsquo;ouvrage Le fran\u00e7ais n&rsquo;existe pas d&rsquo;Arnaud Hoedt et J\u00e9r\u00f4me Piron. Articles et interviews \u00e9crits sur l\u2019orthographe et la langue fran\u00e7aise L&rsquo;actualit\u00e9\u00a0(2025) : La Dicterie plut\u00f4t [&hellip;]<\/p>\n","protected":false},"author":18,"featured_media":0,"parent":0,"menu_order":0,"comment_status":"closed","ping_status":"closed","template":"","meta":{"footnotes":""},"class_list":["post-218","page","type-page","status-publish","hentry"],"_links":{"self":[{"href":"https:\/\/perso.atilf.fr\/benzitoun\/wp-json\/wp\/v2\/pages\/218","targetHints":{"allow":["GET"]}}],"collection":[{"href":"https:\/\/perso.atilf.fr\/benzitoun\/wp-json\/wp\/v2\/pages"}],"about":[{"href":"https:\/\/perso.atilf.fr\/benzitoun\/wp-json\/wp\/v2\/types\/page"}],"author":[{"embeddable":true,"href":"https:\/\/perso.atilf.fr\/benzitoun\/wp-json\/wp\/v2\/users\/18"}],"replies":[{"embeddable":true,"href":"https:\/\/perso.atilf.fr\/benzitoun\/wp-json\/wp\/v2\/comments?post=218"}],"version-history":[{"count":51,"href":"https:\/\/perso.atilf.fr\/benzitoun\/wp-json\/wp\/v2\/pages\/218\/revisions"}],"predecessor-version":[{"id":349,"href":"https:\/\/perso.atilf.fr\/benzitoun\/wp-json\/wp\/v2\/pages\/218\/revisions\/349"}],"wp:attachment":[{"href":"https:\/\/perso.atilf.fr\/benzitoun\/wp-json\/wp\/v2\/media?parent=218"}],"curies":[{"name":"wp","href":"https:\/\/api.w.org\/{rel}","templated":true}]}}