{"id":35,"date":"2015-06-29T13:47:31","date_gmt":"2015-06-29T12:47:31","guid":{"rendered":"https:\/\/apps.atilf.fr\/homepages\/benzitoun\/?page_id=35"},"modified":"2021-01-11T16:15:32","modified_gmt":"2021-01-11T15:15:32","slug":"accueil","status":"publish","type":"page","link":"https:\/\/perso.atilf.fr\/benzitoun\/","title":{"rendered":"Accueil"},"content":{"rendered":"<p style=\"text-align: left\"><span style=\"text-decoration: underline\"><strong>Fonctions<\/strong><\/span><\/p>\n\n<table id=\"tablepress-3\" class=\"tablepress tablepress-id-3\">\n<tbody class=\"row-striping row-hover\">\n<tr class=\"row-1\">\n\t<td class=\"column-1\"><img loading=\"lazy\" decoding=\"async\" src=\"https:\/\/perso.atilf.fr\/benzitoun\/wp-content\/uploads\/sites\/14\/2021\/01\/CHRISTOPHE-BENZITOUN-214x300.jpg\" alt=\"\" width=\"214\" height=\"300\" class=\"alignnone size-medium wp-image-225\" srcset=\"https:\/\/perso.atilf.fr\/benzitoun\/wp-content\/uploads\/sites\/14\/2021\/01\/CHRISTOPHE-BENZITOUN-214x300.jpg 214w, https:\/\/perso.atilf.fr\/benzitoun\/wp-content\/uploads\/sites\/14\/2021\/01\/CHRISTOPHE-BENZITOUN-732x1024.jpg 732w, https:\/\/perso.atilf.fr\/benzitoun\/wp-content\/uploads\/sites\/14\/2021\/01\/CHRISTOPHE-BENZITOUN-768x1075.jpg 768w, https:\/\/perso.atilf.fr\/benzitoun\/wp-content\/uploads\/sites\/14\/2021\/01\/CHRISTOPHE-BENZITOUN.jpg 946w\" sizes=\"auto, (max-width: 214px) 100vw, 214px\" \/><\/a><\/td><td class=\"column-2\">Maitre de conf\u00e9rences en linguistique fran\u00e7aise \u00e0 l'universit\u00e9 de Lorraine<br \/>\nResponsable de l'\u00e9quipe <a href=\"https:\/\/www.atilf.fr\/recherche\/axes-disciplinaires\/de-la-syntaxe-au-discours\/\">De la Syntaxe au Discours<\/a> au sein du laboratoire ATILF<br \/>\nMembre du comit\u00e9 \u00e9ditorial de <a href=\"http:\/\/www.encyclogram.fr\">l'Encyclop\u00e9die grammaticale du fran\u00e7ais<\/a><br \/>\n<br \/>\n<img loading=\"lazy\" decoding=\"async\" src=\"https:\/\/perso.atilf.fr\/benzitoun\/wp-content\/uploads\/sites\/14\/2023\/07\/LeFrancaisVaTresBien_web-216x300.jpg\" alt=\"\" width=\"72\" height=\"100\" \/> <i><a href=\"https:\/\/tracts.gallimard.fr\/fr\/products\/le-francais-va-tres-bien-merci\" rel=\"noopener\" target=\"_blank\">Le fran\u00e7ais va tr\u00e8s bien, merci<\/a><\/i><br \/>\n<br \/>\n<img loading=\"lazy\" decoding=\"async\" src=\"https:\/\/perso.atilf.fr\/benzitoun\/wp-content\/uploads\/sites\/14\/2021\/05\/Bouquin-185x300.png\" alt=\"\" width=\"62\" height=\"100\" \/> Disponible gratuitement <i><a href=\"https:\/\/perso.atilf.fr\/benzitoun\/wp-content\/uploads\/sites\/14\/2025\/03\/QuiVeutPeauFrancais.pdf\">Qui veut le peau du fran\u00e7ais ?<\/a><\/i><\/td>\n<\/tr>\n<\/tbody>\n<\/table>\n<!-- #tablepress-3 from cache -->\n<p><span style=\"text-decoration: underline\"><strong>Coordonn\u00e9es au laboratoire ATILF<\/strong><\/span><\/p>\n\n<table id=\"tablepress-4\" class=\"tablepress tablepress-id-4\">\n<tbody class=\"row-striping\">\n<tr class=\"row-1\">\n\t<td class=\"column-1\">Axe<\/td><td class=\"column-2\">De la Syntaxe au Discours<\/td>\n<\/tr>\n<tr class=\"row-2\">\n\t<td class=\"column-1\">Courriel<\/td><td class=\"column-2\"><a href=\"mailto:christophe.benzitoun@atilf.fr\">christophe.benzitoun@atilf.fr<\/a><\/td>\n<\/tr>\n<tr class=\"row-3\">\n\t<td class=\"column-1\">T\u00e9l\u00e9phone<\/td><td class=\"column-2\">+33 (0)3 54 50 53 40<\/td>\n<\/tr>\n<tr class=\"row-4\">\n\t<td class=\"column-1\">Lieu<\/td><td class=\"column-2\">Bureau 103 - 1er \u00e9tage - <a href=\"http:\/\/www.atilf.fr\/spip.php?article70\" target=\"_blank\" rel=\"noopener\">B\u00e2timent CNRS<\/a><\/td>\n<\/tr>\n<tr class=\"row-5\">\n\t<td class=\"column-1\">Adresse<\/td><td class=\"column-2\">ATILF (CNRS &amp; Universit\u00e9 de Lorraine) <br \/>\n44, avenue de la Lib\u00e9ration <br \/>\nB.P. 30687 <br \/>\n54063 Nancy Cedex<\/td>\n<\/tr>\n<\/tbody>\n<\/table>\n<!-- #tablepress-4 from cache -->\n<p><FONT size=\"2pt\">Cr\u00e9dit photo : <i>S\u00e9bastien Di Silvestro \/ Shoot Your Face<\/i><\/FONT><\/p>\n","protected":false},"excerpt":{"rendered":"<p>Fonctions Coordonn\u00e9es au laboratoire ATILF Cr\u00e9dit photo : S\u00e9bastien Di Silvestro \/ Shoot Your Face<\/p>\n","protected":false},"author":1,"featured_media":0,"parent":0,"menu_order":0,"comment_status":"closed","ping_status":"closed","template":"","meta":{"footnotes":""},"class_list":["post-35","page","type-page","status-publish","hentry"],"_links":{"self":[{"href":"https:\/\/perso.atilf.fr\/benzitoun\/wp-json\/wp\/v2\/pages\/35","targetHints":{"allow":["GET"]}}],"collection":[{"href":"https:\/\/perso.atilf.fr\/benzitoun\/wp-json\/wp\/v2\/pages"}],"about":[{"href":"https:\/\/perso.atilf.fr\/benzitoun\/wp-json\/wp\/v2\/types\/page"}],"author":[{"embeddable":true,"href":"https:\/\/perso.atilf.fr\/benzitoun\/wp-json\/wp\/v2\/users\/1"}],"replies":[{"embeddable":true,"href":"https:\/\/perso.atilf.fr\/benzitoun\/wp-json\/wp\/v2\/comments?post=35"}],"version-history":[{"count":39,"href":"https:\/\/perso.atilf.fr\/benzitoun\/wp-json\/wp\/v2\/pages\/35\/revisions"}],"predecessor-version":[{"id":231,"href":"https:\/\/perso.atilf.fr\/benzitoun\/wp-json\/wp\/v2\/pages\/35\/revisions\/231"}],"wp:attachment":[{"href":"https:\/\/perso.atilf.fr\/benzitoun\/wp-json\/wp\/v2\/media?parent=35"}],"curies":[{"name":"wp","href":"https:\/\/api.w.org\/{rel}","templated":true}]}}