{"id":25,"date":"2015-06-29T13:45:00","date_gmt":"2015-06-29T12:45:00","guid":{"rendered":"https:\/\/apps.atilf.fr\/homepages\/?page_id=25"},"modified":"2021-11-10T11:28:40","modified_gmt":"2021-11-10T10:28:40","slug":"recherche","status":"publish","type":"page","link":"https:\/\/perso.atilf.fr\/bfrancioni\/recherche\/","title":{"rendered":"Recherche"},"content":{"rendered":"<p><strong><span style=\"text-decoration: underline\">R\u00e9sum\u00e9<\/span><\/strong><\/p>\n<p><strong>Th\u00e8se de doctorat \u00ab\u00a0Syst\u00e8mes linguistique en contact dans le Chansonnier\u00a0<em>estense<\/em>. \u00c9tude stratigraphique et philologique des \u00e9l\u00e9ments en langue d&rsquo;oc et en langue d&rsquo;o\u00efl\u00a0\u00bb<\/strong><\/p>\n<div class=\"page\" title=\"Page 1\">\n<div class=\"layoutArea\">\n<div class=\"column\">\n<div class=\"page\" title=\"Page 1\">\n<div class=\"layoutArea\">\n<div class=\"column\">\n<p>Ma the\u0300se vise a\u0300 e\u0301tudier les e\u0301changes re\u0301ciproques entre langue d\u2019oc et langue d\u2019oi\u0308l dans le domaine de la production lyrique de la France me\u0301die\u0301vale des sie\u0300cles XIIe et XIIIe. Pour ce faire, j\u2019ai concentre\u0301 l\u2019attention sur un objet bien de\u0301fini, c\u2019est-a\u0300-dire un manuscrit produit en Italie qui contient aussi bien un chansonnier de lyrique occitane qu\u2019un recueil de lyrique d\u2019oi\u0308l: le codex \u03b1.R.4.4. de la Biblioteca Estense Universitaria de Mode\u0300ne, sigle\u0301 D-Da pour la partie occitane, H pour la partie franc\u0327aise. La recherche se concentre, en particulier, sur une e\u0301tude stratigraphique des deux sections afin d\u2019identifier les formes pluto\u0302t \u00ab franc\u0327aises \u00bb dans la partie occitane et les formes pluto\u0302t \u00ab occitanes \u00bb dans la partie franc\u0327aise.<\/p>\n<\/div>\n<\/div>\n<\/div>\n<\/div>\n<\/div>\n<\/div>\n","protected":false},"excerpt":{"rendered":"<p>R\u00e9sum\u00e9 Th\u00e8se de doctorat \u00ab\u00a0Syst\u00e8mes linguistique en contact dans le Chansonnier\u00a0estense. \u00c9tude stratigraphique et philologique des \u00e9l\u00e9ments en langue d&rsquo;oc et en langue d&rsquo;o\u00efl\u00a0\u00bb Ma the\u0300se vise a\u0300 e\u0301tudier les e\u0301changes re\u0301ciproques entre langue d\u2019oc et langue d\u2019oi\u0308l dans le domaine de la production lyrique de la France me\u0301die\u0301vale des sie\u0300cles XIIe et XIIIe. Pour [&hellip;]<\/p>\n","protected":false},"author":1,"featured_media":0,"parent":0,"menu_order":0,"comment_status":"closed","ping_status":"closed","template":"","meta":{"footnotes":""},"class_list":["post-25","page","type-page","status-publish","hentry"],"_links":{"self":[{"href":"https:\/\/perso.atilf.fr\/bfrancioni\/wp-json\/wp\/v2\/pages\/25","targetHints":{"allow":["GET"]}}],"collection":[{"href":"https:\/\/perso.atilf.fr\/bfrancioni\/wp-json\/wp\/v2\/pages"}],"about":[{"href":"https:\/\/perso.atilf.fr\/bfrancioni\/wp-json\/wp\/v2\/types\/page"}],"author":[{"embeddable":true,"href":"https:\/\/perso.atilf.fr\/bfrancioni\/wp-json\/wp\/v2\/users\/1"}],"replies":[{"embeddable":true,"href":"https:\/\/perso.atilf.fr\/bfrancioni\/wp-json\/wp\/v2\/comments?post=25"}],"version-history":[{"count":6,"href":"https:\/\/perso.atilf.fr\/bfrancioni\/wp-json\/wp\/v2\/pages\/25\/revisions"}],"predecessor-version":[{"id":378,"href":"https:\/\/perso.atilf.fr\/bfrancioni\/wp-json\/wp\/v2\/pages\/25\/revisions\/378"}],"wp:attachment":[{"href":"https:\/\/perso.atilf.fr\/bfrancioni\/wp-json\/wp\/v2\/media?parent=25"}],"curies":[{"name":"wp","href":"https:\/\/api.w.org\/{rel}","templated":true}]}}