{"id":15,"date":"2015-06-29T13:43:26","date_gmt":"2015-06-29T12:43:26","guid":{"rendered":"https:\/\/apps.atilf.fr\/homepages\/hqotb\/?page_id=15"},"modified":"2019-03-06T05:57:09","modified_gmt":"2019-03-06T04:57:09","slug":"projets","status":"publish","type":"page","link":"https:\/\/perso.atilf.fr\/hqotb\/projets\/","title":{"rendered":"Projets"},"content":{"rendered":"<h2 style=\"text-align: center\">\u00a0<strong>1- ANR intitul\u00e9 <em>RAUDIN<\/em> (Recherches Aquitaines sur les usages pour le d\u00e9veloppement des Dispositifs Num\u00e9riques, 2010-2012)<\/strong><\/h2>\n<p>Mon intervention s&rsquo;est inscrite dans l&rsquo;Axe 1 du projet intitul\u00e9 <em>Action et interaction<\/em>. Il s&rsquo;agissait de mener une analyse approfondie de \u00ab <em>l&rsquo;acc\u00e8s \u00e0 l&rsquo;information par des services num\u00e9riques : Discours et pratiques des utilisateurs en milieu contraint<\/em> \u00bb. Cette recherche a \u00e9t\u00e9 r\u00e9alis\u00e9e gr\u00e2ce \u00e0 une collaboration scientifique de deux laboratoires de recherche : le laboratoire Telem (EA 4195) de l&rsquo;Universit\u00e9 Bordeaux 3 (Bordeaux Montaigne actuellement) et le laboratoire Praxiling (Universit\u00e9 Montpellier 3-CNRS 5267) de l\u2019Universit\u00e9 Montpellier 3. L&rsquo;\u00e9quipe de recherche (Maria Caterina Manes-Gallo, Bruno Bonu et Hani Qotb) avait pour objectif d&rsquo;\u00e9tudier les usages d&rsquo;utilisateurs (d\u00e9tenus, formateurs, etc.) d&rsquo;un dispositif de formation num\u00e9rique (<em>Cyberbase-Justice<\/em>) mis en place par l&rsquo;administration p\u00e9nitentiaire. Nous avons focalis\u00e9 l\u2019attention sur la m\u00e9diation et la m\u00e9diatisation du dispositif informatique par rapport \u00e0 l\u2019acc\u00e8s \u00e0 l\u2019information et \u00e0 l\u2019apprentissage (recherche d\u2019emploi, bureautique, alphab\u00e9tisation). Il s\u2019agit d\u2019approfondir ce que signifie pour l\u2019humain une communication \u00ab interactive \u00bb avec un dispositif avec lequel il ne peut pas n\u00e9gocier ses objectifs mais qui r\u00e9agit \u00e0 des commandes. Cette perspective nous am\u00e8ne \u00e0 articuler notre analyse sur les questions suivantes : Quelles sont les difficult\u00e9s des utilisateurs par rapport \u00e0 la gestion des r\u00e9sultats des actions sur le dispositif ? Quels sont les \u00e9carts entre leurs attentes et les performances des dispositifs existants ? Quels sont la fonction et l\u2019apport du dispositif par rapport aux objectifs des apprenants et des formateurs qui animent les diff\u00e9rents ateliers ? \u00ab <em>L\u2019action de recherche d\u00e9velopp\u00e9e au sein de cet axe est une \u00e9tude de cas effectu\u00e9e dans le cadre de l\u2019exp\u00e9rimentation Cyber-base\u00aeJustice, ouverte en mars 2009 au centre p\u00e9nitentiaire de\u00a0 Gradignan. L\u2019objet de cette \u00e9tude concerne la m\u00e9diation et la m\u00e9diatisation du dispositif informatique par rapport \u00e0 l\u2019acc\u00e8s \u00e0 l\u2019information et \u00e0 l\u2019apprentissage. <\/em>\u00bb (Manes Gallo, Bonu et Qotb, 2012 : 6).<\/p>\n<p>&nbsp;<\/p>\n<p>Dans ce contexte, nous avons mis en lumi\u00e8re les \u00e9changes communicationnels entre un humain et un dispositif num\u00e9rique dans un milieu contraint tout en essayant de comprendre le processus de rencontre entre les repr\u00e9sentations anticip\u00e9es du concepteur et les ressources interpr\u00e9tatives mobilis\u00e9es par l&rsquo;utilisateur (Jeanneret, 2008). Deux m\u00e9thodes de recueil de donn\u00e9es ont \u00e9t\u00e9 utilis\u00e9es lors de notre \u00e9tude de terrain : des enregistrements audio-visuels des activit\u00e9s des apprenants et des entretiens semi-directifs avec les diff\u00e9rents acteurs (d\u00e9tenus, formateurs, surveillants, etc.). En collaboration avec les membres de l&rsquo;\u00e9quipe de recherche, mes missions consistaient \u00e0 pr\u00e9parer le cadre th\u00e9orique du projet (\u00e9conomie du num\u00e9rique, fracture num\u00e9rique, etc.), \u00e0 \u00e9tudier les sp\u00e9cificit\u00e9s de la population carc\u00e9rale, \u00e0 analyser les caract\u00e9ristiques socio-p\u00e9dagogiques de notre \u00e9chantillon, \u00e0 indexer le corpus audiovisuel et sonore et \u00e0 analyser les usages du dispositif num\u00e9rique et les interactions entre les diff\u00e9rents acteurs (formateurs, apprenants et surveillants). L&rsquo;analyse de ces donn\u00e9es a permis de souligner la pr\u00e9sence de quatre profils d&rsquo;utilisateurs : <em>profil bureautique<\/em> (initiation \u00e0 l&rsquo;ordinateur, explication, r\u00e9daction et correction de CV, etc.), <em>profil Internet Accompagn\u00e9<\/em> (r\u00e9daction de livret professionnel et recherche d&rsquo;offres d&#8217;emploi), <em>profil exercices en ligne<\/em> (activit\u00e9s interactives de fran\u00e7ais sur Internet) et <em>profil Internet<\/em> (recherche d&rsquo;informations, renouvellement des pi\u00e8ces d&rsquo;identit\u00e9, etc.). Ces profils ont \u00e9t\u00e9 organis\u00e9s en quatre cat\u00e9gories d&rsquo;interactions : Interactions Enseignant\/Apprenants (comme groupe), Interactions Apprenant\/Ordinateur, Interactions Enseignant\/Enseignant et Interactions Enseignant\/Apprenant (accompagnement individuel). L&rsquo;\u00e9tude de ces interactions a contribu\u00e9 \u00e9galement \u00e0 comprendre l&rsquo;organisation logistique et spatiale de l&rsquo;espace de formation qui est consid\u00e9r\u00e9 comme un \u00e9l\u00e9ment pertinent permettant de structurer \u00ab <em>les dynamiques p\u00e9dagogiques entre les formateurs, la responsable de la cyber base et les apprenants. Par exemple, comment l\u2019organisation spatiale induit une double focalisation de l\u2019attention du d\u00e9tenu \u00e0 la fois sur son dispositif et sur un espace partag\u00e9 (projection d\u2019\u00e9cran ou discours du formateur adress\u00e9 au groupe) <\/em>\u00bb (Manes Gallo, Bonu et Qotb, 2012 : 72). De m\u00eame, l&rsquo;analyse de donn\u00e9es a soulign\u00e9 aussi que les dynamiques interactionnelles \u00e9taient orient\u00e9es soit vers l&rsquo;action (ex : envoyer un mail) soit un savoir (ex : l\u00e9gislation sur le contrat de travail). Quant aux modalit\u00e9s de mobilisation des ressources, elles doivent prendre en compte les contraintes s\u00e9curitaires du dispositif de formation comme par exemple la tra\u00e7abilit\u00e9 num\u00e9rique des activit\u00e9s de l&rsquo;enseignant et de l&rsquo;apprenant. Au terme de cette recherche, nous avons formul\u00e9 certaines pr\u00e9conisations \u00e0 l&rsquo;attention des diff\u00e9rents acteurs responsables de la Cyber base Justice (Minist\u00e8re de l&rsquo;\u00c9ducation, Minist\u00e8re de la Justice, Administration p\u00e9nitentiaire et la Caisse des D\u00e9p\u00f4ts) dans le but d&rsquo;am\u00e9liorer les usages de ce dispositif num\u00e9rique en milieu carc\u00e9ral : d\u00e9velopper la coordination entre les diff\u00e9rents services du centre p\u00e9nitencier afin d&rsquo;assurer un suivi dans l&rsquo;enseignement et une continuit\u00e9 dans l&rsquo;apprentissage, lever certaines contraintes dans l\u2019acc\u00e8s aux fonctionnalit\u00e9s du dispositif num\u00e9rique, notamment dans le cas de la recherche d\u2019information ; contraintes qui emp\u00eachent l\u2019acquisition de nouvelles comp\u00e9tences et enfin prendre en compte le type de savoir transmis dans les diff\u00e9rents ateliers en vue d&rsquo;une exploitation des ressources num\u00e9riques qui soit plus adapt\u00e9e aux besoins du public vis\u00e9.<\/p>\n<h2 style=\"text-align: center\"><strong>2- Projet <em>DESA<\/em> \u00ab <em>D\u00e9marches et strat\u00e9gies d\u2019aides \u00e0 l\u2019enseignement num\u00e9rique <\/em>\u00bb<\/strong><\/h2>\n<p>Ce projet de recherche \u00e9tait soutenu par l\u2019Institut des Sciences de la Communication du CNRS et port\u00e9 par Chrysta P\u00e9lissier (MCF, Montpellier 2). Il avait pour but d&rsquo;\u00e9laborer un mod\u00e8le de caract\u00e9risation des aides, d\u2019envisager de nouvelles aides innovantes d\u2019un point de vue communicationnel et technologique et de proposer des dispositifs de formation aux enseignants autour de la notion \u00ab d\u2019aide \u00bb. D&rsquo;un point de vue \u00e9tymologique, <em>aide<\/em> vient du latin <em>ad-juvo<\/em> : <em>seconder, aider quelqu&rsquo;un; favoriser quelque chose<\/em>. Selon <em>Le Tr\u00e9sor de la Langue Fran\u00e7aise informatis\u00e9 <\/em>(TLFi), le terme <em>aide<\/em> peut \u00eatre employ\u00e9 pour d\u00e9signer soit une action d&rsquo; \u00ab <em>aider quelqu\u2019un, concours que l\u2019on pr\u00eate, soutien moral ou secours mat\u00e9riel que l\u2019on apporte une action<\/em> \u00bb, soit une personne qui \u00ab <em>assiste, seconde ou suppl\u00e9e quelqu\u2019un dans un travail, une fonction, et qui lui est le plus souvent subordonn\u00e9e<\/em> \u00bb. Dans le cadre de l&rsquo;apprentissage, l&rsquo;aide peut \u00eatre d\u00e9fini comme \u00ab <em>un processus de prise de d\u00e9cisions r\u00e9alis\u00e9 par un acteur, concepteur de l&rsquo;aide, donnant lieu \u00e0 r\u00e9sultat. <\/em><em>La notion de processus s\u2019oppose ici \u00e0 strat\u00e9gie. En effet, la strat\u00e9gie se caract\u00e9rise par un c\u00f4t\u00e9 conscient (Cohen, 1998), alors que le processus correspond plut\u00f4t \u00e0 une d\u00e9marche non explicit\u00e9e (\u00e0 ce jour) par les acteurs.<\/em>\u00bb. (P\u00e9lissier, 2014 : 42). La notion d&rsquo;aide est souvent associ\u00e9e au concept d&rsquo;\u00e9tayage de Bruner (1996) qui met en lumi\u00e8re l&rsquo;intervention de l&rsquo;adulte dans l&rsquo;apprentissage de l&rsquo;enfant en psychologie d\u00e9veloppemental. Wood, Bruner et Ross (1976) distinguent notamment six fonctions d\u2019\u00e9tayage remplies par un adulte quand il aide un enfant (un apprenant-d\u00e9butant) \u00e0 r\u00e9aliser une t\u00e2che ou \u00e0 r\u00e9soudre un probl\u00e8me (enr\u00f4lement, r\u00e9duction des degr\u00e9s de libert\u00e9, maintien de l\u2019orientation, signalisation des caract\u00e9ristiques dominantes, contr\u00f4le de la frustration, d\u00e9monstration\/ou pr\u00e9sentation de mod\u00e8le de solution).<\/p>\n<p>Les dispositifs num\u00e9riques sont g\u00e9n\u00e9ralement con\u00e7us sur l&rsquo;id\u00e9e selon laquelle les utilisateurs sont \u00ab autor\u00e9gul\u00e9s \u00bb (Puustinen, 2010) dans la mesure o\u00f9 ces derniers sont cens\u00e9s g\u00e9rer leur apprentissage de mani\u00e8re autonome. Mais on constate parfois un \u00e9cart entre les besoins de l&rsquo;utilisateur et les pr\u00e9visions du concepteur (Leplat, 1998), d&rsquo;autant plus qu&rsquo;il est difficile d&rsquo;anticiper de mani\u00e8re tr\u00e8s pr\u00e9cise les comp\u00e9tences des utilisateurs cibles. Dans le cadre de ce projet, nous avons analys\u00e9 des strat\u00e9gies aux niveaux d&rsquo;enseignement, de conception et de tutorat adopt\u00e9es dans plusieurs formations en ligne \u00e0 partir des traces d&rsquo;interactions laiss\u00e9es par les enseignants et les apprenants sur deux plateformes d&rsquo;enseignement \u00e0 distance (<em>Virtual Campus VCIel<a href=\"#_ftn1\" name=\"_ftnref1\"><strong>[1]<\/strong><\/a><\/em> et <em>Moodle<a href=\"#_ftn2\" name=\"_ftnref2\"><strong>[2]<\/strong><\/a><\/em>) ainsi que plusieurs entretiens r\u00e9alis\u00e9s avec les concepteurs de ces aides. Ce projet de recherche a permis d&rsquo;\u00e9laborer le mod\u00e8le conceptuel <em>ISA <\/em>qui permet de\u00a0\u00ab<em> souligner les raisons (Intentions), la d\u00e9marche de communication (Strat\u00e9gie) et les attentes (Attendus) du concepteur d\u2019aide.<\/em>\u00bb (P\u00e9lissier &amp; Qotb, 2010 : 2). Par exemple, l&rsquo;aide se distingue par plusieurs intentions : <em>le pilotage<\/em> (compr\u00e9hension de la t\u00e2che, de la forme attendue du r\u00e9sultat, etc.), <em>le tissage<\/em> (m\u00e9morisation des connaissances mises en jeu dans les diff\u00e9rentes situations p\u00e9dagogiques) et <em>la modulation<\/em> (\u00e9laboration des bases de donn\u00e9es, de veille technologique, d&rsquo;aides li\u00e9es aux pratiques professionnelles, etc.).<\/p>\n<p><a href=\"#_ftnref1\" name=\"_ftn1\">[1]<\/a> Campus VCIel \u00e0 l\u2019Universit\u00e9 de Lyon II, http:\/\/spiral.univ-lyon1.fr\/VCIEL\/00-perso\/site\/index.html<\/p>\n<p><a href=\"#_ftnref2\" name=\"_ftn2\">[2]<\/a> Plateforme Moodle de l\u2019ITIC (Institut des Technosciences de l\u2019Information et de la Communication) de l\u2019Universit\u00e9 de Montpellier III, http:\/\/moodle.univ-montp3.fr<\/p>\n","protected":false},"excerpt":{"rendered":"<p>\u00a01- ANR intitul\u00e9 RAUDIN (Recherches Aquitaines sur les usages pour le d\u00e9veloppement des Dispositifs Num\u00e9riques, 2010-2012) Mon intervention s&rsquo;est inscrite dans l&rsquo;Axe 1 du projet intitul\u00e9 Action et interaction. Il s&rsquo;agissait de mener une analyse approfondie de \u00ab l&rsquo;acc\u00e8s \u00e0 l&rsquo;information par des services num\u00e9riques : Discours et pratiques des utilisateurs en milieu contraint \u00bb. [&hellip;]<\/p>\n","protected":false},"author":1,"featured_media":0,"parent":0,"menu_order":0,"comment_status":"closed","ping_status":"closed","template":"","meta":{"footnotes":""},"class_list":["post-15","page","type-page","status-publish","hentry"],"_links":{"self":[{"href":"https:\/\/perso.atilf.fr\/hqotb\/wp-json\/wp\/v2\/pages\/15","targetHints":{"allow":["GET"]}}],"collection":[{"href":"https:\/\/perso.atilf.fr\/hqotb\/wp-json\/wp\/v2\/pages"}],"about":[{"href":"https:\/\/perso.atilf.fr\/hqotb\/wp-json\/wp\/v2\/types\/page"}],"author":[{"embeddable":true,"href":"https:\/\/perso.atilf.fr\/hqotb\/wp-json\/wp\/v2\/users\/1"}],"replies":[{"embeddable":true,"href":"https:\/\/perso.atilf.fr\/hqotb\/wp-json\/wp\/v2\/comments?post=15"}],"version-history":[{"count":10,"href":"https:\/\/perso.atilf.fr\/hqotb\/wp-json\/wp\/v2\/pages\/15\/revisions"}],"predecessor-version":[{"id":270,"href":"https:\/\/perso.atilf.fr\/hqotb\/wp-json\/wp\/v2\/pages\/15\/revisions\/270"}],"wp:attachment":[{"href":"https:\/\/perso.atilf.fr\/hqotb\/wp-json\/wp\/v2\/media?parent=15"}],"curies":[{"name":"wp","href":"https:\/\/api.w.org\/{rel}","templated":true}]}}