{"id":23,"date":"2015-06-29T13:44:14","date_gmt":"2015-06-29T12:44:14","guid":{"rendered":"https:\/\/apps.atilf.fr\/homepages\/?page_id=23"},"modified":"2023-05-06T01:27:41","modified_gmt":"2023-05-06T00:27:41","slug":"cv","status":"publish","type":"page","link":"https:\/\/perso.atilf.fr\/hzaouali\/cv\/","title":{"rendered":"CV"},"content":{"rendered":"<p><span style=\"text-decoration: underline\"><strong>Formation<\/strong><\/span><\/p>\n<table width=\"697\">\n<tbody>\n<tr>\n<td width=\"595\"><strong>2021 &#8211; 2022 Master II Humanit\u00e9s Num\u00e9riques<\/strong><\/p>\n<p><strong>Parcours Pratiques &amp; M\u00e9thodes en Humanit\u00e9s Num\u00e9riques <\/strong>&#8211; \u00e0 l\u2019Universit\u00e9 Lyon 2, l\u2019\u00c9cole Normale Sup\u00e9rieure (ENS) et l\u2019Enssib de Lyon<\/td>\n<\/tr>\n<tr>\n<td width=\"595\"><strong>2020 Qualification<\/strong><\/p>\n<p>Conseil National des Universit\u00e9s<\/p>\n<p>Qualification aux fonctions de ma\u00eetre de conf\u00e9rence section 07 (Sciences du Langage)<\/td>\n<\/tr>\n<tr>\n<td width=\"595\"><strong>2013 &#8211; 2019 Doctorat en Sciences du Langage<\/strong>\u00a0sp\u00e9cialit\u00e9 phon\u00e9tique g\u00e9n\u00e9rale, exp\u00e9rimentale et clinique Universit\u00e9 de Strasbourg<\/p>\n<p>Titre\u00a0: \u00ab\u00a0\u00c9tude acoustique de la production de la parole chez des patients glossectomis\u00e9s \u00bb<\/td>\n<\/tr>\n<tr>\n<td width=\"595\"><strong>2011 &#8211; 2013 Master II Sciences du Langage<\/strong>\u00a0&#8211; Universit\u00e9 de Strasbourg<\/td>\n<\/tr>\n<tr>\n<td width=\"595\"><strong>2010 &#8211; 2011 Licence<\/strong> <strong>Sciences du langage<\/strong> &#8211; Universit\u00e9 de Strasbourg<\/td>\n<\/tr>\n<\/tbody>\n<\/table>\n<p>&nbsp;<\/p>\n<p><span style=\"text-decoration: underline\"><strong>Exp\u00e9rience professionnelle<\/strong><\/span><\/p>\n<table width=\"697\">\n<tbody>\n<tr>\n<td width=\"595\"><strong>2022 &#8211; 2023 Attach\u00e9e Temporaire d\u2019Enseignement et de Recherche (A.T.E.R.), temps plein (en cours)<\/strong><\/p>\n<p>Universit\u00e9 de Lorraine \u2013 UFR Sciences Humaines et Sociales SHS, Nancy<\/p>\n<p>Sciences du Langage (enseignements 3 niveaux de licence et Master 1)<\/td>\n<\/tr>\n<tr>\n<td width=\"595\"><strong>2021 &#8211; 2022 Attach\u00e9e Temporaire d\u2019Enseignement et de Recherche (A.T.E.R.), temps plein <\/strong><\/p>\n<p>UFR Sciences du Langage- Universit\u00e9 Paris 8<\/td>\n<\/tr>\n<\/tbody>\n<\/table>\n<div id=\"mailtorapidetoModal\" style=\"z-index: 20002\">\n<div id=\"mailtorapidetoContentPopupModal\">\n<div id=\"mailtorapidetoModalPopupCloseMail\"><\/div>\n<div id=\"mailtorapidemodalMailPopupQuestion\">What do you want to do ?<\/div>\n<p><a id=\"mailtorapidebuttonNewApp\"><\/a>New mail<button id=\"mailtorapidecopyClipboard\">Copy<\/button><textarea id=\"mailtorapideselectAreaText\"><\/textarea><\/p>\n<\/div>\n<\/div>\n<div id=\"mailtorapidetoModal\" style=\"z-index: 20002\">\n<div id=\"mailtorapidetoContentPopupModal\">\n<div id=\"mailtorapidetoModalPopupCloseMail\"><\/div>\n<div id=\"mailtorapidemodalMailPopupQuestion\">What do you want to do ?<\/div>\n<p><a id=\"mailtorapidebuttonNewApp\"><\/a>New mail<button id=\"mailtorapidecopyClipboard\">Copy<\/button><textarea id=\"mailtorapideselectAreaText\"><\/textarea><\/p>\n<\/div>\n<\/div>\n<div><\/div>\n<div id=\"mailtorapidetoModal\" style=\"z-index: 20002\">\n<div id=\"mailtorapidetoContentPopupModal\">\n<div id=\"mailtorapidetoModalPopupCloseMail\"><\/div>\n<div id=\"mailtorapidemodalMailPopupQuestion\">What do you want to do ?<\/div>\n<p><a id=\"mailtorapidebuttonNewApp\"><\/a>New mail<button id=\"mailtorapidecopyClipboard\">Copy<\/button><textarea id=\"mailtorapideselectAreaText\"><\/textarea><\/p>\n<\/div>\n<\/div>\n<div id=\"mailtorapidetoModal\" style=\"z-index: 20002\">\n<div id=\"mailtorapidetoContentPopupModal\">\n<div id=\"mailtorapidetoModalPopupCloseMail\"><\/div>\n<div id=\"mailtorapidemodalMailPopupQuestion\">What do you want to do ?<\/div>\n<p><a id=\"mailtorapidebuttonNewApp\"><\/a>New mail<button id=\"mailtorapidecopyClipboard\">Copy<\/button><textarea id=\"mailtorapideselectAreaText\"><\/textarea><\/p>\n<\/div>\n<\/div>\n<div><img \/><\/div>\n<div id=\"mailtorapidetoModal\" style=\"z-index: 20002\">\n<div id=\"mailtorapidetoContentPopupModal\">\n<div id=\"mailtorapidetoModalPopupCloseMail\"><\/div>\n<div id=\"mailtorapidemodalMailPopupQuestion\">What do you want to do ?<\/div>\n<p><a id=\"mailtorapidebuttonNewApp\"><\/a>New mail<button id=\"mailtorapidecopyClipboard\">Copy<\/button><textarea id=\"mailtorapideselectAreaText\"><\/textarea><\/div>\n<\/div>\n<div><img \/><\/div>\n","protected":false},"excerpt":{"rendered":"<p>Formation 2021 &#8211; 2022 Master II Humanit\u00e9s Num\u00e9riques Parcours Pratiques &amp; M\u00e9thodes en Humanit\u00e9s Num\u00e9riques &#8211; \u00e0 l\u2019Universit\u00e9 Lyon 2, l\u2019\u00c9cole Normale Sup\u00e9rieure (ENS) et l\u2019Enssib de Lyon 2020 Qualification Conseil National des Universit\u00e9s Qualification aux fonctions de ma\u00eetre de conf\u00e9rence section 07 (Sciences du Langage) 2013 &#8211; 2019 Doctorat en Sciences du Langage\u00a0sp\u00e9cialit\u00e9 phon\u00e9tique [&hellip;]<\/p>\n","protected":false},"author":1,"featured_media":0,"parent":0,"menu_order":0,"comment_status":"closed","ping_status":"closed","template":"","meta":{"footnotes":""},"class_list":["post-23","page","type-page","status-publish","hentry"],"_links":{"self":[{"href":"https:\/\/perso.atilf.fr\/hzaouali\/wp-json\/wp\/v2\/pages\/23","targetHints":{"allow":["GET"]}}],"collection":[{"href":"https:\/\/perso.atilf.fr\/hzaouali\/wp-json\/wp\/v2\/pages"}],"about":[{"href":"https:\/\/perso.atilf.fr\/hzaouali\/wp-json\/wp\/v2\/types\/page"}],"author":[{"embeddable":true,"href":"https:\/\/perso.atilf.fr\/hzaouali\/wp-json\/wp\/v2\/users\/1"}],"replies":[{"embeddable":true,"href":"https:\/\/perso.atilf.fr\/hzaouali\/wp-json\/wp\/v2\/comments?post=23"}],"version-history":[{"count":13,"href":"https:\/\/perso.atilf.fr\/hzaouali\/wp-json\/wp\/v2\/pages\/23\/revisions"}],"predecessor-version":[{"id":355,"href":"https:\/\/perso.atilf.fr\/hzaouali\/wp-json\/wp\/v2\/pages\/23\/revisions\/355"}],"wp:attachment":[{"href":"https:\/\/perso.atilf.fr\/hzaouali\/wp-json\/wp\/v2\/media?parent=23"}],"curies":[{"name":"wp","href":"https:\/\/api.w.org\/{rel}","templated":true}]}}