{"id":35,"date":"2015-06-29T13:47:31","date_gmt":"2015-06-29T12:47:31","guid":{"rendered":"https:\/\/apps.atilf.fr\/homepages\/mhpierre\/?page_id=35"},"modified":"2020-10-09T20:17:36","modified_gmt":"2020-10-09T19:17:36","slug":"accueil","status":"publish","type":"page","link":"https:\/\/perso.atilf.fr\/mhpierre\/","title":{"rendered":"Accueil"},"content":{"rendered":"<p style=\"text-align: left\"><span style=\"text-decoration: underline\"><strong>Fonctions<\/strong><\/span><\/p>\n\n<table id=\"tablepress-3\" class=\"tablepress tablepress-id-3\">\n<tbody class=\"row-striping row-hover\">\n<tr class=\"row-1\">\n\t<td class=\"column-1\"><a href=\"https:\/\/perso.atilf.fr\/wp-content\/uploads\/2015\/06\/imgres.png\"><img loading=\"lazy\" decoding=\"async\" src=\"https:\/\/perso.atilf.fr\/mhpierre\/wp-content\/uploads\/sites\/65\/2020\/10\/Chaneya-e1602246164446.jpg\" alt=\"nophoto\" width=\"213\" height=\"150\" class=\"alignleft size-full wp-image-115\" \/><\/a><\/td><td class=\"column-2\"><br \/>\nDoctorante en psycho-linguistique<br \/>\nVacataire \u00e0 l'Universit\u00e9 de Lorraine<br \/>\nPsychologue de l\u2019\u00c9ducation Nationale<br \/>\n<br \/>\n<\/td>\n<\/tr>\n<\/tbody>\n<\/table>\n<!-- #tablepress-3 from cache -->\n<p><span style=\"text-decoration: underline\"><strong>Coordonn\u00e9es au laboratoire ATILF<\/strong><\/span><\/p>\n\n<table id=\"tablepress-4\" class=\"tablepress tablepress-id-4\">\n<tbody class=\"row-striping\">\n<tr class=\"row-1\">\n\t<td class=\"column-1\">\u00c9quipe<\/td><td class=\"column-2\">Discours<\/td>\n<\/tr>\n<tr class=\"row-2\">\n\t<td class=\"column-1\">Courriel<\/td><td class=\"column-2\">marie-helene.pierre@atilf.fr<\/a><\/td>\n<\/tr>\n<tr class=\"row-3\">\n\t<td class=\"column-1\">Adresse<\/td><td class=\"column-2\">ATILF (CNRS &amp; Universit\u00e9 de Lorraine)<br \/>\n44, avenue de la Lib\u00e9ration - B.P. 30687<br \/>\n54063 Nancy Cedex<\/td>\n<\/tr>\n<\/tbody>\n<\/table>\n<!-- #tablepress-4 from cache -->\n<p><span style=\"text-decoration: underline\"><strong>Coordonn\u00e9es \u00e0 l&rsquo;Universit\u00e9 de Lorraine<br \/>\n<\/strong><\/span><\/p>\n\n<table id=\"tablepress-5\" class=\"tablepress tablepress-id-5\">\n<tbody class=\"row-striping row-hover\">\n<tr class=\"row-1\">\n\t<td class=\"column-1\">UFR<\/td><td class=\"column-2\">Sciences Humaines et Sociales<br \/>\nD\u00e9partement de Psychologie<\/td>\n<\/tr>\n<tr class=\"row-2\">\n\t<td class=\"column-1\">Courriel<\/td><td class=\"column-2\">marie-helene.pierre@univ-lorraine.fr<\/td>\n<\/tr>\n<tr class=\"row-3\">\n\t<td class=\"column-1\">Adresse<\/td><td class=\"column-2\">Universit\u00e9 de Lorraine - Campus Lettres et Sciences Humaines<br \/>\n23 boulevard Albert 1er - B.P. 13397<br \/>\n54015 NANCY<\/td>\n<\/tr>\n<\/tbody>\n<\/table>\n<!-- #tablepress-5 from cache -->\n<p><span style=\"text-decoration: underline\"><strong>Coordonn\u00e9es professionnelles<\/strong><\/span><\/p>\n\n<table id=\"tablepress-12\" class=\"tablepress tablepress-id-12\">\n<thead>\n<tr class=\"row-1\">\n\t<td class=\"column-1\"><\/td>\n<\/tr>\n<\/thead>\n<tbody class=\"row-striping row-hover\">\n<tr class=\"row-2\">\n\t<td class=\"column-1\"><\/td>\n<\/tr>\n<tr class=\"row-3\">\n\t<td class=\"column-1\"><\/td>\n<\/tr>\n<\/tbody>\n<\/table>\n<!-- #tablepress-12 from cache -->\n","protected":false},"excerpt":{"rendered":"<p>Fonctions Coordonn\u00e9es au laboratoire ATILF Coordonn\u00e9es \u00e0 l&rsquo;Universit\u00e9 de Lorraine Coordonn\u00e9es professionnelles<\/p>\n","protected":false},"author":1,"featured_media":0,"parent":0,"menu_order":0,"comment_status":"closed","ping_status":"closed","template":"","meta":{"footnotes":""},"class_list":["post-35","page","type-page","status-publish","hentry"],"_links":{"self":[{"href":"https:\/\/perso.atilf.fr\/mhpierre\/wp-json\/wp\/v2\/pages\/35","targetHints":{"allow":["GET"]}}],"collection":[{"href":"https:\/\/perso.atilf.fr\/mhpierre\/wp-json\/wp\/v2\/pages"}],"about":[{"href":"https:\/\/perso.atilf.fr\/mhpierre\/wp-json\/wp\/v2\/types\/page"}],"author":[{"embeddable":true,"href":"https:\/\/perso.atilf.fr\/mhpierre\/wp-json\/wp\/v2\/users\/1"}],"replies":[{"embeddable":true,"href":"https:\/\/perso.atilf.fr\/mhpierre\/wp-json\/wp\/v2\/comments?post=35"}],"version-history":[{"count":45,"href":"https:\/\/perso.atilf.fr\/mhpierre\/wp-json\/wp\/v2\/pages\/35\/revisions"}],"predecessor-version":[{"id":255,"href":"https:\/\/perso.atilf.fr\/mhpierre\/wp-json\/wp\/v2\/pages\/35\/revisions\/255"}],"wp:attachment":[{"href":"https:\/\/perso.atilf.fr\/mhpierre\/wp-json\/wp\/v2\/media?parent=35"}],"curies":[{"name":"wp","href":"https:\/\/api.w.org\/{rel}","templated":true}]}}