{"id":23,"date":"2015-06-29T13:44:14","date_gmt":"2015-06-29T12:44:14","guid":{"rendered":"https:\/\/apps.atilf.fr\/homepages\/mhusiany\/?page_id=23"},"modified":"2020-06-18T18:21:16","modified_gmt":"2020-06-18T17:21:16","slug":"cv","status":"publish","type":"page","link":"https:\/\/perso.atilf.fr\/mhusiany\/cv\/","title":{"rendered":"CV"},"content":{"rendered":"<p><span style=\"text-decoration: underline\"><strong>Formation<\/strong><\/span><\/p>\n<p><strong>2011 \u00a0\u00a0<\/strong> Doctorat Sciences du Langage<\/p>\n<p>Th\u00e8se : Caract\u00e9risation de types de discours dans des situations de travail<\/p>\n<p>Directeurs : Richard Duda et Emmanuelle Canut<\/p>\n<p><strong>2006 \u00a0\u00a0<\/strong> Master Recherche Sciences de l\u2019Homme et de la Soci\u00e9t\u00e9<\/p>\n<p><strong>2004 \u00a0\u00a0<\/strong> Licence Science du Langage<\/p>\n<p><strong>2003 \u00a0\u00a0<\/strong> Dipl\u00f4me d\u2019\u00c9tudes Universitaires G\u00e9n\u00e9rales Lettres et Langues, Mention M\u00e9diation Culturelle et Communication<\/p>\n<p>&nbsp;<\/p>\n<p><span style=\"text-decoration: underline\"><strong>Exp\u00e9rience professionnelle<\/strong><\/span><\/p>\n<p><strong>Depuis 2015\u00a0<\/strong>\u00a0 Responsable de Formation et Recherche \u00e0 l&rsquo;AsFoReL<\/p>\n<p><strong>Depuis 2012 \u00a0<\/strong> Formatrice \u00e0 l&rsquo;AsFoReL (ASsociation de FOrmation et de REcherche sur le Langage, www.asforel.fr)<\/p>\n<p><strong>Depuis 2008<\/strong> \u00a0 Tr\u00e9sori\u00e8re et coordinatrice des actions p\u00e9dagogiques et formations au sein de l&rsquo;AsFoReL<\/p>\n<p>&nbsp;<\/p>\n<p><strong>Depuis 2019 \u00a0 <\/strong>Enseignante DU \u00e0 distance (formation continue) \u00ab\u00a0Enseigner en milieu bilingue au cycle 1 &#8211; Accompagner l\u2019\u00e9l\u00e8ve dans son apprentissage du langage\u00a0\u00bb, Mission La\u00efque Fran\u00e7aise et Universit\u00e9 de Lille<\/p>\n<p><strong>Depuis 2017\u00a0\u00a0 <\/strong>Enseignante \u00e0 l&rsquo;\u00e9cole d&rsquo;orthophonie, Universit\u00e9 de Lorraine<\/p>\n<p>&nbsp;<\/p>\n<p><strong>2014-2015 \u00a0\u00a0<\/strong>\u00a0\u00a0 Enseignante \u00e0 l&rsquo;UFR Sciences du Langage et \u00e0 l&rsquo;UFR Math\u00e9matiques et informatique, Universit\u00e9 de Lorraine<\/p>\n<p><strong>2013-2014 \u00a0\u00a0\u00a0<\/strong>\u00a0 Enseignante \u00e0 l&rsquo;UFR Sciences du Langage et \u00e0 l&rsquo;IUT de Saint-Di\u00e9 des Vosges (d\u00e9partement MMI), Universit\u00e9 de Lorraine<\/p>\n<p><strong>2013 \u00a0\u00a0<\/strong> Formatrice enseignante, Organisme de formation AMERI Conseil et Formation (ancien IPTR), Paris<\/p>\n<p><strong>2012-2013<\/strong> \u00a0\u00a0\u00a0\u00a0 Ing\u00e9nieure d&rsquo;\u00e9tude, Universit\u00e9 de Lorraine<\/p>\n<p><strong>2012 \u00a0\u00a0<\/strong> Formatrice linguistique, Organisme de formation FORMABILIS (formation \u00ab Cl\u00e9s en main \u00bb, formation FLE et formation \u00ab Acqu\u00e9rir les comp\u00e9tences langagi\u00e8res de base \u00bb), Nancy<\/p>\n<p><strong>2011-2013<\/strong> \u00a0\u00a0\u00a0\u00a0 Enseignante \u00e0 l&rsquo;UFR Sciences du Langage, Universit\u00e9 de Lorraine<\/p>\n<p><strong>2009-2011 \u00a0\u00a0\u00a0\u00a0<\/strong> ATER, IUT de Saint-Di\u00e9-des-Vosges<\/p>\n<p><strong>2005-2009<\/strong> \u00a0\u00a0\u00a0\u00a0 Enseignante \u00e0 l&rsquo;UFR Sciences du Langage, Universit\u00e9 de Nancy 2<\/p>\n","protected":false},"excerpt":{"rendered":"<p>Formation 2011 \u00a0\u00a0 Doctorat Sciences du Langage Th\u00e8se : Caract\u00e9risation de types de discours dans des situations de travail Directeurs : Richard Duda et Emmanuelle Canut 2006 \u00a0\u00a0 Master Recherche Sciences de l\u2019Homme et de la Soci\u00e9t\u00e9 2004 \u00a0\u00a0 Licence Science du Langage 2003 \u00a0\u00a0 Dipl\u00f4me d\u2019\u00c9tudes Universitaires G\u00e9n\u00e9rales Lettres et Langues, Mention M\u00e9diation Culturelle [&hellip;]<\/p>\n","protected":false},"author":1,"featured_media":0,"parent":0,"menu_order":0,"comment_status":"closed","ping_status":"closed","template":"","meta":{"footnotes":""},"class_list":["post-23","page","type-page","status-publish","hentry"],"_links":{"self":[{"href":"https:\/\/perso.atilf.fr\/mhusiany\/wp-json\/wp\/v2\/pages\/23","targetHints":{"allow":["GET"]}}],"collection":[{"href":"https:\/\/perso.atilf.fr\/mhusiany\/wp-json\/wp\/v2\/pages"}],"about":[{"href":"https:\/\/perso.atilf.fr\/mhusiany\/wp-json\/wp\/v2\/types\/page"}],"author":[{"embeddable":true,"href":"https:\/\/perso.atilf.fr\/mhusiany\/wp-json\/wp\/v2\/users\/1"}],"replies":[{"embeddable":true,"href":"https:\/\/perso.atilf.fr\/mhusiany\/wp-json\/wp\/v2\/comments?post=23"}],"version-history":[{"count":11,"href":"https:\/\/perso.atilf.fr\/mhusiany\/wp-json\/wp\/v2\/pages\/23\/revisions"}],"predecessor-version":[{"id":271,"href":"https:\/\/perso.atilf.fr\/mhusiany\/wp-json\/wp\/v2\/pages\/23\/revisions\/271"}],"wp:attachment":[{"href":"https:\/\/perso.atilf.fr\/mhusiany\/wp-json\/wp\/v2\/media?parent=23"}],"curies":[{"name":"wp","href":"https:\/\/api.w.org\/{rel}","templated":true}]}}