{"id":23,"date":"2015-06-29T13:44:14","date_gmt":"2015-06-29T12:44:14","guid":{"rendered":"https:\/\/apps.atilf.fr\/homepages\/sruvol\/?page_id=23"},"modified":"2018-10-23T14:31:51","modified_gmt":"2018-10-23T13:31:51","slug":"cv","status":"publish","type":"page","link":"https:\/\/perso.atilf.fr\/sruvol\/cv\/","title":{"rendered":"CV"},"content":{"rendered":"<p><span style=\"text-decoration: underline\"><strong>T\u00e9l\u00e9chargement<\/strong><\/span><\/p>\n<p><span style=\"text-decoration: underline\"><strong>Formation<\/strong><\/span><\/p>\n<table style=\"height: 623px\" width=\"914\" cellspacing=\"0\" cellpadding=\"6\">\n<colgroup>\n<col width=\"952\" \/> <\/colgroup>\n<tbody>\n<tr>\n<td valign=\"top\" width=\"952\"><b>2012-2016<\/b><\/p>\n<ul>\n<li><b>Doctorat de Sciences du Langage<\/b><strong>, \u00c9cole Doctorale Cognition, Langage, Interaction &#8211; ED 224, Universit\u00e9 Paris 8 &#8211; CNRS (UMR 7023)<\/strong><br \/>\n<i>Mention<\/i> Tr\u00e8s Honorable avec les f\u00e9licitations du jury, Soutenue le 29 juin 2016<br \/>\n<b>Th\u00e8se en acquisition <\/b>: \u00ab\u00a0\u00c9tude longitudinale sur les ph\u00e9nom\u00e8nes de resyllabation en fran\u00e7ais entre comp\u00e9tences phonologiques, lecture et orthographe \u00bb<br \/>\n<b>Directeur de th\u00e8se <\/b>: Sophie Wauquier<br \/>\n<b>Jury <\/b>: J.-P. Chevrot (rapporteur), P. Col\u00e9 (rapporteur), S. Colonna, G. Magri, A. Rialland, S. Wauquier (directeur)<\/li>\n<\/ul>\n<p><b>2009-2012<\/b><\/p>\n<ul>\n<li><b>Laurea Magistrale (Master BAC+5) en Linguistiqu<\/b><strong>e, Universit\u00e9 de Padoue (Italie)<\/strong><br \/>\n<span lang=\"it-IT\"><b>M\u00e9moire\u00a0:<\/b><\/span><span lang=\"it-IT\"> \u00ab\u00a0<\/span><span lang=\"it-IT\">Fonologia autosegmentale e alfabetizzazione emergente: modello multilineare e geminate tra scrittura pre-convenzionale e formalizzata\u00a0\u00bb<br \/>\n<\/span><b>Directeurs <\/b>: Laura Vanelli (D\u00e9partement de Linguistique) et Pietro Boscolo (D\u00e9partement de Psychologie du D\u00e9veloppement et de la Socialisation)<br \/>\n<i>Mention<\/i> 110\/110 cum laude<\/li>\n<\/ul>\n<p><b>2006-2009<\/b><\/p>\n<ul>\n<li><b>Laurea Triennale (BAC+3) en Litt\u00e9rature, Universit\u00e9 de Padoue (Italie)<\/b><br \/>\n<span lang=\"it-IT\"><b>M\u00e9moire\u00a0:<\/b><\/span><span lang=\"it-IT\"> \u00ab\u00a0Esperimenti di riconoscimento e classificazione delle \u201cparti del <\/span>discorso\u201d e delle funzioni grammaticali in una scuola primaria\u00a0\u00bb<br \/>\n<b>Directeur : <\/b>Laura Vanelli (D\u00e9partement de Linguistique)<b><br \/>\n<\/b><\/li>\n<\/ul>\n<\/td>\n<\/tr>\n<\/tbody>\n<\/table>\n<p><span style=\"text-decoration: underline\"><strong>Exp\u00e9rience professionnelle<\/strong><\/span><\/p>\n<p>2017-2018<\/p>\n<ul>\n<li><strong>Attach\u00e9e Temporaire d\u2019Enseignement et de Recherche (A.T.E.R.), temps complet<\/strong><br \/>\nUniversit\u00e9 de Lorraine \u2013 UFR Sciences Humaines et Sociales, Nancy<br \/>\nSciences du Langage (L2 et L3)<strong><br \/>\n<\/strong><\/li>\n<li><span style=\"color: #000000\"><b>Stage Post-Doctoral<br \/>\n<\/b><\/span><i>Brain and Language Research Institute <\/i>(BLRI, Aix-en-Provence)<i> <\/i>et Laboratoire de Psychologie Cognitive<i> <\/i>(Universit\u00e9 Marseille Aix-en-Provence)<br \/>\n<span style=\"color: #000000\">Pr\u00e9paration d\u2019un projet de recherche et formation \u00e0 la m\u00e9thodologie exp\u00e9rimentale de la psycholinguistique<\/span><\/li>\n<\/ul>\n<p align=\"justify\">2016-2017<\/p>\n<ul>\n<li><span style=\"color: #000000\"><b>Attach\u00e9e Temporaire d\u2019Enseignement et de Recherche (A.T.E.R.), temps complet<br \/>\n<\/b><\/span><span style=\"color: #000000\">Universit\u00e9 de Tours \u2013 Fran\u00e7ois Rabelais<br \/>\nLettres et Langues (L1, M1) et Facult\u00e9 de M\u00e9decine (Orthophonie)<\/span><\/li>\n<\/ul>\n<p>2015-2016<\/p>\n<ul>\n<li><span style=\"color: #000000\"><b>Vacataire de l\u2019enseignement sup\u00e9rieur<br \/>\n<\/b><\/span><span style=\"color: #000000\">Universit\u00e9 Paris 3 &#8211; Sorbonne Nouvelle<\/span><br \/>\n<span style=\"color: #000000\">Licence <\/span><span style=\"color: #000000\">(<\/span><span style=\"color: #000000\">L3<\/span><span style=\"color: #000000\">),<\/span><span style=\"color: #000000\"> Acquisition du langage 1<\/span><\/li>\n<\/ul>\n<p align=\"justify\">\n","protected":false},"excerpt":{"rendered":"<p>T\u00e9l\u00e9chargement Formation 2012-2016 Doctorat de Sciences du Langage, \u00c9cole Doctorale Cognition, Langage, Interaction &#8211; ED 224, Universit\u00e9 Paris 8 &#8211; CNRS (UMR 7023) Mention Tr\u00e8s Honorable avec les f\u00e9licitations du jury, Soutenue le 29 juin 2016 Th\u00e8se en acquisition : \u00ab\u00a0\u00c9tude longitudinale sur les ph\u00e9nom\u00e8nes de resyllabation en fran\u00e7ais entre comp\u00e9tences phonologiques, lecture et orthographe [&hellip;]<\/p>\n","protected":false},"author":1,"featured_media":0,"parent":0,"menu_order":0,"comment_status":"closed","ping_status":"closed","template":"","meta":{"footnotes":""},"class_list":["post-23","page","type-page","status-publish","hentry"],"_links":{"self":[{"href":"https:\/\/perso.atilf.fr\/sruvol\/wp-json\/wp\/v2\/pages\/23","targetHints":{"allow":["GET"]}}],"collection":[{"href":"https:\/\/perso.atilf.fr\/sruvol\/wp-json\/wp\/v2\/pages"}],"about":[{"href":"https:\/\/perso.atilf.fr\/sruvol\/wp-json\/wp\/v2\/types\/page"}],"author":[{"embeddable":true,"href":"https:\/\/perso.atilf.fr\/sruvol\/wp-json\/wp\/v2\/users\/1"}],"replies":[{"embeddable":true,"href":"https:\/\/perso.atilf.fr\/sruvol\/wp-json\/wp\/v2\/comments?post=23"}],"version-history":[{"count":11,"href":"https:\/\/perso.atilf.fr\/sruvol\/wp-json\/wp\/v2\/pages\/23\/revisions"}],"predecessor-version":[{"id":276,"href":"https:\/\/perso.atilf.fr\/sruvol\/wp-json\/wp\/v2\/pages\/23\/revisions\/276"}],"wp:attachment":[{"href":"https:\/\/perso.atilf.fr\/sruvol\/wp-json\/wp\/v2\/media?parent=23"}],"curies":[{"name":"wp","href":"https:\/\/api.w.org\/{rel}","templated":true}]}}